{"id":7568,"date":"2016-02-26T15:49:05","date_gmt":"2016-02-26T14:49:05","guid":{"rendered":"http:\/\/www.uretek.ch\/it\/referenzen\/gebaeudeaufstockung\/wohn-geschaeftshaeuser\/"},"modified":"2024-05-14T16:15:24","modified_gmt":"2024-05-14T14:15:24","slug":"riferimenti-sopraelevazione-di-edifici","status":"publish","type":"page","link":"https:\/\/www.uretek.ch\/it\/progetti-di-riferimento\/riferimenti-sopraelevazione-di-edifici\/","title":{"rendered":"Sopraelevazione di edifici"},"content":{"rendered":"<section class=\"l-section wpb_row height_medium\"><div class=\"l-section-h i-cf\"><div class=\"g-cols vc_row via_flex valign_top type_default stacking_default\" style=\"--additional-gap:0.7rem;\"><div class=\"vc_col-sm-4 vc_hidden-xs wpb_column vc_column_container\"><div class=\"vc_column-inner us_custom_169961a8 us_animate_this\"><div class=\"wpb_wrapper\"><div class=\"wpb_text_column us_custom_b28c7429\"><div class=\"wpb_wrapper\"><h3>Progetti di riferimento<\/h3>\n<\/div><\/div>[vc_wp_custommenu nav_menu=&#8221;192&#8243;]<div class=\"w-separator size_medium\"><\/div><section class=\"l-section wpb_row us_custom_8cbcb5d7 height_auto width_full color_alternate\"><div class=\"l-section-h i-cf\"><div class=\"g-cols vc_row via_flex valign_top type_boxes stacking_default\"><div class=\"vc_col-sm-12 wpb_column vc_column_container\"><div class=\"vc_column-inner us_custom_2c4f4a12\"><div class=\"wpb_wrapper\"><div class=\"wpb_text_column\"><div class=\"wpb_wrapper\"><h3><span style=\"color: #73442d\">Crepe? Cedimenti? Edifici inclinati?<\/span><\/h3>\n<\/div><\/div><div class=\"w-image align_none\"><div class=\"w-image-h\"><img decoding=\"async\" width=\"450\" height=\"262\" src=\"https:\/\/www.uretek.ch\/wp-content\/uploads\/2020\/03\/uretek-experte-office-450x262.jpg\" class=\"attachment-medium size-medium\" alt=\"\" loading=\"lazy\" srcset=\"https:\/\/www.uretek.ch\/wp-content\/uploads\/2020\/03\/uretek-experte-office-450x262.jpg 450w, https:\/\/www.uretek.ch\/wp-content\/uploads\/2020\/03\/uretek-experte-office-600x350.jpg 600w, https:\/\/www.uretek.ch\/wp-content\/uploads\/2020\/03\/uretek-experte-office-768x448.jpg 768w, https:\/\/www.uretek.ch\/wp-content\/uploads\/2020\/03\/uretek-experte-office.jpg 1024w\" sizes=\"auto, (max-width: 450px) 100vw, 450px\" \/><\/div><\/div><div class=\"w-separator size_custom\" style=\"height:15px\"><\/div><div class=\"wpb_text_column\"><div class=\"wpb_wrapper\"><p><strong>Richiedi una consulenza<\/strong><br \/>\nTel. 041 676 00 80<\/p>\n<\/div><\/div>[vc_raw_js]JTNDc2NyaXB0JTNFJTBBZG9jdW1lbnQuYWRkRXZlbnRMaXN0ZW5lciUyOCUyMCUyN3dwY2Y3bWFpbHNlbnQlMjclMkMlMjBmdW5jdGlvbiUyOCUyMGV2ZW50JTIwJTI5JTIwJTdCJTBBJTIwJTIwJTIwJTIwbG9jYXRpb24lMjAlM0QlMjAlMjdodHRwcyUzQSUyRiUyRnd3dy51cmV0ZWsuY2glMkZpdCUyRmNvbnRhdHRvJTJGZ3JhemllLXBlci1sYS1yaWNoaWVzdGElMkYlMjclM0IlMEElN0QlMkMlMjBmYWxzZSUyMCUyOSUzQiUwQSUzQyUyRnNjcmlwdCUzRQ==[\/vc_raw_js]<div class=\"w-btn-wrapper align_none\"><a class=\"w-btn us-btn-style_7\" href=\"\/it\/contatto\"><span class=\"w-btn-label\">Consulenza gratuita<\/span><\/a><\/div><\/div><\/div><\/div><\/div><\/div><\/section>\n<\/div><\/div><\/div><div class=\"vc_col-sm-8 wpb_column vc_column_container\"><div class=\"vc_column-inner\"><div class=\"wpb_wrapper\"><div class=\"g-cols wpb_row us_custom_bc0519ba via_flex valign_middle type_boxes stacking_default\"><div class=\"vc_col-sm-10 wpb_column vc_column_container\"><div class=\"vc_column-inner us_custom_2c4f4a12\"><div class=\"wpb_wrapper\"><div class=\"wpb_text_column\"><div class=\"wpb_wrapper\"><h1>Sopraelevazione di edifici in sicurezza, su terreni con elevata capacit\u00e0 portante<\/h1>\n<\/div><\/div><\/div><\/div><\/div><div class=\"vc_col-sm-2 vc_hidden-sm vc_hidden-xs wpb_column vc_column_container\"><div class=\"vc_column-inner us_custom_84999e27\"><div class=\"wpb_wrapper\"><div class=\"w-image align_center\"><a href=\"http:\/\/www.uretek.ch\/it\/applicazioni\/sopraelevazione-di-edifici\/\" aria-label=\"deep_injections_icon_75px_it\" class=\"w-image-h\"><img decoding=\"async\" width=\"70\" height=\"75\" src=\"https:\/\/www.uretek.ch\/wp-content\/uploads\/2016\/01\/deep_injections_icon_75px_it.png\" class=\"attachment-full size-full\" alt=\"\" loading=\"lazy\" \/><\/a><\/div><\/div><\/div><\/div><\/div><div class=\"w-separator size_medium\"><\/div><div class=\"g-cols wpb_row via_flex valign_top type_default stacking_default\"><div class=\"vc_col-sm-6 wpb_column vc_column_container\"><div class=\"vc_column-inner\"><div class=\"wpb_wrapper\"><div class=\"w-image align_none\"><a ref=\"magnificPopup\" href=\"https:\/\/www.uretek.ch\/wp-content\/uploads\/2022\/01\/Lausanne_DSCN8105.jpg\" aria-label=\"Lausanne_DSCN8105\" class=\"w-image-h\"><img decoding=\"async\" width=\"600\" height=\"450\" src=\"https:\/\/www.uretek.ch\/wp-content\/uploads\/2022\/01\/Lausanne_DSCN8105-600x450.jpg\" class=\"attachment-us_600_0 size-us_600_0\" alt=\"\" loading=\"lazy\" srcset=\"https:\/\/www.uretek.ch\/wp-content\/uploads\/2022\/01\/Lausanne_DSCN8105-600x450.jpg 600w, https:\/\/www.uretek.ch\/wp-content\/uploads\/2022\/01\/Lausanne_DSCN8105-450x338.jpg 450w, https:\/\/www.uretek.ch\/wp-content\/uploads\/2022\/01\/Lausanne_DSCN8105-768x576.jpg 768w, https:\/\/www.uretek.ch\/wp-content\/uploads\/2022\/01\/Lausanne_DSCN8105.jpg 1024w\" sizes=\"auto, (max-width: 600px) 100vw, 600px\" \/><\/a><\/div><\/div><\/div><\/div><div class=\"vc_col-sm-6 wpb_column vc_column_container\"><div class=\"vc_column-inner\"><div class=\"wpb_wrapper\"><div class=\"wpb_text_column\"><div class=\"wpb_wrapper\"><h3>Losanna: aumento della capacit\u00e0 portante del terreno di fondazione prima della costruzione di un piano intermedio<\/h3>\n<p>Il padiglione Sud del cantiere navale della societ\u00e0 di navigazione del lago di Ginevra CGN SA \u00e8 una struttura in acciaio. La costruzione di un piano intermedio del magazzino richiedeva il consolidamento delle fondazioni.<\/p>\n<\/div><\/div><div class=\"w-btn-wrapper align_none\"><a class=\"w-btn us-btn-style_5 icon_atleft\" title=\"Cantiere navale, Losanna\" href=\"https:\/\/www.uretek.ch\/it\/progetto-di-riferimento\/cantiere-navale-losanna\/\"><i class=\"fas fa-chevron-right\"><\/i><span class=\"w-btn-label\">Articolo completo<\/span><\/a><\/div><\/div><\/div><\/div><\/div><div class=\"w-separator size_medium with_line width_default thick_2 style_solid color_border align_center\"><div class=\"w-separator-h\"><\/div><\/div><div class=\"g-cols wpb_row via_flex valign_top type_default stacking_default\"><div class=\"vc_col-sm-6 wpb_column vc_column_container\"><div class=\"vc_column-inner\"><div class=\"wpb_wrapper\"><div class=\"w-image align_none\"><a ref=\"magnificPopup\" href=\"https:\/\/www.uretek.ch\/wp-content\/uploads\/2022\/01\/Mels_20201008_115945.jpg\" aria-label=\"Mels_20201008_115945\" class=\"w-image-h\"><img decoding=\"async\" width=\"600\" height=\"277\" src=\"https:\/\/www.uretek.ch\/wp-content\/uploads\/2022\/01\/Mels_20201008_115945-600x277.jpg\" class=\"attachment-us_600_0 size-us_600_0\" alt=\"\" loading=\"lazy\" srcset=\"https:\/\/www.uretek.ch\/wp-content\/uploads\/2022\/01\/Mels_20201008_115945-600x277.jpg 600w, https:\/\/www.uretek.ch\/wp-content\/uploads\/2022\/01\/Mels_20201008_115945-450x208.jpg 450w, https:\/\/www.uretek.ch\/wp-content\/uploads\/2022\/01\/Mels_20201008_115945-768x355.jpg 768w, https:\/\/www.uretek.ch\/wp-content\/uploads\/2022\/01\/Mels_20201008_115945.jpg 1024w\" sizes=\"auto, (max-width: 600px) 100vw, 600px\" \/><\/a><\/div><\/div><\/div><\/div><div class=\"vc_col-sm-6 wpb_column vc_column_container\"><div class=\"vc_column-inner\"><div class=\"wpb_wrapper\"><div class=\"wpb_text_column\"><div class=\"wpb_wrapper\"><h3>Mels: aumento della capacit\u00e0 portante del terreno di fondazione prima della sopraelevazione di un edificio a 3 piani<\/h3>\n<p>L\u2019edificio ha una fondazione superficiale con degli approfondimenti in corrispondenza dei pilastri di calcestruzzo. La fondazione \u00e8 stata progettata per carichi di circa 4000 \u2013 4500 kN. Per la costruzione di ulteriori di 2 piani previsti dalla ristrutturazione non erano disponibili riserve di capacit\u00e0 portante.<\/p>\n<\/div><\/div><div class=\"w-btn-wrapper align_none\"><a class=\"w-btn us-btn-style_5 icon_atleft\" title=\"Parco industriale, Mels\" href=\"https:\/\/www.uretek.ch\/it\/progetto-di-riferimento\/parco-industriale-mels\/\"><i class=\"fas fa-chevron-right\"><\/i><span class=\"w-btn-label\">Articolo completo<\/span><\/a><\/div><\/div><\/div><\/div><\/div><div class=\"w-separator size_medium with_line width_default thick_2 style_solid color_border align_center\"><div class=\"w-separator-h\"><\/div><\/div><div class=\"g-cols wpb_row via_flex valign_top type_default stacking_default\"><div class=\"vc_col-sm-6 wpb_column vc_column_container\"><div class=\"vc_column-inner\"><div class=\"wpb_wrapper\"><div class=\"w-image align_none\"><a ref=\"magnificPopup\" href=\"https:\/\/www.uretek.ch\/wp-content\/uploads\/2015\/11\/Nyon_img_Gare_04.jpg\" aria-label=\"Condomini, Nyon\" class=\"w-image-h\"><img decoding=\"async\" width=\"600\" height=\"400\" src=\"https:\/\/www.uretek.ch\/wp-content\/uploads\/2015\/11\/Nyon_img_Gare_04-600x400.jpg\" class=\"attachment-us_600_0 size-us_600_0\" alt=\"\" loading=\"lazy\" srcset=\"https:\/\/www.uretek.ch\/wp-content\/uploads\/2015\/11\/Nyon_img_Gare_04-600x400.jpg 600w, https:\/\/www.uretek.ch\/wp-content\/uploads\/2015\/11\/Nyon_img_Gare_04-450x299.jpg 450w, https:\/\/www.uretek.ch\/wp-content\/uploads\/2015\/11\/Nyon_img_Gare_04.jpg 1200w\" sizes=\"auto, (max-width: 600px) 100vw, 600px\" \/><\/a><\/div><\/div><\/div><\/div><div class=\"vc_col-sm-6 wpb_column vc_column_container\"><div class=\"vc_column-inner\"><div class=\"wpb_wrapper\"><div class=\"wpb_text_column\"><div class=\"wpb_wrapper\"><h3>Nyon: aumento della portata del terreno di fondazione di due efifici a fronte della loro elevazione<\/h3>\n<p>Il terreno di fondazione dei due edifici costruiti negli anni Cinquanta non era in grado di sopportare il carico dell\u2019innalzamento di due piani. Grazie al sistema\u00a0URETEK Deep Injections<sup>\u00ae<\/sup>\u00a0\u00e8 stato possibile migliorare le propriet\u00e0 del terreno di fondazione e adeguarlo ai nuovi carichi.<\/p>\n<\/div><\/div><div class=\"w-btn-wrapper align_none\"><a class=\"w-btn us-btn-style_5 icon_atleft\" href=\"http:\/\/www.uretek.ch\/it\/progetto-di-riferimento\/condomini-nyon\/\"><i class=\"fas fa-chevron-right\"><\/i><span class=\"w-btn-label\">Articolo completo<\/span><\/a><\/div><\/div><\/div><\/div><\/div><div class=\"w-separator size_medium with_line width_default thick_2 style_solid color_border align_center\"><div class=\"w-separator-h\"><\/div><\/div><div class=\"g-cols wpb_row via_flex valign_top type_default stacking_default\"><div class=\"vc_col-sm-6 wpb_column vc_column_container\"><div class=\"vc_column-inner\"><div class=\"wpb_wrapper\"><div class=\"w-image align_none\"><a ref=\"magnificPopup\" href=\"https:\/\/www.uretek.ch\/wp-content\/uploads\/2018\/11\/menziken_2018_04_MENZ_005.jpg\" aria-label=\"menziken_2018_04_MENZ_005\" class=\"w-image-h\"><img decoding=\"async\" width=\"600\" height=\"400\" src=\"https:\/\/www.uretek.ch\/wp-content\/uploads\/2018\/11\/menziken_2018_04_MENZ_005-600x400.jpg\" class=\"attachment-us_600_0 size-us_600_0\" alt=\"Areal-\u00dcberbauung Gr\u00fcnauhof, Menziken\" loading=\"lazy\" srcset=\"https:\/\/www.uretek.ch\/wp-content\/uploads\/2018\/11\/menziken_2018_04_MENZ_005-600x400.jpg 600w, https:\/\/www.uretek.ch\/wp-content\/uploads\/2018\/11\/menziken_2018_04_MENZ_005-450x300.jpg 450w, https:\/\/www.uretek.ch\/wp-content\/uploads\/2018\/11\/menziken_2018_04_MENZ_005.jpg 1024w, https:\/\/www.uretek.ch\/wp-content\/uploads\/2018\/11\/menziken_2018_04_MENZ_005-768x512.jpg 768w\" sizes=\"auto, (max-width: 600px) 100vw, 600px\" \/><\/a><\/div><\/div><\/div><\/div><div class=\"vc_col-sm-6 wpb_column vc_column_container\"><div class=\"vc_column-inner\"><div class=\"wpb_wrapper\"><div class=\"wpb_text_column\"><div class=\"wpb_wrapper\"><h3>Menziken: sottosuolo rinforzato prima e dopo la sopraelevazione dell\u2019edificio<\/h3>\n<p>Finora i carichi sono stati\u00a0trasferiti per mezzo elementi di magrone su strati di terreno pi\u00f9 stabili. Siccome il nuovo edificio deve trasferire i carichi anche sulla piastra di fondazione, in sostituzione di altri elementi in cemento magro bisognava effettuare iniezioni di resina fino a quando gli strati del suolo avrebbero raggiunto un capacit\u00e0 di portata sufficiente.<\/p>\n<\/div><\/div><div class=\"w-btn-wrapper align_none\"><a class=\"w-btn us-btn-style_5 icon_atleft\" href=\"https:\/\/www.uretek.ch\/it\/progetto-di-riferimento\/edificio-residenziale-e-commerciale-menziken\/\"><i class=\"fas fa-chevron-right\"><\/i><span class=\"w-btn-label\">Articolo completo<\/span><\/a><\/div><\/div><\/div><\/div><\/div><div class=\"w-separator size_medium with_line width_default thick_2 style_solid color_border align_center\"><div class=\"w-separator-h\"><\/div><\/div><div class=\"g-cols wpb_row via_flex valign_top type_default stacking_default\"><div class=\"vc_col-sm-6 wpb_column vc_column_container\"><div class=\"vc_column-inner\"><div class=\"wpb_wrapper\"><div class=\"w-image align_none\"><a ref=\"magnificPopup\" href=\"https:\/\/www.uretek.ch\/wp-content\/uploads\/2020\/04\/genf_20190326_140517.jpg\" aria-label=\"genf_20190326_140517\" class=\"w-image-h\"><img decoding=\"async\" width=\"600\" height=\"338\" src=\"https:\/\/www.uretek.ch\/wp-content\/uploads\/2020\/04\/genf_20190326_140517-600x338.jpg\" class=\"attachment-us_600_0 size-us_600_0\" alt=\"\" loading=\"lazy\" srcset=\"https:\/\/www.uretek.ch\/wp-content\/uploads\/2020\/04\/genf_20190326_140517-600x338.jpg 600w, https:\/\/www.uretek.ch\/wp-content\/uploads\/2020\/04\/genf_20190326_140517-450x253.jpg 450w, https:\/\/www.uretek.ch\/wp-content\/uploads\/2020\/04\/genf_20190326_140517-768x432.jpg 768w, https:\/\/www.uretek.ch\/wp-content\/uploads\/2020\/04\/genf_20190326_140517.jpg 1024w\" sizes=\"auto, (max-width: 600px) 100vw, 600px\" \/><\/a><\/div><\/div><\/div><\/div><div class=\"vc_col-sm-6 wpb_column vc_column_container\"><div class=\"vc_column-inner\"><div class=\"wpb_wrapper\"><div class=\"wpb_text_column\"><div class=\"wpb_wrapper\"><h3>Ginevra: sopraelevazione di due piani di un grande palazzo con uffici<\/h3>\n<p>L\u2019edificio per uffici senza interrato e con 4 piani fuori terra doveva essere soprelevato di 2 piani. Le fondazioni dell\u2019edificio sono di tipo nastriforme.<\/p>\n<\/div><\/div><div class=\"w-btn-wrapper align_none\"><a class=\"w-btn us-btn-style_5 icon_atleft\" title=\"Edificio commerciale, Kemptthal\" href=\"https:\/\/www.uretek.ch\/it\/progetto-di-riferimento\/grande-palazzo-con-uffici-ginevra\/\"><i class=\"fas fa-chevron-right\"><\/i><span class=\"w-btn-label\">Articolo completo<\/span><\/a><\/div><\/div><\/div><\/div><\/div><div class=\"w-separator size_medium with_line width_default thick_2 style_solid color_border align_center\"><div class=\"w-separator-h\"><\/div><\/div><div class=\"g-cols wpb_row via_flex valign_top type_default stacking_default\"><div class=\"vc_col-sm-6 wpb_column vc_column_container\"><div class=\"vc_column-inner\"><div class=\"wpb_wrapper\"><div class=\"w-image align_none\"><a ref=\"magnificPopup\" href=\"https:\/\/www.uretek.ch\/wp-content\/uploads\/2020\/04\/kemptthal_20180824_083146.jpg\" aria-label=\"kemptthal_20180824_083146\" class=\"w-image-h\"><img decoding=\"async\" width=\"600\" height=\"338\" src=\"https:\/\/www.uretek.ch\/wp-content\/uploads\/2020\/04\/kemptthal_20180824_083146-600x338.jpg\" class=\"attachment-us_600_0 size-us_600_0\" alt=\"\" loading=\"lazy\" srcset=\"https:\/\/www.uretek.ch\/wp-content\/uploads\/2020\/04\/kemptthal_20180824_083146-600x338.jpg 600w, https:\/\/www.uretek.ch\/wp-content\/uploads\/2020\/04\/kemptthal_20180824_083146-450x253.jpg 450w, https:\/\/www.uretek.ch\/wp-content\/uploads\/2020\/04\/kemptthal_20180824_083146-768x432.jpg 768w, https:\/\/www.uretek.ch\/wp-content\/uploads\/2020\/04\/kemptthal_20180824_083146.jpg 1024w\" sizes=\"auto, (max-width: 600px) 100vw, 600px\" \/><\/a><\/div><\/div><\/div><\/div><div class=\"vc_col-sm-6 wpb_column vc_column_container\"><div class=\"vc_column-inner\"><div class=\"wpb_wrapper\"><div class=\"wpb_text_column\"><div class=\"wpb_wrapper\"><h3>Kemptthal: sopraelevazione di un ex edificio commerciale di grandi dimensioni<\/h3>\n<p>Nell\u2019estate del 2018 l\u2019edificio \u00e8 stato sopraelevato di due piani e sono state contestualmente realizzate delle platee di fondazione.<\/p>\n<\/div><\/div><div class=\"w-btn-wrapper align_none\"><a class=\"w-btn us-btn-style_5 icon_atleft\" title=\"Edificio commerciale, Kemptthal\" href=\"https:\/\/www.uretek.ch\/it\/progetto-di-riferimento\/edificio-commerciale-kemptthal\/\"><i class=\"fas fa-chevron-right\"><\/i><span class=\"w-btn-label\">Articolo completo<\/span><\/a><\/div><\/div><\/div><\/div><\/div><div class=\"w-separator size_medium with_line width_default thick_2 style_solid color_border align_center\"><div class=\"w-separator-h\"><\/div><\/div><div class=\"g-cols wpb_row via_flex valign_top type_default stacking_default\"><div class=\"vc_col-sm-6 wpb_column vc_column_container\"><div class=\"vc_column-inner\"><div class=\"wpb_wrapper\"><div class=\"w-image align_none\"><a ref=\"magnificPopup\" href=\"https:\/\/www.uretek.ch\/wp-content\/uploads\/2016\/01\/P1050006.jpg\" aria-label=\"Centre Patronal, Paudex\/VD\" class=\"w-image-h\"><img decoding=\"async\" width=\"600\" height=\"400\" src=\"https:\/\/www.uretek.ch\/wp-content\/uploads\/2016\/01\/P1050006-600x400.jpg\" class=\"attachment-us_600_0 size-us_600_0\" alt=\"\" loading=\"lazy\" \/><\/a><\/div><\/div><\/div><\/div><div class=\"vc_col-sm-6 wpb_column vc_column_container\"><div class=\"vc_column-inner\"><div class=\"wpb_wrapper\"><div class=\"wpb_text_column\"><div class=\"wpb_wrapper\"><h3>Paudex\/VD: consolidamento del condominio Centre Patronal<\/h3>\n<p>La sede dell\u2019organizzazione amministrativa \u00e8 composta da diversi complessi di edifici a 4 piani e da edifici a un piano. Al di sotto di questi si trova un grande garage sotterraneo.<\/p>\n<\/div><\/div><div class=\"w-btn-wrapper align_none\"><a class=\"w-btn us-btn-style_5 icon_atleft\" title=\"Centre Patronal, Paudex\/VD\" href=\"https:\/\/www.uretek.ch\/it\/progetto-di-riferimento\/centre-patronal-paudex-vd-it\/\"><i class=\"fas fa-chevron-right\"><\/i><span class=\"w-btn-label\">Articolo completo<\/span><\/a><\/div><\/div><\/div><\/div><\/div><div class=\"w-separator size_medium with_line width_default thick_2 style_solid color_border align_center\"><div class=\"w-separator-h\"><\/div><\/div><div class=\"g-cols wpb_row via_flex valign_top type_default stacking_default\"><div class=\"vc_col-sm-6 wpb_column vc_column_container\"><div class=\"vc_column-inner\"><div class=\"wpb_wrapper\"><div class=\"w-image align_none\"><a ref=\"magnificPopup\" href=\"https:\/\/www.uretek.ch\/wp-content\/uploads\/2016\/09\/Brugg_IMG_0465.jpg\" aria-label=\"Condominio, Brugg\" class=\"w-image-h\"><img decoding=\"async\" width=\"600\" height=\"400\" src=\"https:\/\/www.uretek.ch\/wp-content\/uploads\/2016\/09\/Brugg_IMG_0465-600x400.jpg\" class=\"attachment-us_600_0 size-us_600_0\" alt=\"\" loading=\"lazy\" \/><\/a><\/div><\/div><\/div><\/div><div class=\"vc_col-sm-6 wpb_column vc_column_container\"><div class=\"vc_column-inner\"><div class=\"wpb_wrapper\"><div class=\"wpb_text_column\"><div class=\"wpb_wrapper\"><h3>Brugg: aumento della capacit\u00e0 portante del terreno di fondazione per sopraelevazione<\/h3>\n<p>Questo condominio a cinque piani \u00e8 stato costruito nel 1946 ed \u00e8 realizzato principalmente in muratura, con piano interrato e solai in calcestruzzo. Il progetto prevedeva la sopraelevazione della casa di altri due piani (in struttura leggera in legno). Poich\u00e9 la fondazione era dimensionata per i carichi esistenti \u00e8 stato necessario consolidare il terreno di fondazione per consentire di sostenere anche i carichi aggiuntivi.<\/p>\n<\/div><\/div><div class=\"w-btn-wrapper align_none\"><a class=\"w-btn us-btn-style_5 icon_atleft\" href=\"https:\/\/www.uretek.ch\/it\/progetto-di-riferimento\/condominio-brugg\/\"><i class=\"fas fa-chevron-right\"><\/i><span class=\"w-btn-label\">Articolo completo<\/span><\/a><\/div><\/div><\/div><\/div><\/div><div class=\"w-separator size_medium with_line width_default thick_2 style_solid color_border align_center\"><div class=\"w-separator-h\"><\/div><\/div><div class=\"g-cols wpb_row via_flex valign_top type_default stacking_default\"><div class=\"vc_col-sm-6 wpb_column vc_column_container\"><div class=\"vc_column-inner\"><div class=\"wpb_wrapper\"><div class=\"w-image align_none\"><a ref=\"magnificPopup\" href=\"https:\/\/www.uretek.ch\/wp-content\/uploads\/2018\/08\/winterthur-hauptbild.jpg\" aria-label=\"winterthur-hauptbild\" class=\"w-image-h\"><img decoding=\"async\" width=\"600\" height=\"450\" src=\"https:\/\/www.uretek.ch\/wp-content\/uploads\/2018\/08\/winterthur-hauptbild-600x450.jpg\" class=\"attachment-us_600_0 size-us_600_0\" alt=\"\" loading=\"lazy\" srcset=\"https:\/\/www.uretek.ch\/wp-content\/uploads\/2018\/08\/winterthur-hauptbild-600x450.jpg 600w, https:\/\/www.uretek.ch\/wp-content\/uploads\/2018\/08\/winterthur-hauptbild-450x338.jpg 450w, https:\/\/www.uretek.ch\/wp-content\/uploads\/2018\/08\/winterthur-hauptbild.jpg 1024w, https:\/\/www.uretek.ch\/wp-content\/uploads\/2018\/08\/winterthur-hauptbild-768x576.jpg 768w\" sizes=\"auto, (max-width: 600px) 100vw, 600px\" \/><\/a><\/div><\/div><\/div><\/div><div class=\"vc_col-sm-6 wpb_column vc_column_container\"><div class=\"vc_column-inner\"><div class=\"wpb_wrapper\"><div class=\"wpb_text_column\"><div class=\"wpb_wrapper\"><h3>Winterthur: aumento della capacit\u00e0 portante del terreno di fondazione di un edificio a uso uffici e residenziale prima della sopraelevazione<\/h3>\n<p>Per l\u2019edificio dell\u2019ex-panificio costituito da piano seminterrato e piano terra era prevista una sopraelevazione, con necessario aumento della capacit\u00e0 portante del terreno di fondazione<\/p>\n<\/div><\/div><div class=\"w-btn-wrapper align_none\"><a class=\"w-btn us-btn-style_5 icon_atleft\" href=\"https:\/\/www.uretek.ch\/it\/progetto-di-riferimento\/edificio-a-uso-uffici-e-residenziale-winterthur\/\"><i class=\"fas fa-chevron-right\"><\/i><span class=\"w-btn-label\">Articolo completo<\/span><\/a><\/div><\/div><\/div><\/div><\/div><div class=\"w-separator size_medium with_line width_default thick_2 style_solid color_border align_center\"><div class=\"w-separator-h\"><\/div><\/div><section class=\"l-section wpb_row height_auto width_full\"><div class=\"l-section-h i-cf\"><div class=\"g-cols vc_row via_flex valign_top type_default stacking_default\"><div class=\"vc_col-sm-12 wpb_column vc_column_container\"><div class=\"vc_column-inner\"><div class=\"wpb_wrapper\"><div class=\"g-cols wpb_row via_flex valign_top type_default stacking_default\"><div class=\"vc_col-sm-12 wpb_column vc_column_container\"><div class=\"vc_column-inner\"><div class=\"wpb_wrapper\"><div class=\"wpb_text_column\"><div class=\"wpb_wrapper\"><h3>I nostri punti di forza<\/h3>\n<\/div><\/div><div class=\"w-separator size_small\"><\/div><\/div><\/div><\/div><\/div><div class=\"w-tabs accordion-staerken style_default switch_click accordion type_togglable has_scrolling\" style=\"--sections-title-size:inherit\"><div class=\"w-tabs-sections titles-align_none icon_chevron cpos_right\"><div class=\"w-tabs-section has_text_color\" id=\"z415\" style=\"background:#ef7d00;color:#ffffff;\"><button class=\"w-tabs-section-header with_icon\" aria-controls=\"content-z415\" aria-expanded=\"false\"><i class=\"far fa-check-square\"><\/i><h4 class=\"w-tabs-section-title\">CONVENIENTE<\/h4><div class=\"w-tabs-section-control\"><\/div><\/button><div  class=\"w-tabs-section-content\" id=\"content-z415\"><div class=\"w-tabs-section-content-h i-cf\"><div class=\"wpb_text_column\"><div class=\"wpb_wrapper\"><p>Dato che non ci sono costi per dispendiose installazioni in cantiere e il risanamento degli edifici avviene molto rapidamente, i costi risultano estremamente competitivi, a differenza delle tecnologie tradizionali.<\/p>\n<p>Grazie alla rapida potenza di espansione, il materiale non si diffonde oltre il punto di iniezione, limitando cos\u00ec la quantit\u00e0 di materiale usato e i relativi costi.<\/p>\n<\/div><\/div><\/div><\/div><\/div><div class=\"w-tabs-section has_text_color\" id=\"h5a3\" style=\"background:#ef8f28;color:#ffffff;\"><button class=\"w-tabs-section-header with_icon\" aria-controls=\"content-h5a3\" aria-expanded=\"false\"><i class=\"far fa-check-square\"><\/i><h4 class=\"w-tabs-section-title\">RISPARMIO DI TEMPO<\/h4><div class=\"w-tabs-section-control\"><\/div><\/button><div  class=\"w-tabs-section-content\" id=\"content-h5a3\"><div class=\"w-tabs-section-content-h i-cf\"><div class=\"wpb_text_column\"><div class=\"wpb_wrapper\"><p>Il sistema URETEK non richiede l\u2019uso di apparecchi ingombranti perch\u00e9 l&#8217;impianto da montare in cantiere si trova sul camion.<\/p>\n<p><strong>Effetto immediato<\/strong><br \/>\nRispetto agli aggregati di cemento, il materiale iniettato fa presa in pochissimo tempo. La resina raggiunge le sue caratteristiche meccaniche definitive molto rapidamente. La zona trattata \u00e8 utilizzabile gi\u00e0 al termine dell\u2019intervento.<\/p>\n<\/div><\/div><\/div><\/div><\/div><div class=\"w-tabs-section has_text_color\" id=\"z729\" style=\"background:#efa351;color:#ffffff;\"><button class=\"w-tabs-section-header with_icon\" aria-controls=\"content-z729\" aria-expanded=\"false\"><i class=\"far fa-check-square\"><\/i><h4 class=\"w-tabs-section-title\">SICUREZZA<\/h4><div class=\"w-tabs-section-control\"><\/div><\/button><div  class=\"w-tabs-section-content\" id=\"content-z729\"><div class=\"w-tabs-section-content-h i-cf\"><div class=\"wpb_text_column\"><div class=\"wpb_wrapper\"><p>Grazie al rilevamento preciso e tempestivo da parte dei tecnici URETEK, l\u2019efficacia del sistema viene verificata immediatamente. Inoltre \u00e8 possibile eseguire sul posto controlli indiretti prima e dopo il trattamento attraverso test di confronto geotecnici (per es. sondaggi penetrometrici e\/o sonde pressiometriche).<\/p>\n<\/div><\/div><\/div><\/div><\/div><\/div><\/div><div class=\"g-cols wpb_row via_flex valign_top type_default stacking_default\"><div class=\"vc_col-sm-12 wpb_column vc_column_container\"><div class=\"vc_column-inner\"><div class=\"wpb_wrapper\"><div class=\"w-separator size_large\"><\/div><div class=\"w-sharing type_solid align_none color_default\"><div class=\"w-sharing-list\" data-content-image=\"true\"><a class=\"w-sharing-item email\" href=\"mailto:?subject=Sopraelevazione di edifici&amp;body=https:\/\/www.uretek.ch\/it\/wp-json\/wp\/v2\/pages\/7568\" title=\"Invia per mail questo\" aria-label=\"Invia per mail questo\"><i class=\"fas fa-envelope\"><\/i><\/a><a class=\"w-sharing-item facebook\" href=\"https:\/\/www.facebook.com\/sharer\/sharer.php?u=https:\/\/www.uretek.ch\/it\/wp-json\/wp\/v2\/pages\/7568&amp;quote=Sopraelevazione di edifici\" title=\"Condividilo\" aria-label=\"Condividilo\" onclick=\"window.open(this.href, &quot;facebook&quot;, &quot;toolbar=0,width=900,height=500&quot;); return false;\"><i class=\"fab fa-facebook\"><\/i><\/a><a class=\"w-sharing-item twitter\" href=\"https:\/\/twitter.com\/intent\/tweet?text=Sopraelevazione di edifici&amp;url=https:\/\/www.uretek.ch\/it\/wp-json\/wp\/v2\/pages\/7568\" title=\"Twittalo\" aria-label=\"Twittalo\" onclick=\"window.open(this.href, &quot;twitter&quot;, &quot;toolbar=0,width=650,height=360&quot;); return false;\"><i class=\"fab fa-x-twitter\"><svg style=\"width:1em; margin-bottom:-.1em;\" xmlns=\"http:\/\/www.w3.org\/2000\/svg\" viewBox=\"0 0 512 512\"><path fill=\"currentColor\" d=\"M389.2 48h70.6L305.6 224.2 487 464H345L233.7 318.6 106.5 464H35.8L200.7 275.5 26.8 48H172.4L272.9 180.9 389.2 48zM364.4 421.8h39.1L151.1 88h-42L364.4 421.8z\"\/><\/svg><\/i><\/a><a class=\"w-sharing-item linkedin\" href=\"https:\/\/www.linkedin.com\/shareArticle?mini=true&amp;url=https:\/\/www.uretek.ch\/it\/wp-json\/wp\/v2\/pages\/7568\" title=\"Condividilo\" aria-label=\"Condividilo\" onclick=\"window.open(this.href, &quot;linkedin&quot;, &quot;toolbar=no,width=550,height=550&quot;); return false;\"><i class=\"fab fa-linkedin\"><\/i><\/a><\/div><\/div><\/div><\/div><\/div><\/div><div class=\"g-cols wpb_row via_flex valign_top type_default stacking_default\"><div class=\"vc_col-sm-12 vc_hidden-lg vc_hidden-md wpb_column vc_column_container\"><div class=\"vc_column-inner\"><div class=\"wpb_wrapper\"><div class=\"w-separator size_large\"><\/div><div class=\"w-popup w-btn-wrapper align_center\"><button aria-label=\"Consulenza gratuita\" class=\"w-popup-trigger type_btn w-btn us-btn-style_8\"><span class=\"w-btn-label\">Consulenza gratuita<\/span><\/button><div class=\"w-popup-overlay\" style=\"background:rgba(239,125,0,0.8);\"><\/div><div class=\"w-popup-wrap layout_default\" style=\"--title-color:var(--color-content-heading);--title-bg-color:#ffffff;--content-color:var(--color-content-text);--content-bg-color:var(--color-content-bg);--popup-width:600px;--popup-padding:5%;\"><div class=\"w-popup-box animation_fadeIn closerpos_outside with_title\"><div class=\"w-popup-box-h\"><div class=\"w-popup-box-title\">Consulenza gratuita<\/div><div class=\"w-popup-box-content\"><p class=\"p1\">\n<div class=\"wpcf7 no-js\" id=\"wpcf7-f11348-o1\" lang=\"de-DE\" dir=\"ltr\">\n<div class=\"screen-reader-response\"><p role=\"status\" aria-live=\"polite\" aria-atomic=\"true\"><\/p> <ul><\/ul><\/div>\n<form action=\"\/it\/wp-json\/wp\/v2\/pages\/7568#wpcf7-f11348-o1\" method=\"post\" class=\"wpcf7-form init\" aria-label=\"Kontaktformular\" enctype=\"multipart\/form-data\" novalidate=\"novalidate\" data-status=\"init\">\n<div style=\"display: none;\">\n<input type=\"hidden\" name=\"_wpcf7\" value=\"11348\" \/>\n<input type=\"hidden\" name=\"_wpcf7_version\" value=\"5.9.6\" \/>\n<input type=\"hidden\" name=\"_wpcf7_locale\" value=\"de_DE\" \/>\n<input type=\"hidden\" name=\"_wpcf7_unit_tag\" value=\"wpcf7-f11348-o1\" \/>\n<input type=\"hidden\" name=\"_wpcf7_container_post\" value=\"0\" \/>\n<input type=\"hidden\" name=\"_wpcf7_posted_data_hash\" value=\"\" \/>\n<\/div>\n<p>Desidero:<br \/>\n<span class=\"wpcf7-form-control-wrap\" data-name=\"checkbox-901\"><span class=\"wpcf7-form-control wpcf7-checkbox\"><span class=\"wpcf7-list-item first\"><input type=\"checkbox\" name=\"checkbox-901[]\" value=\"Un sopralluogo gratuito\" \/><span class=\"wpcf7-list-item-label\">Un sopralluogo gratuito<\/span><\/span><span class=\"wpcf7-list-item\"><input type=\"checkbox\" name=\"checkbox-901[]\" value=\"Informazioni telefoniche\" \/><span class=\"wpcf7-list-item-label\">Informazioni telefoniche<\/span><\/span><span class=\"wpcf7-list-item last\"><input type=\"checkbox\" name=\"checkbox-901[]\" value=\"Documentazione\" \/><span class=\"wpcf7-list-item-label\">Documentazione<\/span><\/span><\/span><\/span>\n<\/p>\n<p>In caso volesse (a sopralluogo gi\u00e0 avvenuto) una veloce stima dei costi la preghiamo di inviarci il progetto dell\u2019oggetto dell\u2019intervento con evidenziata l\u2019area da trattare ed alcune informazioni relative alla situazione in situ inclusa, qualora nota, la geologia.\n<\/p>\n<div class=\"form_spacer\">\n\t<p><span class=\"wpcf7-form-control-wrap\" data-name=\"file-896\"><input size=\"40\" class=\"wpcf7-form-control wpcf7-file\" accept=\".jpg,.jpeg,.png,.gif,.pdf,.doc,.docx\" aria-invalid=\"false\" type=\"file\" name=\"file-896\" \/><\/span>\n\t<\/p>\n<\/div>\n<p style=\"padding-top:10px;\">\n<\/p>\n<div class=\"form_spacer\">\n\t<p><span class=\"wpcf7-form-control-wrap\" data-name=\"menu-89\"><select class=\"wpcf7-form-control wpcf7-select\" aria-invalid=\"false\" name=\"menu-89\"><option value=\"Signor\">Signor<\/option><option value=\"Donna\">Donna<\/option><\/select><\/span>\n\t<\/p>\n<\/div>\n<div class=\"form_half\">\n\t<p><span class=\"wpcf7-form-control-wrap\" data-name=\"vorname\"><input size=\"40\" maxlength=\"80\" class=\"wpcf7-form-control wpcf7-text wpcf7-validates-as-required\" aria-required=\"true\" aria-invalid=\"false\" placeholder=\"Nome*\" value=\"\" type=\"text\" name=\"vorname\" \/><\/span>\n\t<\/p>\n<\/div>\n<div class=\"form_half form_half_last\">\n\t<p><span class=\"wpcf7-form-control-wrap\" data-name=\"nachname\"><input size=\"40\" maxlength=\"80\" class=\"wpcf7-form-control wpcf7-text wpcf7-validates-as-required\" aria-required=\"true\" aria-invalid=\"false\" placeholder=\"Cognome*\" value=\"\" type=\"text\" name=\"nachname\" \/><\/span>\n\t<\/p>\n<\/div>\n<div class=\"form_spacer\">\n\t<p><span class=\"wpcf7-form-control-wrap\" data-name=\"firmenname\"><input size=\"40\" maxlength=\"80\" class=\"wpcf7-form-control wpcf7-text\" aria-invalid=\"false\" placeholder=\"Azienda\" value=\"\" type=\"text\" name=\"firmenname\" \/><\/span>\n\t<\/p>\n<\/div>\n<div class=\"form_spacer\">\n\t<p><span class=\"wpcf7-form-control-wrap\" data-name=\"strasse\"><input size=\"40\" maxlength=\"80\" class=\"wpcf7-form-control wpcf7-text\" aria-invalid=\"false\" placeholder=\"Strada\/No.\" value=\"\" type=\"text\" name=\"strasse\" \/><\/span>\n\t<\/p>\n<\/div>\n<div class=\"form_third\">\n\t<p><span class=\"wpcf7-form-control-wrap\" data-name=\"plz\"><input size=\"40\" maxlength=\"80\" class=\"wpcf7-form-control wpcf7-text\" aria-invalid=\"false\" placeholder=\"NPA\" value=\"\" type=\"text\" name=\"plz\" \/><\/span>\n\t<\/p>\n<\/div>\n<div class=\"form_third_last\">\n\t<p><span class=\"wpcf7-form-control-wrap\" data-name=\"ort\"><input size=\"40\" maxlength=\"80\" class=\"wpcf7-form-control wpcf7-text\" aria-invalid=\"false\" placeholder=\"Localit\u00e0\" value=\"\" type=\"text\" name=\"ort\" \/><\/span>\n\t<\/p>\n<\/div>\n<div class=\"form_half\">\n\t<p><span class=\"wpcf7-form-control-wrap\" data-name=\"telefon\"><input size=\"40\" maxlength=\"80\" class=\"wpcf7-form-control wpcf7-tel wpcf7-text wpcf7-validates-as-tel\" aria-invalid=\"false\" placeholder=\"Telefono\" value=\"\" type=\"tel\" name=\"telefon\" \/><\/span>\n\t<\/p>\n<\/div>\n<div class=\"form_half form_half_last\">\n\t<p><span class=\"wpcf7-form-control-wrap\" data-name=\"email-72\"><input size=\"40\" maxlength=\"80\" class=\"wpcf7-form-control wpcf7-email wpcf7-validates-as-required wpcf7-text wpcf7-validates-as-email\" aria-required=\"true\" aria-invalid=\"false\" placeholder=\"Indirizzo e-mail*\" value=\"\" type=\"email\" name=\"email-72\" \/><\/span>\n\t<\/p>\n<\/div>\n<div class=\"form_spacer\">\n\t<p><span class=\"wpcf7-form-control-wrap\" data-name=\"your-subject\"><input size=\"40\" maxlength=\"80\" class=\"wpcf7-form-control wpcf7-text\" aria-invalid=\"false\" placeholder=\"Riguardo\" value=\"\" type=\"text\" name=\"your-subject\" \/><\/span>\n\t<\/p>\n<\/div>\n<div class=\"form_spacer\">\n\t<p><span class=\"wpcf7-form-control-wrap\" data-name=\"your-message\"><textarea cols=\"40\" rows=\"10\" maxlength=\"400\" class=\"wpcf7-form-control wpcf7-textarea\" aria-invalid=\"false\" placeholder=\"Messaggio\" name=\"your-message\"><\/textarea><\/span>\n\t<\/p>\n<\/div>\n<div class=\"form_spacer\" style=\"font-size:0.9rem;\">\n\t<p>Per proteggersi dallo spam, rispondi alla seguente domanda: <span class=\"wpcf7-form-control-wrap\" data-name=\"quiz-594\"><label><span class=\"wpcf7-quiz-label\">otto + tre = ? (numero come parola)<\/span> <input size=\"40\" class=\"wpcf7-form-control wpcf7-quiz\" autocomplete=\"off\" aria-required=\"true\" aria-invalid=\"false\" type=\"text\" name=\"quiz-594\" \/><\/label><input type=\"hidden\" name=\"_wpcf7_quiz_answer_quiz-594\" value=\"456d45dcf2b4645ab047dc3911619491\" \/><\/span>\n\t<\/p>\n<\/div>\n<div id=\"anfrage\">\n\t<p><input class=\"wpcf7-form-control wpcf7-submit has-spinner\" type=\"submit\" value=\"Invia modulo\" \/>\n\t<\/p>\n<\/div>\n<div class=\"form_spacer\">\n\t<p><span class=\"wpcf7-form-control-wrap\" data-name=\"acceptance-277\"><span class=\"wpcf7-form-control wpcf7-acceptance\"><span class=\"wpcf7-list-item\"><label><input type=\"checkbox\" name=\"acceptance-277\" value=\"1\" aria-invalid=\"false\" \/><span class=\"wpcf7-list-item-label\">Dichiara di accettare che i Suoi dati vengano utilizzati per l\u2019elaborazione della Sua richiesta e di aver letto la nostra <a href=\"https:\/\/www.uretek.ch\/it\/protezione-dei-dati\/\" target=\"_blank\">dichiarazione sulla protezione dei dati.<\/a> I Suoi dati di contatto non saranno inoltrati a terzi.<\/span><\/label><\/span><\/span><\/span>\n\t<\/p>\n<\/div><div class=\"wpcf7-response-output\" aria-hidden=\"true\"><\/div>\n<\/form>\n<\/div>\n<\/div><\/div><\/div><div class=\"w-popup-closer\"><\/div><\/div><\/div><\/div><\/div><\/div><\/div><\/div><\/div><\/div><\/div><\/div><\/section>\n<\/div><\/div><\/div><\/div><\/div><\/section>\n","protected":false},"excerpt":{"rendered":"Progetti di riferimento [vc_wp_custommenu nav_menu=\"192\"]Crepe? Cedimenti? Edifici inclinati? Richiedi una consulenza Tel. 041 676 00 80 [vc_raw_js]JTNDc2NyaXB0JTNFJTBBZG9jdW1lbnQuYWRkRXZlbnRMaXN0ZW5lciUyOCUyMCUyN3dwY2Y3bWFpbHNlbnQlMjclMkMlMjBmdW5jdGlvbiUyOCUyMGV2ZW50JTIwJTI5JTIwJTdCJTBBJTIwJTIwJTIwJTIwbG9jYXRpb24lMjAlM0QlMjAlMjdodHRwcyUzQSUyRiUyRnd3dy51cmV0ZWsuY2glMkZpdCUyRmNvbnRhdHRvJTJGZ3JhemllLXBlci1sYS1yaWNoaWVzdGElMkYlMjclM0IlMEElN0QlMkMlMjBmYWxzZSUyMCUyOSUzQiUwQSUzQyUyRnNjcmlwdCUzRQ==[\/vc_raw_js]Consulenza gratuita Sopraelevazione di edifici in sicurezza, su terreni con elevata capacit\u00e0 portante Losanna: aumento della capacit\u00e0 portante del terreno di fondazione prima della costruzione di un piano intermedio Il padiglione Sud del cantiere navale della societ\u00e0 di navigazione...","protected":false},"author":1,"featured_media":0,"parent":1698,"menu_order":3,"comment_status":"closed","ping_status":"closed","template":"","meta":{"footnotes":""},"class_list":["post-7568","page","type-page","status-publish","hentry"],"yoast_head":"<!-- This site is optimized with the Yoast SEO plugin v23.0 - https:\/\/yoast.com\/wordpress\/plugins\/seo\/ -->\n<title>Sopraelevazione di edifici in sicurezza, su terreni con elevata capacit\u00e0 portante<\/title>\n<meta name=\"description\" content=\"Il metodo con iniezioni di resina URETEK \u00e8 perfetto per aumentare la capacit\u00e0 portante del terreno in vista di sopraelevazioni o variazione dei carichi.\" \/>\n<meta name=\"robots\" content=\"index, follow, max-snippet:-1, max-image-preview:large, max-video-preview:-1\" \/>\n<link rel=\"canonical\" href=\"https:\/\/www.uretek.ch\/it\/progetti-di-riferimento\/riferimenti-sopraelevazione-di-edifici\/\" \/>\n<meta property=\"og:locale\" content=\"it_IT\" \/>\n<meta property=\"og:type\" content=\"article\" \/>\n<meta property=\"og:title\" content=\"Sopraelevazione di edifici in sicurezza, su terreni con elevata capacit\u00e0 portante\" \/>\n<meta property=\"og:description\" content=\"Il metodo con iniezioni di resina URETEK \u00e8 perfetto per aumentare la capacit\u00e0 portante del terreno in vista di sopraelevazioni o variazione dei carichi.\" \/>\n<meta property=\"og:url\" content=\"https:\/\/www.uretek.ch\/it\/progetti-di-riferimento\/riferimenti-sopraelevazione-di-edifici\/\" \/>\n<meta property=\"og:site_name\" content=\"URETEK Schweiz AG\" \/>\n<meta property=\"article:modified_time\" content=\"2024-05-14T14:15:24+00:00\" \/>\n<meta name=\"twitter:card\" content=\"summary_large_image\" \/>\n<meta name=\"twitter:label1\" content=\"Tempo di lettura stimato\" \/>\n\t<meta name=\"twitter:data1\" content=\"4 minuti\" \/>\n<script type=\"application\/ld+json\" class=\"yoast-schema-graph\">{\"@context\":\"https:\/\/schema.org\",\"@graph\":[{\"@type\":\"WebPage\",\"@id\":\"https:\/\/www.uretek.ch\/it\/progetti-di-riferimento\/riferimenti-sopraelevazione-di-edifici\/\",\"url\":\"https:\/\/www.uretek.ch\/it\/progetti-di-riferimento\/riferimenti-sopraelevazione-di-edifici\/\",\"name\":\"Sopraelevazione di edifici in sicurezza, su terreni con elevata capacit\u00e0 portante\",\"isPartOf\":{\"@id\":\"https:\/\/www.uretek.ch\/it\/#website\"},\"datePublished\":\"2016-02-26T14:49:05+00:00\",\"dateModified\":\"2024-05-14T14:15:24+00:00\",\"description\":\"Il metodo con iniezioni di resina URETEK \u00e8 perfetto per aumentare la capacit\u00e0 portante del terreno in vista di sopraelevazioni o variazione dei carichi.\",\"breadcrumb\":{\"@id\":\"https:\/\/www.uretek.ch\/it\/progetti-di-riferimento\/riferimenti-sopraelevazione-di-edifici\/#breadcrumb\"},\"inLanguage\":\"it-IT\",\"potentialAction\":[{\"@type\":\"ReadAction\",\"target\":[\"https:\/\/www.uretek.ch\/it\/progetti-di-riferimento\/riferimenti-sopraelevazione-di-edifici\/\"]}]},{\"@type\":\"BreadcrumbList\",\"@id\":\"https:\/\/www.uretek.ch\/it\/progetti-di-riferimento\/riferimenti-sopraelevazione-di-edifici\/#breadcrumb\",\"itemListElement\":[{\"@type\":\"ListItem\",\"position\":1,\"name\":\"Home\",\"item\":\"https:\/\/www.uretek.ch\/it\/\"},{\"@type\":\"ListItem\",\"position\":2,\"name\":\"Progetti di riferimento\",\"item\":\"https:\/\/www.uretek.ch\/it\/progetti-di-riferimento\/\"},{\"@type\":\"ListItem\",\"position\":3,\"name\":\"Sopraelevazione di edifici\"}]},{\"@type\":\"WebSite\",\"@id\":\"https:\/\/www.uretek.ch\/it\/#website\",\"url\":\"https:\/\/www.uretek.ch\/it\/\",\"name\":\"URETEK Schweiz AG\",\"description\":\"\",\"potentialAction\":[{\"@type\":\"SearchAction\",\"target\":{\"@type\":\"EntryPoint\",\"urlTemplate\":\"https:\/\/www.uretek.ch\/it\/?s={search_term_string}\"},\"query-input\":\"required name=search_term_string\"}],\"inLanguage\":\"it-IT\"}]}<\/script>\n<!-- \/ Yoast SEO plugin. -->","yoast_head_json":{"title":"Sopraelevazione di edifici in sicurezza, su terreni con elevata capacit\u00e0 portante","description":"Il metodo con iniezioni di resina URETEK \u00e8 perfetto per aumentare la capacit\u00e0 portante del terreno in vista di sopraelevazioni o variazione dei carichi.","robots":{"index":"index","follow":"follow","max-snippet":"max-snippet:-1","max-image-preview":"max-image-preview:large","max-video-preview":"max-video-preview:-1"},"canonical":"https:\/\/www.uretek.ch\/it\/progetti-di-riferimento\/riferimenti-sopraelevazione-di-edifici\/","og_locale":"it_IT","og_type":"article","og_title":"Sopraelevazione di edifici in sicurezza, su terreni con elevata capacit\u00e0 portante","og_description":"Il metodo con iniezioni di resina URETEK \u00e8 perfetto per aumentare la capacit\u00e0 portante del terreno in vista di sopraelevazioni o variazione dei carichi.","og_url":"https:\/\/www.uretek.ch\/it\/progetti-di-riferimento\/riferimenti-sopraelevazione-di-edifici\/","og_site_name":"URETEK Schweiz AG","article_modified_time":"2024-05-14T14:15:24+00:00","twitter_card":"summary_large_image","twitter_misc":{"Tempo di lettura stimato":"4 minuti"},"schema":{"@context":"https:\/\/schema.org","@graph":[{"@type":"WebPage","@id":"https:\/\/www.uretek.ch\/it\/progetti-di-riferimento\/riferimenti-sopraelevazione-di-edifici\/","url":"https:\/\/www.uretek.ch\/it\/progetti-di-riferimento\/riferimenti-sopraelevazione-di-edifici\/","name":"Sopraelevazione di edifici in sicurezza, su terreni con elevata capacit\u00e0 portante","isPartOf":{"@id":"https:\/\/www.uretek.ch\/it\/#website"},"datePublished":"2016-02-26T14:49:05+00:00","dateModified":"2024-05-14T14:15:24+00:00","description":"Il metodo con iniezioni di resina URETEK \u00e8 perfetto per aumentare la capacit\u00e0 portante del terreno in vista di sopraelevazioni o variazione dei carichi.","breadcrumb":{"@id":"https:\/\/www.uretek.ch\/it\/progetti-di-riferimento\/riferimenti-sopraelevazione-di-edifici\/#breadcrumb"},"inLanguage":"it-IT","potentialAction":[{"@type":"ReadAction","target":["https:\/\/www.uretek.ch\/it\/progetti-di-riferimento\/riferimenti-sopraelevazione-di-edifici\/"]}]},{"@type":"BreadcrumbList","@id":"https:\/\/www.uretek.ch\/it\/progetti-di-riferimento\/riferimenti-sopraelevazione-di-edifici\/#breadcrumb","itemListElement":[{"@type":"ListItem","position":1,"name":"Home","item":"https:\/\/www.uretek.ch\/it\/"},{"@type":"ListItem","position":2,"name":"Progetti di riferimento","item":"https:\/\/www.uretek.ch\/it\/progetti-di-riferimento\/"},{"@type":"ListItem","position":3,"name":"Sopraelevazione di edifici"}]},{"@type":"WebSite","@id":"https:\/\/www.uretek.ch\/it\/#website","url":"https:\/\/www.uretek.ch\/it\/","name":"URETEK Schweiz AG","description":"","potentialAction":[{"@type":"SearchAction","target":{"@type":"EntryPoint","urlTemplate":"https:\/\/www.uretek.ch\/it\/?s={search_term_string}"},"query-input":"required name=search_term_string"}],"inLanguage":"it-IT"}]}},"_links":{"self":[{"href":"https:\/\/www.uretek.ch\/it\/wp-json\/wp\/v2\/pages\/7568","targetHints":{"allow":["GET"]}}],"collection":[{"href":"https:\/\/www.uretek.ch\/it\/wp-json\/wp\/v2\/pages"}],"about":[{"href":"https:\/\/www.uretek.ch\/it\/wp-json\/wp\/v2\/types\/page"}],"author":[{"embeddable":true,"href":"https:\/\/www.uretek.ch\/it\/wp-json\/wp\/v2\/users\/1"}],"replies":[{"embeddable":true,"href":"https:\/\/www.uretek.ch\/it\/wp-json\/wp\/v2\/comments?post=7568"}],"version-history":[{"count":40,"href":"https:\/\/www.uretek.ch\/it\/wp-json\/wp\/v2\/pages\/7568\/revisions"}],"predecessor-version":[{"id":33452,"href":"https:\/\/www.uretek.ch\/it\/wp-json\/wp\/v2\/pages\/7568\/revisions\/33452"}],"up":[{"embeddable":true,"href":"https:\/\/www.uretek.ch\/it\/wp-json\/wp\/v2\/pages\/1698"}],"wp:attachment":[{"href":"https:\/\/www.uretek.ch\/it\/wp-json\/wp\/v2\/media?parent=7568"}],"curies":[{"name":"wp","href":"https:\/\/api.w.org\/{rel}","templated":true}]}}