{"id":21543,"date":"2019-01-18T11:42:13","date_gmt":"2019-01-18T10:42:13","guid":{"rendered":"https:\/\/www.uretek.ch\/?page_id=21543"},"modified":"2024-05-14T15:48:10","modified_gmt":"2024-05-14T13:48:10","slug":"campo-prova-e-monitoraggio-falda-acquifera","status":"publish","type":"page","link":"https:\/\/www.uretek.ch\/it\/tecnica-di-iniezione\/ambiente\/campo-prova-e-monitoraggio-falda-acquifera\/","title":{"rendered":"Campo prova e monitoraggio falda acquifera"},"content":{"rendered":"<section class=\"l-section wpb_row height_medium\"><div class=\"l-section-h i-cf\"><div class=\"g-cols vc_row via_flex valign_top type_default stacking_default\" style=\"--additional-gap:0.7rem;\"><div class=\"vc_col-sm-4 vc_hidden-xs wpb_column vc_column_container\"><div class=\"vc_column-inner us_custom_169961a8 us_animate_this\"><div class=\"wpb_wrapper\"><div class=\"wpb_text_column us_custom_b28c7429\"><div class=\"wpb_wrapper\"><h3>Tecnologia<\/h3>\n<\/div><\/div>[vc_wp_custommenu nav_menu=&#8221;294&#8243;]<div class=\"w-separator size_medium\"><\/div><section class=\"l-section wpb_row us_custom_8cbcb5d7 height_auto width_full color_alternate\"><div class=\"l-section-h i-cf\"><div class=\"g-cols vc_row via_flex valign_top type_boxes stacking_default\"><div class=\"vc_col-sm-12 wpb_column vc_column_container\"><div class=\"vc_column-inner us_custom_2c4f4a12\"><div class=\"wpb_wrapper\"><div class=\"wpb_text_column\"><div class=\"wpb_wrapper\"><h3><span style=\"color: #73442d\">Crepe? Cedimenti? Edifici inclinati?<\/span><\/h3>\n<\/div><\/div><div class=\"w-image align_none\"><div class=\"w-image-h\"><img decoding=\"async\" width=\"450\" height=\"262\" src=\"https:\/\/www.uretek.ch\/wp-content\/uploads\/2020\/03\/uretek-experte-office-450x262.jpg\" class=\"attachment-medium size-medium\" alt=\"\" loading=\"lazy\" srcset=\"https:\/\/www.uretek.ch\/wp-content\/uploads\/2020\/03\/uretek-experte-office-450x262.jpg 450w, https:\/\/www.uretek.ch\/wp-content\/uploads\/2020\/03\/uretek-experte-office-600x350.jpg 600w, https:\/\/www.uretek.ch\/wp-content\/uploads\/2020\/03\/uretek-experte-office-768x448.jpg 768w, https:\/\/www.uretek.ch\/wp-content\/uploads\/2020\/03\/uretek-experte-office.jpg 1024w\" sizes=\"auto, (max-width: 450px) 100vw, 450px\" \/><\/div><\/div><div class=\"w-separator size_custom\" style=\"height:15px\"><\/div><div class=\"wpb_text_column\"><div class=\"wpb_wrapper\"><p><strong>Richiedi una consulenza<\/strong><br \/>\nTel. 041 676 00 80<\/p>\n<\/div><\/div>[vc_raw_js]JTNDc2NyaXB0JTNFJTBBZG9jdW1lbnQuYWRkRXZlbnRMaXN0ZW5lciUyOCUyMCUyN3dwY2Y3bWFpbHNlbnQlMjclMkMlMjBmdW5jdGlvbiUyOCUyMGV2ZW50JTIwJTI5JTIwJTdCJTBBJTIwJTIwJTIwJTIwbG9jYXRpb24lMjAlM0QlMjAlMjdodHRwcyUzQSUyRiUyRnd3dy51cmV0ZWsuY2glMkZpdCUyRmNvbnRhdHRvJTJGZ3JhemllLXBlci1sYS1yaWNoaWVzdGElMkYlMjclM0IlMEElN0QlMkMlMjBmYWxzZSUyMCUyOSUzQiUwQSUzQyUyRnNjcmlwdCUzRQ==[\/vc_raw_js]<div class=\"w-btn-wrapper align_none\"><a class=\"w-btn us-btn-style_7\" href=\"\/it\/contatto\"><span class=\"w-btn-label\">Consulenza gratuita<\/span><\/a><\/div><\/div><\/div><\/div><\/div><\/div><\/section>\n<\/div><\/div><\/div><div class=\"vc_col-sm-8 wpb_column vc_column_container\"><div class=\"vc_column-inner\"><div class=\"wpb_wrapper\"><div class=\"w-image us_custom_67d969ee align_none has_bg_color\"><div class=\"w-image-h\"><img decoding=\"async\" width=\"1024\" height=\"576\" src=\"https:\/\/www.uretek.ch\/wp-content\/uploads\/2018\/12\/n8-faulensee_P6190092.jpg\" class=\"attachment-full size-full\" alt=\"\" loading=\"lazy\" srcset=\"https:\/\/www.uretek.ch\/wp-content\/uploads\/2018\/12\/n8-faulensee_P6190092.jpg 1024w, https:\/\/www.uretek.ch\/wp-content\/uploads\/2018\/12\/n8-faulensee_P6190092-450x253.jpg 450w, https:\/\/www.uretek.ch\/wp-content\/uploads\/2018\/12\/n8-faulensee_P6190092-600x338.jpg 600w, https:\/\/www.uretek.ch\/wp-content\/uploads\/2018\/12\/n8-faulensee_P6190092-768x432.jpg 768w\" sizes=\"auto, (max-width: 1024px) 100vw, 1024px\" \/><\/div><\/div><div class=\"w-separator size_medium\"><\/div><div class=\"wpb_text_column\"><div class=\"wpb_wrapper\"><h1>Iniezioni di prova con resina URETEK, N8 Faulensee \u2013 Leissigen<\/h1>\n<h4>Per bypassare gli imbuti carsici di gesso nel sottofondo stradale pi\u00f9 profondo sono state effettuate iniezioni di prova nella zona delle falde acquifere. Il monitoraggio aggiuntivo non ha mostrato effetti negativi sulle acque del sottosuolo riconducibili alle iniezioni di resina sintetica URETEK.<\/h4>\n<h3>Protezione delle acque sotterranee<\/h3>\n<p>Secondo le direttive per la protezione delle acque sotterranee dell\u2019Ufficio federale dell\u2019ambiente UFAM, non sono consentite iniezioni nella zona di protezione delle acque A<sub>u<\/sub> satura di acqua. Nel corso di una riunione del 2014, tuttavia, anche l\u2019UFAM si \u00e8 mostrato interessato a effettuare iniezioni di prova nell\u2019area di protezione delle acque A<sub>u<\/sub>, per verificare i risultati di laboratorio positivi relativi agli effetti delle iniezioni di resina sintetica URETEK sull\u2019ambiente tramite monitoraggio delle acque sotterranee. Come oggetto adatto per queste iniezioni di prova \u00e8 emerso il concetto di conservazione globale N08.52 Spiez \u2013 Interlaken West.<\/p>\n<h3>Problematica<\/h3>\n<p>La N8 percorre nella tratta Faulensee \u2013 Leissigen per 3 km nel gesso Keuper di Krattigen. In quest\u2019area, da anni si sono ripetuti cedimenti locali e, di conseguenza, danni al manto stradale causati da imbuti carsici sotterranei nel gesso. Questi punti danneggiati causano ripetute interruzioni della tratta e costi di riparazione troppo elevati.<\/p>\n<\/div><\/div><div class=\"w-separator size_small\"><\/div><div class=\"g-cols wpb_row via_flex valign_top type_default stacking_default\"><div class=\"vc_col-sm-6 wpb_column vc_column_container\"><div class=\"vc_column-inner\"><div class=\"wpb_wrapper\"><div class=\"w-image align_none\"><a ref=\"magnificPopup\" href=\"https:\/\/www.uretek.ch\/wp-content\/uploads\/2019\/01\/n8-faulensee_Plan_it.jpg\" aria-label=\"n8-faulensee_Plan_it\" class=\"w-image-h\"><img decoding=\"async\" width=\"1024\" height=\"768\" src=\"https:\/\/www.uretek.ch\/wp-content\/uploads\/2019\/01\/n8-faulensee_Plan_it-1024x768.jpg\" class=\"attachment-large size-large\" alt=\"\" loading=\"lazy\" srcset=\"https:\/\/www.uretek.ch\/wp-content\/uploads\/2019\/01\/n8-faulensee_Plan_it.jpg 1024w, https:\/\/www.uretek.ch\/wp-content\/uploads\/2019\/01\/n8-faulensee_Plan_it-450x338.jpg 450w, https:\/\/www.uretek.ch\/wp-content\/uploads\/2019\/01\/n8-faulensee_Plan_it-600x450.jpg 600w, https:\/\/www.uretek.ch\/wp-content\/uploads\/2019\/01\/n8-faulensee_Plan_it-768x576.jpg 768w\" sizes=\"auto, (max-width: 1024px) 100vw, 1024px\" \/><\/a><\/div><\/div><\/div><\/div><div class=\"vc_col-sm-6 wpb_column vc_column_container\"><div class=\"vc_column-inner\"><div class=\"wpb_wrapper\"><div class=\"w-image align_none\"><a ref=\"magnificPopup\" href=\"https:\/\/www.uretek.ch\/wp-content\/uploads\/2018\/12\/n8-faulensee_P8170019.jpg\" aria-label=\"n8-faulensee_P8170019\" class=\"w-image-h\"><img decoding=\"async\" width=\"1024\" height=\"768\" src=\"https:\/\/www.uretek.ch\/wp-content\/uploads\/2018\/12\/n8-faulensee_P8170019-1024x768.jpg\" class=\"attachment-large size-large\" alt=\"\" loading=\"lazy\" srcset=\"https:\/\/www.uretek.ch\/wp-content\/uploads\/2018\/12\/n8-faulensee_P8170019.jpg 1024w, https:\/\/www.uretek.ch\/wp-content\/uploads\/2018\/12\/n8-faulensee_P8170019-450x338.jpg 450w, https:\/\/www.uretek.ch\/wp-content\/uploads\/2018\/12\/n8-faulensee_P8170019-600x450.jpg 600w, https:\/\/www.uretek.ch\/wp-content\/uploads\/2018\/12\/n8-faulensee_P8170019-768x576.jpg 768w\" sizes=\"auto, (max-width: 1024px) 100vw, 1024px\" \/><\/a><\/div><\/div><\/div><\/div><\/div><div class=\"w-separator size_medium\"><\/div><div class=\"wpb_text_column\"><div class=\"wpb_wrapper\"><h3>Soluzione con iniezioni di resina sintetica URETEK<\/h3>\n<p>Dopo ampie indagini preliminari, l\u2019Ufficio federale delle strade, ASTRA, ha deciso di effettuare delle iniezioni di prova con resina sintetica URETEK al km 7.506. L\u2019UFAM e l\u2019Ufficio delle acque e dei rifiuti (AWA) del Canton Berna hanno acconsentito all\u2019esecuzione di iniezioni di prova a patto che le acque vengano sottoposte a un monitoraggio approfondito. Sia la zona di affluenza che la zona di deflusso dell\u2019acqua sotterranea sono state sottoposte a un intenso monitoraggio durante e dopo l\u2019iniezione. Per determinare la velocit\u00e0 di deflusso delle acque sotterranee, prima \u00e8 stata effettuata una prova di marcatura. In totale sono stati iniettati 2900 kg di resina sintetica URETEK ad una profondit\u00e0 da -8 m a -5 m (iniezioni a colonna) su una superficie di 120 m<sup>2<\/sup>, corrispondenti a 8 kg di resina sintetica per m<sup>3<\/sup> di suolo.<\/p>\n<h3>Monitoraggio<\/h3>\n<p>La soluzione di prova scelta permetteva di ipotizzare che un\u2019 eventuale fonte di sostanze inquinanti iniettata arrivasse entro pochi giorni ai pozzi di estrazione KB 22\/15 e KB 23\/15 situati rispettivamente a 13 m e 31.5 m dal punto di iniezione. Il pozzo di estrazione KB 21\/15 \u00e8 servito come misura di riferimento nell\u2019area di afflusso.<\/p>\n<\/div><\/div><div class=\"w-separator size_small\"><\/div><div class=\"g-cols wpb_row via_flex valign_top type_default stacking_default\"><div class=\"vc_col-sm-6 wpb_column vc_column_container\"><div class=\"vc_column-inner\"><div class=\"wpb_wrapper\"><div class=\"w-image us_custom_5e5a7e33 align_none\"><a ref=\"magnificPopup\" href=\"https:\/\/www.uretek.ch\/wp-content\/uploads\/2018\/12\/n8-faulensee_P6200158.jpg\" aria-label=\"n8-faulensee_P6200158\" class=\"w-image-h\"><img decoding=\"async\" width=\"1024\" height=\"768\" src=\"https:\/\/www.uretek.ch\/wp-content\/uploads\/2018\/12\/n8-faulensee_P6200158-1024x768.jpg\" class=\"attachment-large size-large\" alt=\"Abteufen der Injektionslanze bis -8 m\" loading=\"lazy\" srcset=\"https:\/\/www.uretek.ch\/wp-content\/uploads\/2018\/12\/n8-faulensee_P6200158.jpg 1024w, https:\/\/www.uretek.ch\/wp-content\/uploads\/2018\/12\/n8-faulensee_P6200158-450x338.jpg 450w, https:\/\/www.uretek.ch\/wp-content\/uploads\/2018\/12\/n8-faulensee_P6200158-600x450.jpg 600w, https:\/\/www.uretek.ch\/wp-content\/uploads\/2018\/12\/n8-faulensee_P6200158-768x576.jpg 768w\" sizes=\"auto, (max-width: 1024px) 100vw, 1024px\" \/><\/a><\/div><div class=\"wpb_text_column\"><div class=\"wpb_wrapper\"><p>Immersione della lancia di iniezione fino a -8 m<\/p>\n<\/div><\/div><\/div><\/div><\/div><div class=\"vc_col-sm-6 wpb_column vc_column_container\"><div class=\"vc_column-inner\"><div class=\"wpb_wrapper\"><div class=\"w-image us_custom_33cfb287 align_none\"><a ref=\"magnificPopup\" href=\"https:\/\/www.uretek.ch\/wp-content\/uploads\/2018\/12\/n8-faulensee_P6200148-1.jpg\" aria-label=\"n8-faulensee_P6200148\" class=\"w-image-h\"><img decoding=\"async\" width=\"1024\" height=\"768\" src=\"https:\/\/www.uretek.ch\/wp-content\/uploads\/2018\/12\/n8-faulensee_P6200148-1-1024x768.jpg\" class=\"attachment-large size-large\" alt=\"\" loading=\"lazy\" srcset=\"https:\/\/www.uretek.ch\/wp-content\/uploads\/2018\/12\/n8-faulensee_P6200148-1.jpg 1024w, https:\/\/www.uretek.ch\/wp-content\/uploads\/2018\/12\/n8-faulensee_P6200148-1-450x338.jpg 450w, https:\/\/www.uretek.ch\/wp-content\/uploads\/2018\/12\/n8-faulensee_P6200148-1-600x450.jpg 600w, https:\/\/www.uretek.ch\/wp-content\/uploads\/2018\/12\/n8-faulensee_P6200148-1-768x576.jpg 768w\" sizes=\"auto, (max-width: 1024px) 100vw, 1024px\" \/><\/a><\/div><div class=\"wpb_text_column\"><div class=\"wpb_wrapper\"><p>a) <span lang=\"IT\">iniezione\u00a0 \u203a \u00a0<\/span>b) <span lang=\"IT\">perforazione<\/span>\u00a0 \u203a \u00a0c) <span lang=\"IT\">preparazione per iniezione<\/span><\/p>\n<\/div><\/div><\/div><\/div><\/div><\/div><div class=\"w-separator size_small\"><\/div><div class=\"wpb_text_column\"><div class=\"wpb_wrapper\"><h3>Risultati<\/h3>\n<p>I valori indicatori di 2 mg DOC\/L e di 10 \u00b5g AOX\/L stabiliti dall\u2019UFAM sono sempre stati rispettati. I valori di ammonio erano inferiori o pari al limite di quantificazione Tutti i valori di stagno, bisfenolo A e formaldeide analizzati sono risultati inferiori ai rispettivi limiti di quantificazione. Un test di Ames ha dimostrato che nelle acque sotterranee non sono presenti sostanze con propriet\u00e0 mutagene causate dal corpo di iniezione. Non \u00e8 stata osservata neanche una variazione significativa della portata delle acque sotterranee. Il test \u00e8 stato eseguito sulla base di un livello di riferimento che non rientra nella sfera di influenza delle iniezioni di resina sintetica.<\/p>\n<h3>Conclusione<\/h3>\n<p>I risultati del monitoraggio delle acque sotterranee Faulensee \u2013 Leissigen hanno confermato i risultati di laboratorio ottenuti nelle analisi precedenti e la valutazione della resina sintetica URETEK da parte dell\u2019Istituto tedesco per la tecnica edilizia, DIBt, secondo il quale le iniezioni di URETEK non influiscono negativamente sull\u2019acqua sotterranea.<\/p>\n<\/div><\/div><div class=\"w-separator size_small\"><\/div><div class=\"w-image us_custom_ec234a54 align_none\"><a target=\" _blank\" rel=\"nofollow\" href=\"https:\/\/www.uretek.ch\/wp-content\/uploads\/2018\/12\/Plan_02-1_A3_FR-druck.pdf\" aria-label=\"Plan_02-1_A3_FR\" class=\"w-image-h\"><img decoding=\"async\" width=\"1024\" height=\"726\" src=\"https:\/\/www.uretek.ch\/wp-content\/uploads\/2018\/12\/Plan_02-1_A3_FR.png\" class=\"attachment-full size-full\" alt=\"\" loading=\"lazy\" srcset=\"https:\/\/www.uretek.ch\/wp-content\/uploads\/2018\/12\/Plan_02-1_A3_FR.png 1024w, https:\/\/www.uretek.ch\/wp-content\/uploads\/2018\/12\/Plan_02-1_A3_FR-450x319.png 450w, https:\/\/www.uretek.ch\/wp-content\/uploads\/2018\/12\/Plan_02-1_A3_FR-600x425.png 600w, https:\/\/www.uretek.ch\/wp-content\/uploads\/2018\/12\/Plan_02-1_A3_FR-768x545.png 768w\" sizes=\"auto, (max-width: 1024px) 100vw, 1024px\" \/><\/a><\/div><div class=\"w-separator size_large with_line width_default thick_1 style_solid color_primary align_center\"><div class=\"w-separator-h\"><\/div><\/div><div class=\"g-cols wpb_row via_flex valign_middle type_boxes stacking_default\" style=\"--additional-gap:20px;\"><div class=\"vc_col-sm-4 wpb_column vc_column_container\"><div class=\"vc_column-inner us_custom_57f5615c\"><div class=\"wpb_wrapper\"><div class=\"w-image align_none\"><div class=\"w-image-h\"><img decoding=\"async\" width=\"500\" height=\"100\" src=\"https:\/\/www.uretek.ch\/wp-content\/uploads\/2018\/12\/geotest-logo.png\" class=\"attachment-large size-large\" alt=\"\" loading=\"lazy\" srcset=\"https:\/\/www.uretek.ch\/wp-content\/uploads\/2018\/12\/geotest-logo.png 500w, https:\/\/www.uretek.ch\/wp-content\/uploads\/2018\/12\/geotest-logo-450x90.png 450w\" sizes=\"auto, (max-width: 500px) 100vw, 500px\" \/><\/div><\/div><\/div><\/div><\/div><div class=\"vc_col-sm-4 wpb_column vc_column_container\"><div class=\"vc_column-inner us_custom_57f5615c\"><div class=\"wpb_wrapper\"><div class=\"w-image align_none\"><div class=\"w-image-h\"><img decoding=\"async\" width=\"500\" height=\"100\" src=\"https:\/\/www.uretek.ch\/wp-content\/uploads\/2018\/12\/basler-hofmann-logo.png\" class=\"attachment-large size-large\" alt=\"\" loading=\"lazy\" srcset=\"https:\/\/www.uretek.ch\/wp-content\/uploads\/2018\/12\/basler-hofmann-logo.png 500w, https:\/\/www.uretek.ch\/wp-content\/uploads\/2018\/12\/basler-hofmann-logo-450x90.png 450w\" sizes=\"auto, (max-width: 500px) 100vw, 500px\" \/><\/div><\/div><\/div><\/div><\/div><div class=\"vc_col-sm-4 vc_hidden-sm vc_hidden-xs wpb_column vc_column_container\"><div class=\"vc_column-inner us_custom_57f5615c\"><div class=\"wpb_wrapper\"><\/div><\/div><\/div><\/div><div class=\"w-separator size_small\"><\/div><div class=\"wpb_text_column\"><div class=\"wpb_wrapper\"><h4>Gestione globale del progetto:<\/h4>\n<p><strong>Rachel Riner<\/strong><br \/>\nGeologa MSc, GEOTEST AG, 3052 Zollikofen<\/p>\n<h4>Monitoraggio delle acque sotterranee:<\/h4>\n<p>GEOTEST AG, 3052 Zollikofen<\/p>\n<h4>Consulenza\/valutazione dell\u2019impatto ambientale:<\/h4>\n<p>Basler &amp; Hofmann AG, 8133 Esslingen<\/p>\n<\/div><\/div><div class=\"w-separator size_large with_line width_default thick_1 style_solid color_primary align_center\"><div class=\"w-separator-h\"><\/div><\/div><div class=\"wpb_text_column\"><div class=\"wpb_wrapper\"><h4>Autori:<\/h4>\n<p><strong>Beat Hodel<br \/>\n<\/strong>dott. sc. nat., biologo, tossicologo\/Basler &amp; Hofmann AG<\/p>\n<p><strong>Cornelia Angehrn<br \/>\n<\/strong>dott. ssa. phil II, chimica\/Basler &amp; Hofmann AG<\/p>\n<\/div><\/div><div class=\"w-separator size_large with_line width_default thick_1 style_solid color_primary align_center\"><div class=\"w-separator-h\"><\/div><\/div><section class=\"l-section wpb_row height_auto width_full\"><div class=\"l-section-h i-cf\"><div class=\"g-cols vc_row via_flex valign_top type_default stacking_default\"><div class=\"vc_col-sm-12 wpb_column vc_column_container\"><div class=\"vc_column-inner\"><div class=\"wpb_wrapper\"><div class=\"g-cols wpb_row via_flex valign_top type_default stacking_default\"><div class=\"vc_col-sm-12 wpb_column vc_column_container\"><div class=\"vc_column-inner\"><div class=\"wpb_wrapper\"><div class=\"wpb_text_column\"><div class=\"wpb_wrapper\"><h3>I nostri punti di forza<\/h3>\n<\/div><\/div><div class=\"w-separator size_small\"><\/div><\/div><\/div><\/div><\/div><div class=\"w-tabs accordion-staerken style_default switch_click accordion type_togglable has_scrolling\" style=\"--sections-title-size:inherit\"><div class=\"w-tabs-sections titles-align_none icon_chevron cpos_right\"><div class=\"w-tabs-section has_text_color\" id=\"kff4\" style=\"background:#ef7d00;color:#ffffff;\"><button class=\"w-tabs-section-header with_icon\" aria-controls=\"content-kff4\" aria-expanded=\"false\"><i class=\"far fa-check-square\"><\/i><h4 class=\"w-tabs-section-title\">CONVENIENTE<\/h4><div class=\"w-tabs-section-control\"><\/div><\/button><div  class=\"w-tabs-section-content\" id=\"content-kff4\"><div class=\"w-tabs-section-content-h i-cf\"><div class=\"wpb_text_column\"><div class=\"wpb_wrapper\"><p>Dato che non ci sono costi per dispendiose installazioni in cantiere e il risanamento degli edifici avviene molto rapidamente, i costi risultano estremamente competitivi, a differenza delle tecnologie tradizionali.<\/p>\n<p>Grazie alla rapida potenza di espansione, il materiale non si diffonde oltre il punto di iniezione, limitando cos\u00ec la quantit\u00e0 di materiale usato e i relativi costi.<\/p>\n<\/div><\/div><\/div><\/div><\/div><div class=\"w-tabs-section has_text_color\" id=\"n140\" style=\"background:#ef8f28;color:#ffffff;\"><button class=\"w-tabs-section-header with_icon\" aria-controls=\"content-n140\" aria-expanded=\"false\"><i class=\"far fa-check-square\"><\/i><h4 class=\"w-tabs-section-title\">RISPARMIO DI TEMPO<\/h4><div class=\"w-tabs-section-control\"><\/div><\/button><div  class=\"w-tabs-section-content\" id=\"content-n140\"><div class=\"w-tabs-section-content-h i-cf\"><div class=\"wpb_text_column\"><div class=\"wpb_wrapper\"><p>Il sistema URETEK non richiede l\u2019uso di apparecchi ingombranti perch\u00e9 l&#8217;impianto da montare in cantiere si trova sul camion.<\/p>\n<p><strong>Effetto immediato<\/strong><br \/>\nRispetto agli aggregati di cemento, il materiale iniettato fa presa in pochissimo tempo. La resina raggiunge le sue caratteristiche meccaniche definitive molto rapidamente. La zona trattata \u00e8 utilizzabile gi\u00e0 al termine dell\u2019intervento.<\/p>\n<\/div><\/div><\/div><\/div><\/div><div class=\"w-tabs-section has_text_color\" id=\"u253\" style=\"background:#efa351;color:#ffffff;\"><button class=\"w-tabs-section-header with_icon\" aria-controls=\"content-u253\" aria-expanded=\"false\"><i class=\"far fa-check-square\"><\/i><h4 class=\"w-tabs-section-title\">SICUREZZA<\/h4><div class=\"w-tabs-section-control\"><\/div><\/button><div  class=\"w-tabs-section-content\" id=\"content-u253\"><div class=\"w-tabs-section-content-h i-cf\"><div class=\"wpb_text_column\"><div class=\"wpb_wrapper\"><p>Grazie al rilevamento preciso e tempestivo da parte dei tecnici URETEK, l\u2019efficacia del sistema viene verificata immediatamente. Inoltre \u00e8 possibile eseguire sul posto controlli indiretti prima e dopo il trattamento attraverso test di confronto geotecnici (per es. sondaggi penetrometrici e\/o sonde pressiometriche).<\/p>\n<\/div><\/div><\/div><\/div><\/div><\/div><\/div><div class=\"g-cols wpb_row via_flex valign_top type_default stacking_default\"><div class=\"vc_col-sm-12 wpb_column vc_column_container\"><div class=\"vc_column-inner\"><div class=\"wpb_wrapper\"><div class=\"w-separator size_large\"><\/div><div class=\"w-sharing type_solid align_none color_default\"><div class=\"w-sharing-list\" data-content-image=\"true\"><a class=\"w-sharing-item email\" href=\"mailto:?subject=Campo prova e monitoraggio falda acquifera&amp;body=https:\/\/www.uretek.ch\/it\/wp-json\/wp\/v2\/pages\/21543\" title=\"Invia per mail questo\" aria-label=\"Invia per mail questo\"><i class=\"fas fa-envelope\"><\/i><\/a><a class=\"w-sharing-item facebook\" href=\"https:\/\/www.facebook.com\/sharer\/sharer.php?u=https:\/\/www.uretek.ch\/it\/wp-json\/wp\/v2\/pages\/21543&amp;quote=Campo prova e monitoraggio falda acquifera\" title=\"Condividilo\" aria-label=\"Condividilo\" onclick=\"window.open(this.href, &quot;facebook&quot;, &quot;toolbar=0,width=900,height=500&quot;); return false;\"><i class=\"fab fa-facebook\"><\/i><\/a><a class=\"w-sharing-item twitter\" href=\"https:\/\/twitter.com\/intent\/tweet?text=Campo prova e monitoraggio falda acquifera&amp;url=https:\/\/www.uretek.ch\/it\/wp-json\/wp\/v2\/pages\/21543\" title=\"Twittalo\" aria-label=\"Twittalo\" onclick=\"window.open(this.href, &quot;twitter&quot;, &quot;toolbar=0,width=650,height=360&quot;); return false;\"><i class=\"fab fa-x-twitter\"><svg style=\"width:1em; margin-bottom:-.1em;\" xmlns=\"http:\/\/www.w3.org\/2000\/svg\" viewBox=\"0 0 512 512\"><path fill=\"currentColor\" d=\"M389.2 48h70.6L305.6 224.2 487 464H345L233.7 318.6 106.5 464H35.8L200.7 275.5 26.8 48H172.4L272.9 180.9 389.2 48zM364.4 421.8h39.1L151.1 88h-42L364.4 421.8z\"\/><\/svg><\/i><\/a><a class=\"w-sharing-item linkedin\" href=\"https:\/\/www.linkedin.com\/shareArticle?mini=true&amp;url=https:\/\/www.uretek.ch\/it\/wp-json\/wp\/v2\/pages\/21543\" title=\"Condividilo\" aria-label=\"Condividilo\" onclick=\"window.open(this.href, &quot;linkedin&quot;, &quot;toolbar=no,width=550,height=550&quot;); return false;\"><i class=\"fab fa-linkedin\"><\/i><\/a><\/div><\/div><\/div><\/div><\/div><\/div><div class=\"g-cols wpb_row via_flex valign_top type_default stacking_default\"><div class=\"vc_col-sm-12 vc_hidden-lg vc_hidden-md wpb_column vc_column_container\"><div class=\"vc_column-inner\"><div class=\"wpb_wrapper\"><div class=\"w-separator size_large\"><\/div><div class=\"w-popup w-btn-wrapper align_center\"><button aria-label=\"Consulenza gratuita\" class=\"w-popup-trigger type_btn w-btn us-btn-style_8\"><span class=\"w-btn-label\">Consulenza gratuita<\/span><\/button><div class=\"w-popup-overlay\" style=\"background:rgba(239,125,0,0.8);\"><\/div><div class=\"w-popup-wrap layout_default\" style=\"--title-color:var(--color-content-heading);--title-bg-color:#ffffff;--content-color:var(--color-content-text);--content-bg-color:var(--color-content-bg);--popup-width:600px;--popup-padding:5%;\"><div class=\"w-popup-box animation_fadeIn closerpos_outside with_title\"><div class=\"w-popup-box-h\"><div class=\"w-popup-box-title\">Consulenza gratuita<\/div><div class=\"w-popup-box-content\"><p class=\"p1\">\n<div class=\"wpcf7 no-js\" id=\"wpcf7-f11348-o1\" lang=\"de-DE\" dir=\"ltr\">\n<div class=\"screen-reader-response\"><p role=\"status\" aria-live=\"polite\" aria-atomic=\"true\"><\/p> <ul><\/ul><\/div>\n<form action=\"\/it\/wp-json\/wp\/v2\/pages\/21543#wpcf7-f11348-o1\" method=\"post\" class=\"wpcf7-form init\" aria-label=\"Kontaktformular\" enctype=\"multipart\/form-data\" novalidate=\"novalidate\" data-status=\"init\">\n<div style=\"display: none;\">\n<input type=\"hidden\" name=\"_wpcf7\" value=\"11348\" \/>\n<input type=\"hidden\" name=\"_wpcf7_version\" value=\"5.9.6\" \/>\n<input type=\"hidden\" name=\"_wpcf7_locale\" value=\"de_DE\" \/>\n<input type=\"hidden\" name=\"_wpcf7_unit_tag\" value=\"wpcf7-f11348-o1\" \/>\n<input type=\"hidden\" name=\"_wpcf7_container_post\" value=\"0\" \/>\n<input type=\"hidden\" name=\"_wpcf7_posted_data_hash\" value=\"\" \/>\n<\/div>\n<p>Desidero:<br \/>\n<span class=\"wpcf7-form-control-wrap\" data-name=\"checkbox-901\"><span class=\"wpcf7-form-control wpcf7-checkbox\"><span class=\"wpcf7-list-item first\"><input type=\"checkbox\" name=\"checkbox-901[]\" value=\"Un sopralluogo gratuito\" \/><span class=\"wpcf7-list-item-label\">Un sopralluogo gratuito<\/span><\/span><span class=\"wpcf7-list-item\"><input type=\"checkbox\" name=\"checkbox-901[]\" value=\"Informazioni telefoniche\" \/><span class=\"wpcf7-list-item-label\">Informazioni telefoniche<\/span><\/span><span class=\"wpcf7-list-item last\"><input type=\"checkbox\" name=\"checkbox-901[]\" value=\"Documentazione\" \/><span class=\"wpcf7-list-item-label\">Documentazione<\/span><\/span><\/span><\/span>\n<\/p>\n<p>In caso volesse (a sopralluogo gi\u00e0 avvenuto) una veloce stima dei costi la preghiamo di inviarci il progetto dell\u2019oggetto dell\u2019intervento con evidenziata l\u2019area da trattare ed alcune informazioni relative alla situazione in situ inclusa, qualora nota, la geologia.\n<\/p>\n<div class=\"form_spacer\">\n\t<p><span class=\"wpcf7-form-control-wrap\" data-name=\"file-896\"><input size=\"40\" class=\"wpcf7-form-control wpcf7-file\" accept=\".jpg,.jpeg,.png,.gif,.pdf,.doc,.docx\" aria-invalid=\"false\" type=\"file\" name=\"file-896\" \/><\/span>\n\t<\/p>\n<\/div>\n<p style=\"padding-top:10px;\">\n<\/p>\n<div class=\"form_spacer\">\n\t<p><span class=\"wpcf7-form-control-wrap\" data-name=\"menu-89\"><select class=\"wpcf7-form-control wpcf7-select\" aria-invalid=\"false\" name=\"menu-89\"><option value=\"Signor\">Signor<\/option><option value=\"Donna\">Donna<\/option><\/select><\/span>\n\t<\/p>\n<\/div>\n<div class=\"form_half\">\n\t<p><span class=\"wpcf7-form-control-wrap\" data-name=\"vorname\"><input size=\"40\" maxlength=\"80\" class=\"wpcf7-form-control wpcf7-text wpcf7-validates-as-required\" aria-required=\"true\" aria-invalid=\"false\" placeholder=\"Nome*\" value=\"\" type=\"text\" name=\"vorname\" \/><\/span>\n\t<\/p>\n<\/div>\n<div class=\"form_half form_half_last\">\n\t<p><span class=\"wpcf7-form-control-wrap\" data-name=\"nachname\"><input size=\"40\" maxlength=\"80\" class=\"wpcf7-form-control wpcf7-text wpcf7-validates-as-required\" aria-required=\"true\" aria-invalid=\"false\" placeholder=\"Cognome*\" value=\"\" type=\"text\" name=\"nachname\" \/><\/span>\n\t<\/p>\n<\/div>\n<div class=\"form_spacer\">\n\t<p><span class=\"wpcf7-form-control-wrap\" data-name=\"firmenname\"><input size=\"40\" maxlength=\"80\" class=\"wpcf7-form-control wpcf7-text\" aria-invalid=\"false\" placeholder=\"Azienda\" value=\"\" type=\"text\" name=\"firmenname\" \/><\/span>\n\t<\/p>\n<\/div>\n<div class=\"form_spacer\">\n\t<p><span class=\"wpcf7-form-control-wrap\" data-name=\"strasse\"><input size=\"40\" maxlength=\"80\" class=\"wpcf7-form-control wpcf7-text\" aria-invalid=\"false\" placeholder=\"Strada\/No.\" value=\"\" type=\"text\" name=\"strasse\" \/><\/span>\n\t<\/p>\n<\/div>\n<div class=\"form_third\">\n\t<p><span class=\"wpcf7-form-control-wrap\" data-name=\"plz\"><input size=\"40\" maxlength=\"80\" class=\"wpcf7-form-control wpcf7-text\" aria-invalid=\"false\" placeholder=\"NPA\" value=\"\" type=\"text\" name=\"plz\" \/><\/span>\n\t<\/p>\n<\/div>\n<div class=\"form_third_last\">\n\t<p><span class=\"wpcf7-form-control-wrap\" data-name=\"ort\"><input size=\"40\" maxlength=\"80\" class=\"wpcf7-form-control wpcf7-text\" aria-invalid=\"false\" placeholder=\"Localit\u00e0\" value=\"\" type=\"text\" name=\"ort\" \/><\/span>\n\t<\/p>\n<\/div>\n<div class=\"form_half\">\n\t<p><span class=\"wpcf7-form-control-wrap\" data-name=\"telefon\"><input size=\"40\" maxlength=\"80\" class=\"wpcf7-form-control wpcf7-tel wpcf7-text wpcf7-validates-as-tel\" aria-invalid=\"false\" placeholder=\"Telefono\" value=\"\" type=\"tel\" name=\"telefon\" \/><\/span>\n\t<\/p>\n<\/div>\n<div class=\"form_half form_half_last\">\n\t<p><span class=\"wpcf7-form-control-wrap\" data-name=\"email-72\"><input size=\"40\" maxlength=\"80\" class=\"wpcf7-form-control wpcf7-email wpcf7-validates-as-required wpcf7-text wpcf7-validates-as-email\" aria-required=\"true\" aria-invalid=\"false\" placeholder=\"Indirizzo e-mail*\" value=\"\" type=\"email\" name=\"email-72\" \/><\/span>\n\t<\/p>\n<\/div>\n<div class=\"form_spacer\">\n\t<p><span class=\"wpcf7-form-control-wrap\" data-name=\"your-subject\"><input size=\"40\" maxlength=\"80\" class=\"wpcf7-form-control wpcf7-text\" aria-invalid=\"false\" placeholder=\"Riguardo\" value=\"\" type=\"text\" name=\"your-subject\" \/><\/span>\n\t<\/p>\n<\/div>\n<div class=\"form_spacer\">\n\t<p><span class=\"wpcf7-form-control-wrap\" data-name=\"your-message\"><textarea cols=\"40\" rows=\"10\" maxlength=\"400\" class=\"wpcf7-form-control wpcf7-textarea\" aria-invalid=\"false\" placeholder=\"Messaggio\" name=\"your-message\"><\/textarea><\/span>\n\t<\/p>\n<\/div>\n<div class=\"form_spacer\" style=\"font-size:0.9rem;\">\n\t<p>Per proteggersi dallo spam, rispondi alla seguente domanda: <span class=\"wpcf7-form-control-wrap\" data-name=\"quiz-594\"><label><span class=\"wpcf7-quiz-label\">otto + tre = ? (numero come parola)<\/span> <input size=\"40\" class=\"wpcf7-form-control wpcf7-quiz\" autocomplete=\"off\" aria-required=\"true\" aria-invalid=\"false\" type=\"text\" name=\"quiz-594\" \/><\/label><input type=\"hidden\" name=\"_wpcf7_quiz_answer_quiz-594\" value=\"456d45dcf2b4645ab047dc3911619491\" \/><\/span>\n\t<\/p>\n<\/div>\n<div id=\"anfrage\">\n\t<p><input class=\"wpcf7-form-control wpcf7-submit has-spinner\" type=\"submit\" value=\"Invia modulo\" \/>\n\t<\/p>\n<\/div>\n<div class=\"form_spacer\">\n\t<p><span class=\"wpcf7-form-control-wrap\" data-name=\"acceptance-277\"><span class=\"wpcf7-form-control wpcf7-acceptance\"><span class=\"wpcf7-list-item\"><label><input type=\"checkbox\" name=\"acceptance-277\" value=\"1\" aria-invalid=\"false\" \/><span class=\"wpcf7-list-item-label\">Dichiara di accettare che i Suoi dati vengano utilizzati per l\u2019elaborazione della Sua richiesta e di aver letto la nostra <a href=\"https:\/\/www.uretek.ch\/it\/protezione-dei-dati\/\" target=\"_blank\">dichiarazione sulla protezione dei dati.<\/a> I Suoi dati di contatto non saranno inoltrati a terzi.<\/span><\/label><\/span><\/span><\/span>\n\t<\/p>\n<\/div><div class=\"wpcf7-response-output\" aria-hidden=\"true\"><\/div>\n<\/form>\n<\/div>\n<\/div><\/div><\/div><div class=\"w-popup-closer\"><\/div><\/div><\/div><\/div><\/div><\/div><\/div><\/div><\/div><\/div><\/div><\/div><\/section>\n<\/div><\/div><\/div><\/div><\/div><\/section>\n","protected":false},"excerpt":{"rendered":"Tecnologia [vc_wp_custommenu nav_menu=\"294\"]Crepe? Cedimenti? Edifici inclinati? Richiedi una consulenza Tel. 041 676 00 80 [vc_raw_js]JTNDc2NyaXB0JTNFJTBBZG9jdW1lbnQuYWRkRXZlbnRMaXN0ZW5lciUyOCUyMCUyN3dwY2Y3bWFpbHNlbnQlMjclMkMlMjBmdW5jdGlvbiUyOCUyMGV2ZW50JTIwJTI5JTIwJTdCJTBBJTIwJTIwJTIwJTIwbG9jYXRpb24lMjAlM0QlMjAlMjdodHRwcyUzQSUyRiUyRnd3dy51cmV0ZWsuY2glMkZpdCUyRmNvbnRhdHRvJTJGZ3JhemllLXBlci1sYS1yaWNoaWVzdGElMkYlMjclM0IlMEElN0QlMkMlMjBmYWxzZSUyMCUyOSUzQiUwQSUzQyUyRnNjcmlwdCUzRQ==[\/vc_raw_js]Consulenza gratuita Iniezioni di prova con resina URETEK, N8 Faulensee \u2013 Leissigen Per bypassare gli imbuti carsici di gesso nel sottofondo stradale pi\u00f9 profondo sono state effettuate iniezioni di prova nella zona delle falde acquifere. Il monitoraggio aggiuntivo non ha mostrato...","protected":false},"author":1,"featured_media":0,"parent":21253,"menu_order":3,"comment_status":"closed","ping_status":"closed","template":"","meta":{"footnotes":""},"class_list":["post-21543","page","type-page","status-publish","hentry"],"yoast_head":"<!-- This site is optimized with the Yoast SEO plugin v23.0 - https:\/\/yoast.com\/wordpress\/plugins\/seo\/ -->\n<title>Campo prova e monitoraggio falda acquifera &#187; URETEK Schweiz AG<\/title>\n<meta name=\"robots\" content=\"index, follow, max-snippet:-1, max-image-preview:large, max-video-preview:-1\" \/>\n<link rel=\"canonical\" href=\"https:\/\/www.uretek.ch\/it\/tecnica-di-iniezione\/ambiente\/campo-prova-e-monitoraggio-falda-acquifera\/\" \/>\n<meta property=\"og:locale\" content=\"it_IT\" \/>\n<meta property=\"og:type\" content=\"article\" \/>\n<meta property=\"og:title\" content=\"Campo prova e monitoraggio falda acquifera &#187; URETEK Schweiz AG\" \/>\n<meta property=\"og:url\" content=\"https:\/\/www.uretek.ch\/it\/tecnica-di-iniezione\/ambiente\/campo-prova-e-monitoraggio-falda-acquifera\/\" \/>\n<meta property=\"og:site_name\" content=\"URETEK Schweiz AG\" \/>\n<meta property=\"article:modified_time\" content=\"2024-05-14T13:48:10+00:00\" \/>\n<meta name=\"twitter:card\" content=\"summary_large_image\" \/>\n<meta name=\"twitter:label1\" content=\"Tempo di lettura stimato\" \/>\n\t<meta name=\"twitter:data1\" content=\"5 minuti\" \/>\n<script type=\"application\/ld+json\" class=\"yoast-schema-graph\">{\"@context\":\"https:\/\/schema.org\",\"@graph\":[{\"@type\":\"WebPage\",\"@id\":\"https:\/\/www.uretek.ch\/it\/tecnica-di-iniezione\/ambiente\/campo-prova-e-monitoraggio-falda-acquifera\/\",\"url\":\"https:\/\/www.uretek.ch\/it\/tecnica-di-iniezione\/ambiente\/campo-prova-e-monitoraggio-falda-acquifera\/\",\"name\":\"Campo prova e monitoraggio falda acquifera &#187; URETEK Schweiz AG\",\"isPartOf\":{\"@id\":\"https:\/\/www.uretek.ch\/it\/#website\"},\"datePublished\":\"2019-01-18T10:42:13+00:00\",\"dateModified\":\"2024-05-14T13:48:10+00:00\",\"breadcrumb\":{\"@id\":\"https:\/\/www.uretek.ch\/it\/tecnica-di-iniezione\/ambiente\/campo-prova-e-monitoraggio-falda-acquifera\/#breadcrumb\"},\"inLanguage\":\"it-IT\",\"potentialAction\":[{\"@type\":\"ReadAction\",\"target\":[\"https:\/\/www.uretek.ch\/it\/tecnica-di-iniezione\/ambiente\/campo-prova-e-monitoraggio-falda-acquifera\/\"]}]},{\"@type\":\"BreadcrumbList\",\"@id\":\"https:\/\/www.uretek.ch\/it\/tecnica-di-iniezione\/ambiente\/campo-prova-e-monitoraggio-falda-acquifera\/#breadcrumb\",\"itemListElement\":[{\"@type\":\"ListItem\",\"position\":1,\"name\":\"Home\",\"item\":\"https:\/\/www.uretek.ch\/it\/\"},{\"@type\":\"ListItem\",\"position\":2,\"name\":\"Tecnica di iniezione\",\"item\":\"https:\/\/www.uretek.ch\/it\/tecnica-di-iniezione\/\"},{\"@type\":\"ListItem\",\"position\":3,\"name\":\"Ambiente\",\"item\":\"https:\/\/www.uretek.ch\/it\/tecnica-di-iniezione\/ambiente\/\"},{\"@type\":\"ListItem\",\"position\":4,\"name\":\"Campo prova e monitoraggio falda acquifera\"}]},{\"@type\":\"WebSite\",\"@id\":\"https:\/\/www.uretek.ch\/it\/#website\",\"url\":\"https:\/\/www.uretek.ch\/it\/\",\"name\":\"URETEK Schweiz AG\",\"description\":\"\",\"potentialAction\":[{\"@type\":\"SearchAction\",\"target\":{\"@type\":\"EntryPoint\",\"urlTemplate\":\"https:\/\/www.uretek.ch\/it\/?s={search_term_string}\"},\"query-input\":\"required name=search_term_string\"}],\"inLanguage\":\"it-IT\"}]}<\/script>\n<!-- \/ Yoast SEO plugin. -->","yoast_head_json":{"title":"Campo prova e monitoraggio falda acquifera &#187; URETEK Schweiz AG","robots":{"index":"index","follow":"follow","max-snippet":"max-snippet:-1","max-image-preview":"max-image-preview:large","max-video-preview":"max-video-preview:-1"},"canonical":"https:\/\/www.uretek.ch\/it\/tecnica-di-iniezione\/ambiente\/campo-prova-e-monitoraggio-falda-acquifera\/","og_locale":"it_IT","og_type":"article","og_title":"Campo prova e monitoraggio falda acquifera &#187; URETEK Schweiz AG","og_url":"https:\/\/www.uretek.ch\/it\/tecnica-di-iniezione\/ambiente\/campo-prova-e-monitoraggio-falda-acquifera\/","og_site_name":"URETEK Schweiz AG","article_modified_time":"2024-05-14T13:48:10+00:00","twitter_card":"summary_large_image","twitter_misc":{"Tempo di lettura stimato":"5 minuti"},"schema":{"@context":"https:\/\/schema.org","@graph":[{"@type":"WebPage","@id":"https:\/\/www.uretek.ch\/it\/tecnica-di-iniezione\/ambiente\/campo-prova-e-monitoraggio-falda-acquifera\/","url":"https:\/\/www.uretek.ch\/it\/tecnica-di-iniezione\/ambiente\/campo-prova-e-monitoraggio-falda-acquifera\/","name":"Campo prova e monitoraggio falda acquifera &#187; URETEK Schweiz AG","isPartOf":{"@id":"https:\/\/www.uretek.ch\/it\/#website"},"datePublished":"2019-01-18T10:42:13+00:00","dateModified":"2024-05-14T13:48:10+00:00","breadcrumb":{"@id":"https:\/\/www.uretek.ch\/it\/tecnica-di-iniezione\/ambiente\/campo-prova-e-monitoraggio-falda-acquifera\/#breadcrumb"},"inLanguage":"it-IT","potentialAction":[{"@type":"ReadAction","target":["https:\/\/www.uretek.ch\/it\/tecnica-di-iniezione\/ambiente\/campo-prova-e-monitoraggio-falda-acquifera\/"]}]},{"@type":"BreadcrumbList","@id":"https:\/\/www.uretek.ch\/it\/tecnica-di-iniezione\/ambiente\/campo-prova-e-monitoraggio-falda-acquifera\/#breadcrumb","itemListElement":[{"@type":"ListItem","position":1,"name":"Home","item":"https:\/\/www.uretek.ch\/it\/"},{"@type":"ListItem","position":2,"name":"Tecnica di iniezione","item":"https:\/\/www.uretek.ch\/it\/tecnica-di-iniezione\/"},{"@type":"ListItem","position":3,"name":"Ambiente","item":"https:\/\/www.uretek.ch\/it\/tecnica-di-iniezione\/ambiente\/"},{"@type":"ListItem","position":4,"name":"Campo prova e monitoraggio falda acquifera"}]},{"@type":"WebSite","@id":"https:\/\/www.uretek.ch\/it\/#website","url":"https:\/\/www.uretek.ch\/it\/","name":"URETEK Schweiz AG","description":"","potentialAction":[{"@type":"SearchAction","target":{"@type":"EntryPoint","urlTemplate":"https:\/\/www.uretek.ch\/it\/?s={search_term_string}"},"query-input":"required name=search_term_string"}],"inLanguage":"it-IT"}]}},"_links":{"self":[{"href":"https:\/\/www.uretek.ch\/it\/wp-json\/wp\/v2\/pages\/21543","targetHints":{"allow":["GET"]}}],"collection":[{"href":"https:\/\/www.uretek.ch\/it\/wp-json\/wp\/v2\/pages"}],"about":[{"href":"https:\/\/www.uretek.ch\/it\/wp-json\/wp\/v2\/types\/page"}],"author":[{"embeddable":true,"href":"https:\/\/www.uretek.ch\/it\/wp-json\/wp\/v2\/users\/1"}],"replies":[{"embeddable":true,"href":"https:\/\/www.uretek.ch\/it\/wp-json\/wp\/v2\/comments?post=21543"}],"version-history":[{"count":22,"href":"https:\/\/www.uretek.ch\/it\/wp-json\/wp\/v2\/pages\/21543\/revisions"}],"predecessor-version":[{"id":33414,"href":"https:\/\/www.uretek.ch\/it\/wp-json\/wp\/v2\/pages\/21543\/revisions\/33414"}],"up":[{"embeddable":true,"href":"https:\/\/www.uretek.ch\/it\/wp-json\/wp\/v2\/pages\/21253"}],"wp:attachment":[{"href":"https:\/\/www.uretek.ch\/it\/wp-json\/wp\/v2\/media?parent=21543"}],"curies":[{"name":"wp","href":"https:\/\/api.w.org\/{rel}","templated":true}]}}