{"id":7523,"date":"2016-02-26T15:25:29","date_gmt":"2016-02-26T14:25:29","guid":{"rendered":"http:\/\/www.uretek.ch\/fr\/references\/stabilisation-des-batiments\/projekte-ausland\/"},"modified":"2024-05-14T16:47:28","modified_gmt":"2024-05-14T14:47:28","slug":"projets-internationaux","status":"publish","type":"page","link":"https:\/\/www.uretek.ch\/fr\/projets-de-reference\/references-consolidation-du-sous-sol\/projets-internationaux\/","title":{"rendered":"Projets internationaux"},"content":{"rendered":"<section class=\"l-section wpb_row height_medium\"><div class=\"l-section-h i-cf\"><div class=\"g-cols vc_row via_flex valign_top type_default stacking_default\" style=\"--additional-gap:0.7rem;\"><div class=\"vc_col-sm-4 vc_hidden-xs wpb_column vc_column_container\"><div class=\"vc_column-inner us_custom_169961a8 us_animate_this\"><div class=\"wpb_wrapper\"><div class=\"wpb_text_column us_custom_b28c7429\"><div class=\"wpb_wrapper\"><h3>Projets de r\u00e9f\u00e9rence<\/h3>\n<\/div><\/div>[vc_wp_custommenu nav_menu=\u00a0\u00bb18&Prime;]<div class=\"w-separator size_medium\"><\/div><section class=\"l-section wpb_row us_custom_db465dfd height_auto width_full color_alternate\"><div class=\"l-section-h i-cf\"><div class=\"g-cols vc_row via_flex valign_top type_boxes stacking_default\"><div class=\"vc_col-sm-12 wpb_column vc_column_container\"><div class=\"vc_column-inner us_custom_2c4f4a12\"><div class=\"wpb_wrapper\"><div class=\"wpb_text_column\"><div class=\"wpb_wrapper\"><h3><span style=\"color: #73442d\">Fissures? Tassements? B\u00e2timents bascul\u00e9s?<\/span><\/h3>\n<\/div><\/div><div class=\"w-image align_none\"><div class=\"w-image-h\"><img decoding=\"async\" width=\"450\" height=\"262\" src=\"https:\/\/www.uretek.ch\/wp-content\/uploads\/2020\/03\/uretek-experte-office-450x262.jpg\" class=\"attachment-medium size-medium\" alt=\"\" loading=\"lazy\" srcset=\"https:\/\/www.uretek.ch\/wp-content\/uploads\/2020\/03\/uretek-experte-office-450x262.jpg 450w, https:\/\/www.uretek.ch\/wp-content\/uploads\/2020\/03\/uretek-experte-office-600x350.jpg 600w, https:\/\/www.uretek.ch\/wp-content\/uploads\/2020\/03\/uretek-experte-office-768x448.jpg 768w, https:\/\/www.uretek.ch\/wp-content\/uploads\/2020\/03\/uretek-experte-office.jpg 1024w\" sizes=\"auto, (max-width: 450px) 100vw, 450px\" \/><\/div><\/div><div class=\"w-separator size_custom\" style=\"height:15px\"><\/div><div class=\"wpb_text_column\"><div class=\"wpb_wrapper\"><p><strong>Nos conseillers sont \u00e0 votre disposition<\/strong><br \/>\nT\u00e9l. 041 676 00 80<\/p>\n<\/div><\/div>[vc_raw_js]JTNDc2NyaXB0JTNFJTBBZG9jdW1lbnQuYWRkRXZlbnRMaXN0ZW5lciUyOCUyMCUyN3dwY2Y3bWFpbHNlbnQlMjclMkMlMjBmdW5jdGlvbiUyOCUyMGV2ZW50JTIwJTI5JTIwJTdCJTBBJTIwJTIwJTIwJTIwbG9jYXRpb24lMjAlM0QlMjAlMjdodHRwcyUzQSUyRiUyRnd3dy51cmV0ZWsuY2glMkZmciUyRmNvbnRhY3QlMkZtZXJjaS1wb3VyLXZvdHJlLWRlbWFuZGUlMkYlMjclM0IlMEElN0QlMkMlMjBmYWxzZSUyMCUyOSUzQiUwQSUzQyUyRnNjcmlwdCUzRQ==[\/vc_raw_js]<div class=\"w-btn-wrapper align_none\"><a class=\"w-btn us-btn-style_7\" href=\"\/fr\/contact\/\"><span class=\"w-btn-label\">Conseil gratuit<\/span><\/a><\/div><\/div><\/div><\/div><\/div><\/div><\/section>\n<\/div><\/div><\/div><div class=\"vc_col-sm-8 wpb_column vc_column_container\"><div class=\"vc_column-inner\"><div class=\"wpb_wrapper\"><div class=\"g-cols wpb_row us_custom_bc0519ba via_flex valign_middle type_boxes stacking_default\"><div class=\"vc_col-sm-10 wpb_column vc_column_container\"><div class=\"vc_column-inner us_custom_2c4f4a12\"><div class=\"wpb_wrapper\"><div class=\"wpb_text_column\"><div class=\"wpb_wrapper\"><h1>Consolidation du sous-sol par injections de r\u00e9sine:<br \/>\nProjets internationaux<\/h1>\n<\/div><\/div><\/div><\/div><\/div><div class=\"vc_col-sm-2 vc_hidden-sm vc_hidden-xs wpb_column vc_column_container\"><div class=\"vc_column-inner us_custom_84999e27\"><div class=\"wpb_wrapper\"><div class=\"w-image align_center\"><a href=\"http:\/\/www.uretek.ch\/fr\/domaines-d-utilisation\/consolidation-du-sous-sol\/\" aria-label=\"deep_injections_icon_75px_fr\" class=\"w-image-h\"><img decoding=\"async\" width=\"70\" height=\"75\" src=\"https:\/\/www.uretek.ch\/wp-content\/uploads\/2016\/01\/deep_injections_icon_75px_fr.png\" class=\"attachment-full size-full\" alt=\"\" loading=\"lazy\" \/><\/a><\/div><\/div><\/div><\/div><\/div><div class=\"w-separator size_medium\"><\/div><div class=\"g-cols wpb_row via_flex valign_top type_default stacking_default\"><div class=\"vc_col-sm-6 wpb_column vc_column_container\"><div class=\"vc_column-inner\"><div class=\"wpb_wrapper\"><div class=\"w-image align_none\"><a ref=\"magnificPopup\" href=\"https:\/\/www.uretek.ch\/wp-content\/uploads\/2016\/01\/Elysee-Palast_-_Hauptbild.jpg\" aria-label=\"Palais de l\u2019\u00c9lys\u00e9e, Paris\" class=\"w-image-h\"><img decoding=\"async\" width=\"600\" height=\"400\" src=\"https:\/\/www.uretek.ch\/wp-content\/uploads\/2016\/01\/Elysee-Palast_-_Hauptbild-600x400.jpg\" class=\"attachment-us_600_0 size-us_600_0\" alt=\"\" loading=\"lazy\" srcset=\"https:\/\/www.uretek.ch\/wp-content\/uploads\/2016\/01\/Elysee-Palast_-_Hauptbild-600x400.jpg 600w, https:\/\/www.uretek.ch\/wp-content\/uploads\/2016\/01\/Elysee-Palast_-_Hauptbild-450x301.jpg 450w\" sizes=\"auto, (max-width: 600px) 100vw, 600px\" \/><\/a><\/div><\/div><\/div><\/div><div class=\"vc_col-sm-6 wpb_column vc_column_container\"><div class=\"vc_column-inner\"><div class=\"wpb_wrapper\"><div class=\"wpb_text_column\"><div class=\"wpb_wrapper\"><h3>Paris: Palais de l\u2019\u00c9lys\u00e9e<\/h3>\n<p>Le Grand Palais a \u00e9t\u00e9 construit au d\u00e9but du XVIII\u00e8me si\u00e8cle et constitue un lieu riche en histoire, qui attire un grand nombre de visiteurs.<\/p>\n<\/div><\/div><div class=\"w-btn-wrapper align_none\"><a class=\"w-btn us-btn-style_5 icon_atleft\" href=\"http:\/\/www.uretek.ch\/fr\/projet-de-reference\/palais-de-l-elysee-paris\/\"><i class=\"fas fa-chevron-right\"><\/i><span class=\"w-btn-label\">Rapport complet<\/span><\/a><\/div><\/div><\/div><\/div><\/div><div class=\"w-separator size_medium with_line width_default thick_2 style_solid color_border align_center\"><div class=\"w-separator-h\"><\/div><\/div><div class=\"g-cols wpb_row via_flex valign_top type_default stacking_default\"><div class=\"vc_col-sm-6 wpb_column vc_column_container\"><div class=\"vc_column-inner\"><div class=\"wpb_wrapper\"><div class=\"w-image align_none\"><a ref=\"magnificPopup\" href=\"https:\/\/www.uretek.ch\/wp-content\/uploads\/2016\/01\/F1010013.jpg\" aria-label=\"Complexe immobilier, Paris\" class=\"w-image-h\"><img decoding=\"async\" width=\"600\" height=\"400\" src=\"https:\/\/www.uretek.ch\/wp-content\/uploads\/2016\/01\/F1010013-600x400.jpg\" class=\"attachment-us_600_0 size-us_600_0\" alt=\"\" loading=\"lazy\" srcset=\"https:\/\/www.uretek.ch\/wp-content\/uploads\/2016\/01\/F1010013-600x400.jpg 600w, https:\/\/www.uretek.ch\/wp-content\/uploads\/2016\/01\/F1010013-450x301.jpg 450w\" sizes=\"auto, (max-width: 600px) 100vw, 600px\" \/><\/a><\/div><\/div><\/div><\/div><div class=\"vc_col-sm-6 wpb_column vc_column_container\"><div class=\"vc_column-inner\"><div class=\"wpb_wrapper\"><div class=\"wpb_text_column\"><div class=\"wpb_wrapper\"><h3>Paris: stabilisation d\u2019un grand complexe d\u2019habitations<\/h3>\n<p>Situ\u00e9 le long du fort du Kremlin-Bic\u00eatre, un quartier d\u2019immeubles, propri\u00e9t\u00e9 de la Soci\u00e9t\u00e9 Nationale Immobili\u00e8re (S.N.I.), vient de faire l\u2019objet d\u2019une r\u00e9novation lourde assortie d\u2019une requalification esth\u00e9tique.<\/p>\n<\/div><\/div><div class=\"w-btn-wrapper align_none\"><a class=\"w-btn us-btn-style_5 icon_atleft\" href=\"http:\/\/www.uretek.ch\/fr\/projet-de-reference\/complexe-immobilier-paris\/\"><i class=\"fas fa-chevron-right\"><\/i><span class=\"w-btn-label\">Rapport complet<\/span><\/a><\/div><\/div><\/div><\/div><\/div><div class=\"w-separator size_medium with_line width_default thick_2 style_solid color_border align_center\"><div class=\"w-separator-h\"><\/div><\/div><div class=\"g-cols wpb_row via_flex valign_top type_default stacking_default\"><div class=\"vc_col-sm-6 wpb_column vc_column_container\"><div class=\"vc_column-inner\"><div class=\"wpb_wrapper\"><div class=\"w-image align_none\"><a ref=\"magnificPopup\" href=\"https:\/\/www.uretek.ch\/wp-content\/uploads\/2016\/01\/MusZum-NdHN_Paris_Img-1.jpg\" aria-label=\"Mus\u00e9um National d\u2019Histoire Naturelle, Paris\" class=\"w-image-h\"><img decoding=\"async\" width=\"600\" height=\"400\" src=\"https:\/\/www.uretek.ch\/wp-content\/uploads\/2016\/01\/MusZum-NdHN_Paris_Img-1-600x400.jpg\" class=\"attachment-us_600_0 size-us_600_0\" alt=\"\" loading=\"lazy\" srcset=\"https:\/\/www.uretek.ch\/wp-content\/uploads\/2016\/01\/MusZum-NdHN_Paris_Img-1-600x400.jpg 600w, https:\/\/www.uretek.ch\/wp-content\/uploads\/2016\/01\/MusZum-NdHN_Paris_Img-1-450x301.jpg 450w\" sizes=\"auto, (max-width: 600px) 100vw, 600px\" \/><\/a><\/div><\/div><\/div><\/div><div class=\"vc_col-sm-6 wpb_column vc_column_container\"><div class=\"vc_column-inner\"><div class=\"wpb_wrapper\"><div class=\"wpb_text_column\"><div class=\"wpb_wrapper\"><h3>Paris: Mus\u00e9um National d\u2019Histoire Naturelle<\/h3>\n<p>Le Mus\u00e9um National d\u2019Histoire Naturelle \u00e0 Paris, h\u00e9berg\u00e9 dans un b\u00e2timent datant du 18\u00e8me si\u00e8cle, abrite une collection d\u2019environ 2.5 millions de pi\u00e8ces d\u2019exposition, r\u00e9parties dans des salles d\u2019exposition sur une surface totale de 3000 m<sup>2<\/sup>.<\/p>\n<\/div><\/div><div class=\"w-btn-wrapper align_none\"><a class=\"w-btn us-btn-style_5 icon_atleft\" href=\"http:\/\/www.uretek.ch\/fr\/projet-de-reference\/museum-national-d-histoire-naturelle-paris\/\"><i class=\"fas fa-chevron-right\"><\/i><span class=\"w-btn-label\">Rapport complet<\/span><\/a><\/div><\/div><\/div><\/div><\/div><div class=\"w-separator size_medium with_line width_default thick_2 style_solid color_border align_center\"><div class=\"w-separator-h\"><\/div><\/div><div class=\"g-cols wpb_row via_flex valign_top type_default stacking_default\"><div class=\"vc_col-sm-6 wpb_column vc_column_container\"><div class=\"vc_column-inner\"><div class=\"wpb_wrapper\"><div class=\"w-image align_none\"><a ref=\"magnificPopup\" href=\"https:\/\/www.uretek.ch\/wp-content\/uploads\/2016\/01\/VENEZIA_42765841.jpg\" aria-label=\"Palazzo Punta della Dogana, Venise\" class=\"w-image-h\"><img decoding=\"async\" width=\"600\" height=\"400\" src=\"https:\/\/www.uretek.ch\/wp-content\/uploads\/2016\/01\/VENEZIA_42765841-600x400.jpg\" class=\"attachment-us_600_0 size-us_600_0\" alt=\"\" loading=\"lazy\" srcset=\"https:\/\/www.uretek.ch\/wp-content\/uploads\/2016\/01\/VENEZIA_42765841-600x400.jpg 600w, https:\/\/www.uretek.ch\/wp-content\/uploads\/2016\/01\/VENEZIA_42765841-450x300.jpg 450w, https:\/\/www.uretek.ch\/wp-content\/uploads\/2016\/01\/VENEZIA_42765841-1024x682.jpg 1024w, https:\/\/www.uretek.ch\/wp-content\/uploads\/2016\/01\/VENEZIA_42765841.jpg 1772w\" sizes=\"auto, (max-width: 600px) 100vw, 600px\" \/><\/a><\/div><\/div><\/div><\/div><div class=\"vc_col-sm-6 wpb_column vc_column_container\"><div class=\"vc_column-inner\"><div class=\"wpb_wrapper\"><div class=\"wpb_text_column\"><div class=\"wpb_wrapper\"><h3>Venise: la s\u00e9curit\u00e9 de la \u00abDogana da Mar\u00bb est de nouveau assur\u00e9e<\/h3>\n<p>Du point de vue historique, la Punta della Dogana, \u00e9galement appel\u00e9e \u00abDogana da Mar\u00bb, est un endroit o\u00f9 toutes les marchandises \u00e0 destination de Venise \u00e9taient charg\u00e9es, stock\u00e9es puis distribu\u00e9es. Cet ouvrage commenc\u00e9 en 1677 offre un point de vue in\u00e9galable sur le bassin de San Marco, qui s\u00e9pare le canal Giudecca du Canal Grande.<\/p>\n<\/div><\/div><div class=\"w-btn-wrapper align_none\"><a class=\"w-btn us-btn-style_5 icon_atleft\" href=\"http:\/\/www.uretek.ch\/fr\/projet-de-reference\/palazzo-punta-della-dogana-venise\/\"><i class=\"fas fa-chevron-right\"><\/i><span class=\"w-btn-label\">Rapport complet<\/span><\/a><\/div><\/div><\/div><\/div><\/div><div class=\"w-separator size_medium with_line width_default thick_2 style_solid color_border align_center\"><div class=\"w-separator-h\"><\/div><\/div><div class=\"g-cols wpb_row via_flex valign_top type_default stacking_default\"><div class=\"vc_col-sm-6 wpb_column vc_column_container\"><div class=\"vc_column-inner\"><div class=\"wpb_wrapper\"><div class=\"w-image align_none\"><a ref=\"magnificPopup\" href=\"https:\/\/www.uretek.ch\/wp-content\/uploads\/2016\/01\/DSCN6713.jpg\" aria-label=\"Basilique Santa Anastasia, V\u00e9rone\" class=\"w-image-h\"><img decoding=\"async\" width=\"600\" height=\"400\" src=\"https:\/\/www.uretek.ch\/wp-content\/uploads\/2016\/01\/DSCN6713-600x400.jpg\" class=\"attachment-us_600_0 size-us_600_0\" alt=\"\" loading=\"lazy\" \/><\/a><\/div><\/div><\/div><\/div><div class=\"vc_col-sm-6 wpb_column vc_column_container\"><div class=\"vc_column-inner\"><div class=\"wpb_wrapper\"><div class=\"wpb_text_column\"><div class=\"wpb_wrapper\"><h3>V\u00e9rone: travail de pr\u00e9cision dans la basilique Sainte Anastasi<\/h3>\n<p>La basilique de Sainte Anastasia est consid\u00e9r\u00e9e par beaucoup comme le monument religieux gothique le plus remarquable de V\u00e9rone.<\/p>\n<\/div><\/div><div class=\"w-btn-wrapper align_none\"><a class=\"w-btn us-btn-style_5 icon_atleft\" href=\"http:\/\/www.uretek.ch\/fr\/projet-de-reference\/basilique-santa-anastasia-verone\/\"><i class=\"fas fa-chevron-right\"><\/i><span class=\"w-btn-label\">Rapport complet<\/span><\/a><\/div><\/div><\/div><\/div><\/div><div class=\"w-separator size_medium with_line width_default thick_2 style_solid color_border align_center\"><div class=\"w-separator-h\"><\/div><\/div><div class=\"g-cols wpb_row via_flex valign_top type_default stacking_default\"><div class=\"vc_col-sm-6 wpb_column vc_column_container\"><div class=\"vc_column-inner\"><div class=\"wpb_wrapper\"><div class=\"w-image align_none\"><a ref=\"magnificPopup\" href=\"https:\/\/www.uretek.ch\/wp-content\/uploads\/2016\/01\/Schlickplatz-2_Wien_Img-1.jpg\" aria-label=\"B\u00e2timent de 1900, Vienne\" class=\"w-image-h\"><img decoding=\"async\" width=\"600\" height=\"400\" src=\"https:\/\/www.uretek.ch\/wp-content\/uploads\/2016\/01\/Schlickplatz-2_Wien_Img-1-600x400.jpg\" class=\"attachment-us_600_0 size-us_600_0\" alt=\"\" loading=\"lazy\" \/><\/a><\/div><\/div><\/div><\/div><div class=\"vc_col-sm-6 wpb_column vc_column_container\"><div class=\"vc_column-inner\"><div class=\"wpb_wrapper\"><div class=\"wpb_text_column\"><div class=\"wpb_wrapper\"><h3>Vienne: b\u00e2timent historique<\/h3>\n<p>Le b\u00e2timent construit vers 1900 pr\u00e8s du Schlickplatz 2 \u00e0 Vienne est compos\u00e9 d\u2019une cave, d\u2019un entresol, de trois \u00e9tages et de combles c\u00f4t\u00e9 rue. Les combles devaient faire l\u2019objet d\u2019un am\u00e9nagement dans le cadre d\u2019une r\u00e9habilitation globale du b\u00e2timent.<\/p>\n<\/div><\/div><div class=\"w-btn-wrapper align_none\"><a class=\"w-btn us-btn-style_5 icon_atleft\" href=\"http:\/\/www.uretek.ch\/fr\/projet-de-reference\/batiment-de-1900-vienne\/\"><i class=\"fas fa-chevron-right\"><\/i><span class=\"w-btn-label\">Rapport complet<\/span><\/a><\/div><\/div><\/div><\/div><\/div><div class=\"w-separator size_medium with_line width_default thick_2 style_solid color_border align_center\"><div class=\"w-separator-h\"><\/div><\/div><div class=\"g-cols wpb_row via_flex valign_top type_default stacking_default\"><div class=\"vc_col-sm-6 wpb_column vc_column_container\"><div class=\"vc_column-inner\"><div class=\"wpb_wrapper\"><div class=\"w-image align_none\"><a ref=\"magnificPopup\" href=\"https:\/\/www.uretek.ch\/wp-content\/uploads\/2016\/01\/11.08.05_009.jpg\" aria-label=\"B\u00e2timent du 18e si\u00e8cle, Vienne\" class=\"w-image-h\"><img decoding=\"async\" width=\"600\" height=\"400\" src=\"https:\/\/www.uretek.ch\/wp-content\/uploads\/2016\/01\/11.08.05_009-600x400.jpg\" class=\"attachment-us_600_0 size-us_600_0\" alt=\"\" loading=\"lazy\" \/><\/a><\/div><\/div><\/div><\/div><div class=\"vc_col-sm-6 wpb_column vc_column_container\"><div class=\"vc_column-inner\"><div class=\"wpb_wrapper\"><div class=\"wpb_text_column\"><div class=\"wpb_wrapper\"><h3>Vienne: stabilisation d\u2019un immeuble du 18e si\u00e8cle<\/h3>\n<p>Un d\u00e9fi passionnant au centre de Vienne : la r\u00e9novation de la fa\u00e7ade d\u2019un immeuble du 18e si\u00e8cle. Pour URETEK, une telle probl\u00e9matique implique un traitement du sous-sol. Il s\u2019av\u00e9ra n\u00e9cessaire d\u2019augmenter la pression th\u00e9orique du sol, par rapport \u00e0 la pression r\u00e9elle.<\/p>\n<\/div><\/div><div class=\"w-btn-wrapper align_none\"><a class=\"w-btn us-btn-style_5 icon_atleft\" href=\"http:\/\/www.uretek.ch\/fr\/projet-de-reference\/batiment-du-18e-siecle-vienne\/\"><i class=\"fas fa-chevron-right\"><\/i><span class=\"w-btn-label\">Rapport complet<\/span><\/a><\/div><\/div><\/div><\/div><\/div><div class=\"w-separator size_medium with_line width_default thick_2 style_solid color_border align_center\"><div class=\"w-separator-h\"><\/div><\/div><section class=\"l-section wpb_row height_auto width_full\"><div class=\"l-section-h i-cf\"><div class=\"g-cols vc_row via_flex valign_top type_default stacking_default\"><div class=\"vc_col-sm-12 wpb_column vc_column_container\"><div class=\"vc_column-inner\"><div class=\"wpb_wrapper\"><div class=\"g-cols wpb_row via_flex valign_top type_default stacking_default\"><div class=\"vc_col-sm-12 wpb_column vc_column_container\"><div class=\"vc_column-inner\"><div class=\"wpb_wrapper\"><div class=\"wpb_text_column\"><div class=\"wpb_wrapper\"><h3>Notre force<\/h3>\n<\/div><\/div><div class=\"w-separator size_small\"><\/div><\/div><\/div><\/div><\/div><div class=\"w-tabs accordion-staerken style_default switch_click accordion type_togglable has_scrolling\" style=\"--sections-title-size:inherit\"><div class=\"w-tabs-sections titles-align_none icon_chevron cpos_right\"><div class=\"w-tabs-section has_text_color\" id=\"r767\" style=\"background:#ef7d00;color:#ffffff;\"><button class=\"w-tabs-section-header with_icon\" aria-controls=\"content-r767\" aria-expanded=\"false\"><i class=\"far fa-check-square\"><\/i><h4 class=\"w-tabs-section-title\">RENTABLE<\/h4><div class=\"w-tabs-section-control\"><\/div><\/button><div  class=\"w-tabs-section-content\" id=\"content-r767\"><div class=\"w-tabs-section-content-h i-cf\"><div class=\"wpb_text_column\"><div class=\"wpb_wrapper\"><p>Dans la mesure o\u00f9 les frais li\u00e9s \u00e0 des installations de chantier de grande taille sont supprim\u00e9s et que la r\u00e9novation des volumes de sol concern\u00e9s a lieu rapidement, les co\u00fbts sont tr\u00e8s comp\u00e9titifs par rapport \u00e0 des technologies traditionnelles.<\/p>\n<p>En raison de la force d\u2019expansion rapide, la mati\u00e8re ne peut pas se dilater loin du point d\u2019injection, permettant ainsi de limiter la quantit\u00e9 de mati\u00e8re utilis\u00e9e et donc les frais aff\u00e9rents.<\/p>\n<\/div><\/div><\/div><\/div><\/div><div class=\"w-tabs-section has_text_color\" id=\"i8a2\" style=\"background:#ef8f28;color:#ffffff;\"><button class=\"w-tabs-section-header with_icon\" aria-controls=\"content-i8a2\" aria-expanded=\"false\"><i class=\"far fa-check-square\"><\/i><h4 class=\"w-tabs-section-title\">GAIN DE TEMPS<\/h4><div class=\"w-tabs-section-control\"><\/div><\/button><div  class=\"w-tabs-section-content\" id=\"content-i8a2\"><div class=\"w-tabs-section-content-h i-cf\"><div class=\"wpb_text_column\"><div class=\"wpb_wrapper\"><p>La technologie URETEK ne n\u00e9cessite pas d\u2019\u00e9quipements encombrants, car le dispositif de chantier se trouve sur le camion.<\/p>\n<p><strong>Effet imm\u00e9diat<\/strong><br \/>\nEn comparaison avec les m\u00e9langes de b\u00e9ton, le durcissement de la mati\u00e8re inject\u00e9e a lieu tr\u00e8s rapidement. La r\u00e9sine atteint tr\u00e8s rapidement ses propri\u00e9t\u00e9s m\u00e9caniques d\u00e9finitives. La zone trait\u00e9e peut ainsi \u00eatre utilis\u00e9e apr\u00e8s les travaux.<\/p>\n<\/div><\/div><\/div><\/div><\/div><div class=\"w-tabs-section has_text_color\" id=\"k9c7\" style=\"background:#efa351;color:#ffffff;\"><button class=\"w-tabs-section-header with_icon\" aria-controls=\"content-k9c7\" aria-expanded=\"false\"><i class=\"far fa-check-square\"><\/i><h4 class=\"w-tabs-section-title\">S\u00c9CURIT\u00c9<\/h4><div class=\"w-tabs-section-control\"><\/div><\/button><div  class=\"w-tabs-section-content\" id=\"content-k9c7\"><div class=\"w-tabs-section-content-h i-cf\"><div class=\"wpb_text_column\"><div class=\"wpb_wrapper\"><p>Gr\u00e2ce \u00e0 l\u2019enregistrement pr\u00e9cis ex\u00e9cut\u00e9 apr\u00e8s les travaux par les techniciens URETEK, il est possible de v\u00e9rifier imm\u00e9diatement l\u2019efficacit\u00e9 de la mesure. Il est en outre possible de r\u00e9aliser des contr\u00f4les indirects avant et apr\u00e8s le traitement par des essais g\u00e9otechniques comparatifs (par ex. essais de p\u00e9n\u00e9tration et\/ou proc\u00e9d\u00e9 avec pressiom\u00e8tre).<\/p>\n<\/div><\/div><\/div><\/div><\/div><\/div><\/div><div class=\"g-cols wpb_row via_flex valign_top type_default stacking_default\"><div class=\"vc_col-sm-12 wpb_column vc_column_container\"><div class=\"vc_column-inner\"><div class=\"wpb_wrapper\"><div class=\"w-separator size_large\"><\/div><div class=\"w-sharing type_solid align_none color_default\"><div class=\"w-sharing-list\" data-content-image=\"true\"><a class=\"w-sharing-item email\" href=\"mailto:?subject=Projets internationaux&amp;body=https:\/\/www.uretek.ch\/fr\/wp-json\/wp\/v2\/pages\/7523\" title=\"Envoyer ceci par courriel\" aria-label=\"Envoyer ceci par courriel\"><i class=\"fas fa-envelope\"><\/i><\/a><a class=\"w-sharing-item facebook\" href=\"https:\/\/www.facebook.com\/sharer\/sharer.php?u=https:\/\/www.uretek.ch\/fr\/wp-json\/wp\/v2\/pages\/7523&amp;quote=Projets internationaux\" title=\"Partager ceci\" aria-label=\"Partager ceci\" onclick=\"window.open(this.href, &quot;facebook&quot;, &quot;toolbar=0,width=900,height=500&quot;); return false;\"><i class=\"fab fa-facebook\"><\/i><\/a><a class=\"w-sharing-item twitter\" href=\"https:\/\/twitter.com\/intent\/tweet?text=Projets internationaux&amp;url=https:\/\/www.uretek.ch\/fr\/wp-json\/wp\/v2\/pages\/7523\" title=\"Twitter ceci\" aria-label=\"Twitter ceci\" onclick=\"window.open(this.href, &quot;twitter&quot;, &quot;toolbar=0,width=650,height=360&quot;); return false;\"><i class=\"fab fa-x-twitter\"><svg style=\"width:1em; margin-bottom:-.1em;\" xmlns=\"http:\/\/www.w3.org\/2000\/svg\" viewBox=\"0 0 512 512\"><path fill=\"currentColor\" d=\"M389.2 48h70.6L305.6 224.2 487 464H345L233.7 318.6 106.5 464H35.8L200.7 275.5 26.8 48H172.4L272.9 180.9 389.2 48zM364.4 421.8h39.1L151.1 88h-42L364.4 421.8z\"\/><\/svg><\/i><\/a><a class=\"w-sharing-item linkedin\" href=\"https:\/\/www.linkedin.com\/shareArticle?mini=true&amp;url=https:\/\/www.uretek.ch\/fr\/wp-json\/wp\/v2\/pages\/7523\" title=\"Partager ceci\" aria-label=\"Partager ceci\" onclick=\"window.open(this.href, &quot;linkedin&quot;, &quot;toolbar=no,width=550,height=550&quot;); return false;\"><i class=\"fab fa-linkedin\"><\/i><\/a><\/div><\/div><\/div><\/div><\/div><\/div><div class=\"g-cols wpb_row via_flex valign_top type_default stacking_default\"><div class=\"vc_col-sm-12 vc_hidden-lg vc_hidden-md wpb_column vc_column_container\"><div class=\"vc_column-inner\"><div class=\"wpb_wrapper\"><div class=\"w-separator size_large\"><\/div><div class=\"w-popup w-btn-wrapper align_center\"><button aria-label=\"Conseil gratuit\" class=\"w-popup-trigger type_btn w-btn us-btn-style_8\"><span class=\"w-btn-label\">Conseil gratuit<\/span><\/button><div class=\"w-popup-overlay\" style=\"background:rgba(239,125,0,0.8);\"><\/div><div class=\"w-popup-wrap layout_default\" style=\"--title-color:var(--color-content-heading);--title-bg-color:#ffffff;--content-color:var(--color-content-text);--content-bg-color:var(--color-content-bg);--popup-width:600px;--popup-padding:5%;\"><div class=\"w-popup-box animation_fadeIn closerpos_outside with_title\"><div class=\"w-popup-box-h\"><div class=\"w-popup-box-title\">Conseil gratuit<\/div><div class=\"w-popup-box-content\"><div class=\"wpcf7 no-js\" id=\"wpcf7-f5838-o1\" lang=\"de-DE\" dir=\"ltr\">\n<div class=\"screen-reader-response\"><p role=\"status\" aria-live=\"polite\" aria-atomic=\"true\"><\/p> <ul><\/ul><\/div>\n<form action=\"\/fr\/wp-json\/wp\/v2\/pages\/7523#wpcf7-f5838-o1\" method=\"post\" class=\"wpcf7-form init\" aria-label=\"Kontaktformular\" enctype=\"multipart\/form-data\" novalidate=\"novalidate\" data-status=\"init\">\n<div style=\"display: none;\">\n<input type=\"hidden\" name=\"_wpcf7\" value=\"5838\" \/>\n<input type=\"hidden\" name=\"_wpcf7_version\" value=\"5.9.6\" \/>\n<input type=\"hidden\" name=\"_wpcf7_locale\" value=\"de_DE\" \/>\n<input type=\"hidden\" name=\"_wpcf7_unit_tag\" value=\"wpcf7-f5838-o1\" \/>\n<input type=\"hidden\" name=\"_wpcf7_container_post\" value=\"0\" \/>\n<input type=\"hidden\" name=\"_wpcf7_posted_data_hash\" value=\"\" \/>\n<\/div>\n<p>Je souhaite:<br \/>\n<span class=\"wpcf7-form-control-wrap\" data-name=\"checkbox-236\"><span class=\"wpcf7-form-control wpcf7-checkbox\"><span class=\"wpcf7-list-item first\"><input type=\"checkbox\" name=\"checkbox-236[]\" value=\"un conseil gratuit sur site\" \/><span class=\"wpcf7-list-item-label\">un conseil gratuit sur site<\/span><\/span><span class=\"wpcf7-list-item\"><input type=\"checkbox\" name=\"checkbox-236[]\" value=\"un renseignement t\u00e9l\u00e9phonique\" \/><span class=\"wpcf7-list-item-label\">un renseignement t\u00e9l\u00e9phonique<\/span><\/span><span class=\"wpcf7-list-item last\"><input type=\"checkbox\" name=\"checkbox-236[]\" value=\"des documentations\" \/><span class=\"wpcf7-list-item-label\">des documentations<\/span><\/span><\/span><\/span>\n<\/p>\n<p>Au cas o\u00f9 vous d\u00e9sirez (apr\u00e8s visite sur site effectu\u00e9e), recevoir avant notre offre une estimation des co\u00fbts rapide et non contraignante, veuillez nous faire parvenir les plans de l'objet en question avec marquage de la zone concern\u00e9e ainsi que quelques mots-cl\u00e9s concernant la situation (y compris la nature du sous-sol, si connue).\n<\/p>\n<div class=\"form_spacer\">\n\t<p><span class=\"wpcf7-form-control-wrap\" data-name=\"file-863\"><input size=\"40\" class=\"wpcf7-form-control wpcf7-file\" accept=\".jpg,.jpeg,.png,.gif,.pdf,.doc,.docx\" aria-invalid=\"false\" type=\"file\" name=\"file-863\" \/><\/span>\n\t<\/p>\n<\/div>\n<p style=\"padding-top:10px;\">\n<\/p>\n<div class=\"form_spacer\">\n\t<p><span class=\"wpcf7-form-control-wrap\" data-name=\"menu-89\"><select class=\"wpcf7-form-control wpcf7-select\" aria-invalid=\"false\" name=\"menu-89\"><option value=\"Monsieur\">Monsieur<\/option><option value=\"Madame\">Madame<\/option><\/select><\/span>\n\t<\/p>\n<\/div>\n<div class=\"form_half\">\n\t<p><span class=\"wpcf7-form-control-wrap\" data-name=\"vorname\"><input size=\"40\" maxlength=\"80\" class=\"wpcf7-form-control wpcf7-text wpcf7-validates-as-required\" aria-required=\"true\" aria-invalid=\"false\" placeholder=\"Pr\u00e9nom*\" value=\"\" type=\"text\" name=\"vorname\" \/><\/span>\n\t<\/p>\n<\/div>\n<div class=\"form_half form_half_last\">\n\t<p><span class=\"wpcf7-form-control-wrap\" data-name=\"nachname\"><input size=\"40\" maxlength=\"80\" class=\"wpcf7-form-control wpcf7-text wpcf7-validates-as-required\" aria-required=\"true\" aria-invalid=\"false\" placeholder=\"Nom*\" value=\"\" type=\"text\" name=\"nachname\" \/><\/span>\n\t<\/p>\n<\/div>\n<div class=\"form_spacer\">\n\t<p><span class=\"wpcf7-form-control-wrap\" data-name=\"firmenname\"><input size=\"40\" maxlength=\"80\" class=\"wpcf7-form-control wpcf7-text\" aria-invalid=\"false\" placeholder=\"Raison sociale\" value=\"\" type=\"text\" name=\"firmenname\" \/><\/span>\n\t<\/p>\n<\/div>\n<div class=\"form_spacer\">\n\t<p><span class=\"wpcf7-form-control-wrap\" data-name=\"strasse\"><input size=\"40\" maxlength=\"80\" class=\"wpcf7-form-control wpcf7-text\" aria-invalid=\"false\" placeholder=\"Rue\/No.\" value=\"\" type=\"text\" name=\"strasse\" \/><\/span>\n\t<\/p>\n<\/div>\n<div class=\"form_third\">\n\t<p><span class=\"wpcf7-form-control-wrap\" data-name=\"plz\"><input size=\"40\" maxlength=\"80\" class=\"wpcf7-form-control wpcf7-text\" aria-invalid=\"false\" placeholder=\"CP\" value=\"\" type=\"text\" name=\"plz\" \/><\/span>\n\t<\/p>\n<\/div>\n<div class=\"form_third_last\">\n\t<p><span class=\"wpcf7-form-control-wrap\" data-name=\"ort\"><input size=\"40\" maxlength=\"80\" class=\"wpcf7-form-control wpcf7-text\" aria-invalid=\"false\" placeholder=\"Lieu\" value=\"\" type=\"text\" name=\"ort\" \/><\/span>\n\t<\/p>\n<\/div>\n<div class=\"form_half\">\n\t<p><span class=\"wpcf7-form-control-wrap\" data-name=\"telefon\"><input size=\"40\" maxlength=\"80\" class=\"wpcf7-form-control wpcf7-tel wpcf7-text wpcf7-validates-as-tel\" aria-invalid=\"false\" placeholder=\"T\u00e9l\u00e9phone\" value=\"\" type=\"tel\" name=\"telefon\" \/><\/span>\n\t<\/p>\n<\/div>\n<div class=\"form_half form_half_last\">\n\t<p><span class=\"wpcf7-form-control-wrap\" data-name=\"email-983\"><input size=\"40\" maxlength=\"80\" class=\"wpcf7-form-control wpcf7-email wpcf7-validates-as-required wpcf7-text wpcf7-validates-as-email\" aria-required=\"true\" aria-invalid=\"false\" placeholder=\"E-mail*\" value=\"\" type=\"email\" name=\"email-983\" \/><\/span>\n\t<\/p>\n<\/div>\n<div class=\"form_spacer\">\n\t<p><span class=\"wpcf7-form-control-wrap\" data-name=\"your-subject\"><input size=\"40\" maxlength=\"80\" class=\"wpcf7-form-control wpcf7-text\" aria-invalid=\"false\" placeholder=\"Objet\" value=\"\" type=\"text\" name=\"your-subject\" \/><\/span>\n\t<\/p>\n<\/div>\n<div class=\"form_spacer\">\n\t<p><span class=\"wpcf7-form-control-wrap\" data-name=\"your-message\"><textarea cols=\"40\" rows=\"10\" maxlength=\"400\" class=\"wpcf7-form-control wpcf7-textarea\" aria-invalid=\"false\" placeholder=\"Votre message\" name=\"your-message\"><\/textarea><\/span>\n\t<\/p>\n<\/div>\n<div class=\"form_spacer\" style=\"font-size:0.9rem;\">\n\t<p>Pour vous prot\u00e9ger contre le spam, veuillez r\u00e9pondre \u00e0 la question suivante\u00a0: <span class=\"wpcf7-form-control-wrap\" data-name=\"quiz-861\"><label><span class=\"wpcf7-quiz-label\">huit + trois = ? (nombre comme mot)<\/span> <input size=\"40\" class=\"wpcf7-form-control wpcf7-quiz\" autocomplete=\"off\" aria-required=\"true\" aria-invalid=\"false\" type=\"text\" name=\"quiz-861\" \/><\/label><input type=\"hidden\" name=\"_wpcf7_quiz_answer_quiz-861\" value=\"d2b7c29487ee5880eb26a733b420b8e8\" \/><\/span>\n\t<\/p>\n<\/div>\n<div id=\"anfrage\">\n\t<p><input class=\"wpcf7-form-control wpcf7-submit has-spinner\" type=\"submit\" value=\"Envoyer\" \/>\n\t<\/p>\n<\/div>\n<div class=\"form_spacer\">\n\t<p><span class=\"wpcf7-form-control-wrap\" data-name=\"acceptance-852\"><span class=\"wpcf7-form-control wpcf7-acceptance\"><span class=\"wpcf7-list-item\"><label><input type=\"checkbox\" name=\"acceptance-852\" value=\"1\" aria-invalid=\"false\" \/><span class=\"wpcf7-list-item-label\">Vous donnez votre accord pour que vos donn\u00e9es soient utilis\u00e9es pour le traitement de votre demande et d\u00e9clarez avoir pris connaissance de notre <a href=\"https:\/\/www.uretek.ch\/fr\/protection-des-donnees\/\" target=\"_blank\">d\u00e9claration de confidentialit\u00e9.<\/a> Vos donn\u00e9es de contact ne seront pas transmises \u00e0 des tiers.<\/span><\/label><\/span><\/span><\/span>\n\t<\/p>\n<\/div><div class=\"wpcf7-response-output\" aria-hidden=\"true\"><\/div>\n<\/form>\n<\/div>\n<\/div><\/div><\/div><div class=\"w-popup-closer\"><\/div><\/div><\/div><\/div><\/div><\/div><\/div><\/div><\/div><\/div><\/div><\/div><\/section>\n<\/div><\/div><\/div><\/div><\/div><\/section>\n","protected":false},"excerpt":{"rendered":"Projets de r\u00e9f\u00e9rence [vc_wp_custommenu nav_menu=\"18\"]Fissures? Tassements? B\u00e2timents bascul\u00e9s? Nos conseillers sont \u00e0 votre disposition T\u00e9l. 041 676 00 80 [vc_raw_js]JTNDc2NyaXB0JTNFJTBBZG9jdW1lbnQuYWRkRXZlbnRMaXN0ZW5lciUyOCUyMCUyN3dwY2Y3bWFpbHNlbnQlMjclMkMlMjBmdW5jdGlvbiUyOCUyMGV2ZW50JTIwJTI5JTIwJTdCJTBBJTIwJTIwJTIwJTIwbG9jYXRpb24lMjAlM0QlMjAlMjdodHRwcyUzQSUyRiUyRnd3dy51cmV0ZWsuY2glMkZmciUyRmNvbnRhY3QlMkZtZXJjaS1wb3VyLXZvdHJlLWRlbWFuZGUlMkYlMjclM0IlMEElN0QlMkMlMjBmYWxzZSUyMCUyOSUzQiUwQSUzQyUyRnNjcmlwdCUzRQ==[\/vc_raw_js]Conseil gratuit Consolidation du sous-sol par injections de r\u00e9sine: Projets internationaux Paris: Palais de l\u2019\u00c9lys\u00e9e Le Grand Palais a \u00e9t\u00e9 construit au d\u00e9but du XVIII\u00e8me si\u00e8cle et constitue un lieu riche en histoire, qui attire un...","protected":false},"author":1,"featured_media":0,"parent":2345,"menu_order":6,"comment_status":"closed","ping_status":"closed","template":"","meta":{"footnotes":""},"class_list":["post-7523","page","type-page","status-publish","hentry"],"yoast_head":"<!-- This site is optimized with the Yoast SEO plugin v23.0 - https:\/\/yoast.com\/wordpress\/plugins\/seo\/ -->\n<title>Exemples internationaux de la consolidation du sous-sol<\/title>\n<meta name=\"description\" content=\"Le proc\u00e9d\u00e9 d\u2019injection de r\u00e9sine URETEK permet partout dans le monde de stabiliser le sous-sol de b\u00e2timents divers et vari\u00e9s.\" \/>\n<meta name=\"robots\" content=\"index, follow, max-snippet:-1, max-image-preview:large, max-video-preview:-1\" \/>\n<link rel=\"canonical\" href=\"https:\/\/www.uretek.ch\/fr\/projets-de-reference\/references-consolidation-du-sous-sol\/projets-internationaux\/\" \/>\n<meta property=\"og:locale\" content=\"fr_FR\" \/>\n<meta property=\"og:type\" content=\"article\" \/>\n<meta property=\"og:title\" content=\"Exemples internationaux de la consolidation du sous-sol\" \/>\n<meta property=\"og:description\" content=\"Le proc\u00e9d\u00e9 d\u2019injection de r\u00e9sine URETEK permet partout dans le monde de stabiliser le sous-sol de b\u00e2timents divers et vari\u00e9s.\" \/>\n<meta property=\"og:url\" content=\"https:\/\/www.uretek.ch\/fr\/projets-de-reference\/references-consolidation-du-sous-sol\/projets-internationaux\/\" \/>\n<meta property=\"og:site_name\" content=\"URETEK Schweiz AG\" \/>\n<meta property=\"article:modified_time\" content=\"2024-05-14T14:47:28+00:00\" \/>\n<meta name=\"twitter:card\" content=\"summary_large_image\" \/>\n<meta name=\"twitter:label1\" content=\"Dur\u00e9e de lecture estim\u00e9e\" \/>\n\t<meta name=\"twitter:data1\" content=\"3 minutes\" \/>\n<script type=\"application\/ld+json\" class=\"yoast-schema-graph\">{\"@context\":\"https:\/\/schema.org\",\"@graph\":[{\"@type\":\"WebPage\",\"@id\":\"https:\/\/www.uretek.ch\/fr\/projets-de-reference\/references-consolidation-du-sous-sol\/projets-internationaux\/\",\"url\":\"https:\/\/www.uretek.ch\/fr\/projets-de-reference\/references-consolidation-du-sous-sol\/projets-internationaux\/\",\"name\":\"Exemples internationaux de la consolidation du sous-sol\",\"isPartOf\":{\"@id\":\"https:\/\/www.uretek.ch\/fr\/#website\"},\"datePublished\":\"2016-02-26T14:25:29+00:00\",\"dateModified\":\"2024-05-14T14:47:28+00:00\",\"description\":\"Le proc\u00e9d\u00e9 d\u2019injection de r\u00e9sine URETEK permet partout dans le monde de stabiliser le sous-sol de b\u00e2timents divers et vari\u00e9s.\",\"breadcrumb\":{\"@id\":\"https:\/\/www.uretek.ch\/fr\/projets-de-reference\/references-consolidation-du-sous-sol\/projets-internationaux\/#breadcrumb\"},\"inLanguage\":\"fr-FR\",\"potentialAction\":[{\"@type\":\"ReadAction\",\"target\":[\"https:\/\/www.uretek.ch\/fr\/projets-de-reference\/references-consolidation-du-sous-sol\/projets-internationaux\/\"]}]},{\"@type\":\"BreadcrumbList\",\"@id\":\"https:\/\/www.uretek.ch\/fr\/projets-de-reference\/references-consolidation-du-sous-sol\/projets-internationaux\/#breadcrumb\",\"itemListElement\":[{\"@type\":\"ListItem\",\"position\":1,\"name\":\"Home\",\"item\":\"https:\/\/www.uretek.ch\/fr\/\"},{\"@type\":\"ListItem\",\"position\":2,\"name\":\"Projets de r\u00e9f\u00e9rence\",\"item\":\"https:\/\/www.uretek.ch\/fr\/projets-de-reference\/\"},{\"@type\":\"ListItem\",\"position\":3,\"name\":\"Consolidation du sous-sol\",\"item\":\"https:\/\/www.uretek.ch\/fr\/projets-de-reference\/references-consolidation-du-sous-sol\/\"},{\"@type\":\"ListItem\",\"position\":4,\"name\":\"Projets internationaux\"}]},{\"@type\":\"WebSite\",\"@id\":\"https:\/\/www.uretek.ch\/fr\/#website\",\"url\":\"https:\/\/www.uretek.ch\/fr\/\",\"name\":\"URETEK Schweiz AG\",\"description\":\"\",\"potentialAction\":[{\"@type\":\"SearchAction\",\"target\":{\"@type\":\"EntryPoint\",\"urlTemplate\":\"https:\/\/www.uretek.ch\/fr\/?s={search_term_string}\"},\"query-input\":\"required name=search_term_string\"}],\"inLanguage\":\"fr-FR\"}]}<\/script>\n<!-- \/ Yoast SEO plugin. -->","yoast_head_json":{"title":"Exemples internationaux de la consolidation du sous-sol","description":"Le proc\u00e9d\u00e9 d\u2019injection de r\u00e9sine URETEK permet partout dans le monde de stabiliser le sous-sol de b\u00e2timents divers et vari\u00e9s.","robots":{"index":"index","follow":"follow","max-snippet":"max-snippet:-1","max-image-preview":"max-image-preview:large","max-video-preview":"max-video-preview:-1"},"canonical":"https:\/\/www.uretek.ch\/fr\/projets-de-reference\/references-consolidation-du-sous-sol\/projets-internationaux\/","og_locale":"fr_FR","og_type":"article","og_title":"Exemples internationaux de la consolidation du sous-sol","og_description":"Le proc\u00e9d\u00e9 d\u2019injection de r\u00e9sine URETEK permet partout dans le monde de stabiliser le sous-sol de b\u00e2timents divers et vari\u00e9s.","og_url":"https:\/\/www.uretek.ch\/fr\/projets-de-reference\/references-consolidation-du-sous-sol\/projets-internationaux\/","og_site_name":"URETEK Schweiz AG","article_modified_time":"2024-05-14T14:47:28+00:00","twitter_card":"summary_large_image","twitter_misc":{"Dur\u00e9e de lecture estim\u00e9e":"3 minutes"},"schema":{"@context":"https:\/\/schema.org","@graph":[{"@type":"WebPage","@id":"https:\/\/www.uretek.ch\/fr\/projets-de-reference\/references-consolidation-du-sous-sol\/projets-internationaux\/","url":"https:\/\/www.uretek.ch\/fr\/projets-de-reference\/references-consolidation-du-sous-sol\/projets-internationaux\/","name":"Exemples internationaux de la consolidation du sous-sol","isPartOf":{"@id":"https:\/\/www.uretek.ch\/fr\/#website"},"datePublished":"2016-02-26T14:25:29+00:00","dateModified":"2024-05-14T14:47:28+00:00","description":"Le proc\u00e9d\u00e9 d\u2019injection de r\u00e9sine URETEK permet partout dans le monde de stabiliser le sous-sol de b\u00e2timents divers et vari\u00e9s.","breadcrumb":{"@id":"https:\/\/www.uretek.ch\/fr\/projets-de-reference\/references-consolidation-du-sous-sol\/projets-internationaux\/#breadcrumb"},"inLanguage":"fr-FR","potentialAction":[{"@type":"ReadAction","target":["https:\/\/www.uretek.ch\/fr\/projets-de-reference\/references-consolidation-du-sous-sol\/projets-internationaux\/"]}]},{"@type":"BreadcrumbList","@id":"https:\/\/www.uretek.ch\/fr\/projets-de-reference\/references-consolidation-du-sous-sol\/projets-internationaux\/#breadcrumb","itemListElement":[{"@type":"ListItem","position":1,"name":"Home","item":"https:\/\/www.uretek.ch\/fr\/"},{"@type":"ListItem","position":2,"name":"Projets de r\u00e9f\u00e9rence","item":"https:\/\/www.uretek.ch\/fr\/projets-de-reference\/"},{"@type":"ListItem","position":3,"name":"Consolidation du sous-sol","item":"https:\/\/www.uretek.ch\/fr\/projets-de-reference\/references-consolidation-du-sous-sol\/"},{"@type":"ListItem","position":4,"name":"Projets internationaux"}]},{"@type":"WebSite","@id":"https:\/\/www.uretek.ch\/fr\/#website","url":"https:\/\/www.uretek.ch\/fr\/","name":"URETEK Schweiz AG","description":"","potentialAction":[{"@type":"SearchAction","target":{"@type":"EntryPoint","urlTemplate":"https:\/\/www.uretek.ch\/fr\/?s={search_term_string}"},"query-input":"required name=search_term_string"}],"inLanguage":"fr-FR"}]}},"_links":{"self":[{"href":"https:\/\/www.uretek.ch\/fr\/wp-json\/wp\/v2\/pages\/7523","targetHints":{"allow":["GET"]}}],"collection":[{"href":"https:\/\/www.uretek.ch\/fr\/wp-json\/wp\/v2\/pages"}],"about":[{"href":"https:\/\/www.uretek.ch\/fr\/wp-json\/wp\/v2\/types\/page"}],"author":[{"embeddable":true,"href":"https:\/\/www.uretek.ch\/fr\/wp-json\/wp\/v2\/users\/1"}],"replies":[{"embeddable":true,"href":"https:\/\/www.uretek.ch\/fr\/wp-json\/wp\/v2\/comments?post=7523"}],"version-history":[{"count":30,"href":"https:\/\/www.uretek.ch\/fr\/wp-json\/wp\/v2\/pages\/7523\/revisions"}],"predecessor-version":[{"id":33477,"href":"https:\/\/www.uretek.ch\/fr\/wp-json\/wp\/v2\/pages\/7523\/revisions\/33477"}],"up":[{"embeddable":true,"href":"https:\/\/www.uretek.ch\/fr\/wp-json\/wp\/v2\/pages\/2345"}],"wp:attachment":[{"href":"https:\/\/www.uretek.ch\/fr\/wp-json\/wp\/v2\/media?parent=7523"}],"curies":[{"name":"wp","href":"https:\/\/api.w.org\/{rel}","templated":true}]}}