{"id":2726,"date":"2015-11-04T21:55:24","date_gmt":"2015-11-04T20:55:24","guid":{"rendered":"http:\/\/www.uretek.ch\/referenzen\/gebaeude-stabilisierung\/mehrfamilienhaeuser\/?lang=fr"},"modified":"2024-05-14T16:31:30","modified_gmt":"2024-05-14T14:31:30","slug":"batiments-commerciaux-et-d-habitation","status":"publish","type":"page","link":"https:\/\/www.uretek.ch\/fr\/projets-de-reference\/references-consolidation-du-sous-sol\/batiments-commerciaux-et-d-habitation\/","title":{"rendered":"B\u00e2timents commerciaux et d\u2019habitation"},"content":{"rendered":"<section class=\"l-section wpb_row height_medium\"><div class=\"l-section-h i-cf\"><div class=\"g-cols vc_row via_flex valign_top type_default stacking_default\" style=\"--additional-gap:0.7rem;\"><div class=\"vc_col-sm-4 vc_hidden-xs wpb_column vc_column_container\"><div class=\"vc_column-inner us_custom_169961a8 us_animate_this\"><div class=\"wpb_wrapper\"><div class=\"wpb_text_column us_custom_b28c7429\"><div class=\"wpb_wrapper\"><h3>Projets de r\u00e9f\u00e9rence<\/h3>\n<\/div><\/div>[vc_wp_custommenu nav_menu=\u00a0\u00bb18&Prime;]<div class=\"w-separator size_medium\"><\/div><section class=\"l-section wpb_row us_custom_db465dfd height_auto width_full color_alternate\"><div class=\"l-section-h i-cf\"><div class=\"g-cols vc_row via_flex valign_top type_boxes stacking_default\"><div class=\"vc_col-sm-12 wpb_column vc_column_container\"><div class=\"vc_column-inner us_custom_2c4f4a12\"><div class=\"wpb_wrapper\"><div class=\"wpb_text_column\"><div class=\"wpb_wrapper\"><h3><span style=\"color: #73442d\">Fissures? Tassements? B\u00e2timents bascul\u00e9s?<\/span><\/h3>\n<\/div><\/div><div class=\"w-image align_none\"><div class=\"w-image-h\"><img decoding=\"async\" width=\"450\" height=\"262\" src=\"https:\/\/www.uretek.ch\/wp-content\/uploads\/2020\/03\/uretek-experte-office-450x262.jpg\" class=\"attachment-medium size-medium\" alt=\"\" loading=\"lazy\" srcset=\"https:\/\/www.uretek.ch\/wp-content\/uploads\/2020\/03\/uretek-experte-office-450x262.jpg 450w, https:\/\/www.uretek.ch\/wp-content\/uploads\/2020\/03\/uretek-experte-office-600x350.jpg 600w, https:\/\/www.uretek.ch\/wp-content\/uploads\/2020\/03\/uretek-experte-office-768x448.jpg 768w, https:\/\/www.uretek.ch\/wp-content\/uploads\/2020\/03\/uretek-experte-office.jpg 1024w\" sizes=\"auto, (max-width: 450px) 100vw, 450px\" \/><\/div><\/div><div class=\"w-separator size_custom\" style=\"height:15px\"><\/div><div class=\"wpb_text_column\"><div class=\"wpb_wrapper\"><p><strong>Nos conseillers sont \u00e0 votre disposition<\/strong><br \/>\nT\u00e9l. 041 676 00 80<\/p>\n<\/div><\/div>[vc_raw_js]JTNDc2NyaXB0JTNFJTBBZG9jdW1lbnQuYWRkRXZlbnRMaXN0ZW5lciUyOCUyMCUyN3dwY2Y3bWFpbHNlbnQlMjclMkMlMjBmdW5jdGlvbiUyOCUyMGV2ZW50JTIwJTI5JTIwJTdCJTBBJTIwJTIwJTIwJTIwbG9jYXRpb24lMjAlM0QlMjAlMjdodHRwcyUzQSUyRiUyRnd3dy51cmV0ZWsuY2glMkZmciUyRmNvbnRhY3QlMkZtZXJjaS1wb3VyLXZvdHJlLWRlbWFuZGUlMkYlMjclM0IlMEElN0QlMkMlMjBmYWxzZSUyMCUyOSUzQiUwQSUzQyUyRnNjcmlwdCUzRQ==[\/vc_raw_js]<div class=\"w-btn-wrapper align_none\"><a class=\"w-btn us-btn-style_7\" href=\"\/fr\/contact\/\"><span class=\"w-btn-label\">Conseil gratuit<\/span><\/a><\/div><\/div><\/div><\/div><\/div><\/div><\/section>\n<\/div><\/div><\/div><div class=\"vc_col-sm-8 wpb_column vc_column_container\"><div class=\"vc_column-inner\"><div class=\"wpb_wrapper\"><div class=\"g-cols wpb_row us_custom_bc0519ba via_flex valign_middle type_boxes stacking_default\"><div class=\"vc_col-sm-10 wpb_column vc_column_container\"><div class=\"vc_column-inner us_custom_2c4f4a12\"><div class=\"wpb_wrapper\"><div class=\"wpb_text_column\"><div class=\"wpb_wrapper\"><h1>Consolidation du sol par injection de r\u00e9sine:<br \/>\nB\u00e2timents commerciaux\/d\u2019habitation<\/h1>\n<\/div><\/div><\/div><\/div><\/div><div class=\"vc_col-sm-2 vc_hidden-sm vc_hidden-xs wpb_column vc_column_container\"><div class=\"vc_column-inner us_custom_84999e27\"><div class=\"wpb_wrapper\"><div class=\"w-image align_center\"><a href=\"http:\/\/www.uretek.ch\/fr\/domaines-d-utilisation\/consolidation-du-sous-sol\/\" aria-label=\"deep_injections_icon_75px_fr\" class=\"w-image-h\"><img decoding=\"async\" width=\"70\" height=\"75\" src=\"https:\/\/www.uretek.ch\/wp-content\/uploads\/2016\/01\/deep_injections_icon_75px_fr.png\" class=\"attachment-full size-full\" alt=\"\" loading=\"lazy\" \/><\/a><\/div><\/div><\/div><\/div><\/div><div class=\"w-separator size_medium\"><\/div><div class=\"g-cols wpb_row via_flex valign_top type_default stacking_default\"><div class=\"vc_col-sm-6 wpb_column vc_column_container\"><div class=\"vc_column-inner\"><div class=\"wpb_wrapper\"><div class=\"w-image align_none\"><a ref=\"magnificPopup\" href=\"https:\/\/www.uretek.ch\/wp-content\/uploads\/2016\/01\/Luzern_P1050468.jpg\" aria-label=\"Maison de la vieille ville au bord de la Reuss, Lucerne\" class=\"w-image-h\"><img decoding=\"async\" width=\"600\" height=\"450\" src=\"https:\/\/www.uretek.ch\/wp-content\/uploads\/2016\/01\/Luzern_P1050468.jpg\" class=\"attachment-us_600_0 size-us_600_0\" alt=\"\" loading=\"lazy\" srcset=\"https:\/\/www.uretek.ch\/wp-content\/uploads\/2016\/01\/Luzern_P1050468.jpg 2000w, https:\/\/www.uretek.ch\/wp-content\/uploads\/2016\/01\/Luzern_P1050468-450x338.jpg 450w, https:\/\/www.uretek.ch\/wp-content\/uploads\/2016\/01\/Luzern_P1050468-1024x768.jpg 1024w, https:\/\/www.uretek.ch\/wp-content\/uploads\/2016\/01\/Luzern_P1050468-600x450.jpg 600w\" sizes=\"auto, (max-width: 600px) 100vw, 600px\" \/><\/a><\/div><\/div><\/div><\/div><div class=\"vc_col-sm-6 wpb_column vc_column_container\"><div class=\"vc_column-inner\"><div class=\"wpb_wrapper\"><div class=\"wpb_text_column\"><div class=\"wpb_wrapper\"><h3>Lucerne: stabilisation d\u2019une maison de la vielle ville le long de la Reuss<\/h3>\n<p>La propri\u00e9t\u00e9 se trouve au coeur de la vieille ville de Lucerne, majoritairement p\u00e9destre, juste \u00e0 c\u00f4t\u00e9 de la Reuss et \u00e0 quelques minutes de la gare. Elle fait partie d&rsquo;une rang\u00e9e de maisons, faisant face au th\u00e9\u00e2tre de Lucerne et \u00e0 l&rsquo;\u00e9glise des J\u00e9suites. Cette maison urbaine fut reconstruite, un incendie l&rsquo;ayant endommag\u00e9e vers 1833. Au nombre des rares parties originales pr\u00e9serv\u00e9es, on compte les arcades datant de 1596.<\/p>\n<\/div><\/div><div class=\"w-btn-wrapper align_none\"><a class=\"w-btn us-btn-style_5 icon_atleft\" href=\"http:\/\/www.uretek.ch\/fr\/projet-de-reference\/maison-de-la-vieille-ville-lucerne\/\"><i class=\"fas fa-chevron-right\"><\/i><span class=\"w-btn-label\">Rapport complet<\/span><\/a><\/div><\/div><\/div><\/div><\/div><div class=\"w-separator size_medium with_line width_default thick_2 style_solid color_border align_center\"><div class=\"w-separator-h\"><\/div><\/div><div class=\"g-cols wpb_row via_flex valign_top type_default stacking_default\"><div class=\"vc_col-sm-6 wpb_column vc_column_container\"><div class=\"vc_column-inner\"><div class=\"wpb_wrapper\"><div class=\"w-image align_none\"><a ref=\"magnificPopup\" href=\"https:\/\/www.uretek.ch\/wp-content\/uploads\/2016\/01\/P1050031.jpg\" aria-label=\"Maison urbaine, Gen\u00e8ve\" class=\"w-image-h\"><img decoding=\"async\" width=\"600\" height=\"450\" src=\"https:\/\/www.uretek.ch\/wp-content\/uploads\/2016\/01\/P1050031.jpg\" class=\"attachment-us_600_0 size-us_600_0\" alt=\"\" loading=\"lazy\" srcset=\"https:\/\/www.uretek.ch\/wp-content\/uploads\/2016\/01\/P1050031.jpg 2000w, https:\/\/www.uretek.ch\/wp-content\/uploads\/2016\/01\/P1050031-450x338.jpg 450w, https:\/\/www.uretek.ch\/wp-content\/uploads\/2016\/01\/P1050031-1024x768.jpg 1024w, https:\/\/www.uretek.ch\/wp-content\/uploads\/2016\/01\/P1050031-600x450.jpg 600w\" sizes=\"auto, (max-width: 600px) 100vw, 600px\" \/><\/a><\/div><\/div><\/div><\/div><div class=\"vc_col-sm-6 wpb_column vc_column_container\"><div class=\"vc_column-inner\"><div class=\"wpb_wrapper\"><div class=\"wpb_text_column\"><div class=\"wpb_wrapper\"><h3>Gen\u00e8ve: stabilisation de maison de ville Georges-Favon<\/h3>\n<p>Cet immeuble commercial de six \u00e9tages repose sur des semelles filantes en b\u00e9ton. Les travaux d\u2019excavation et de construction de l\u2019immeuble voisin men\u00e8rent \u00e0 une d\u00e9sagr\u00e9gation du sous-sol et \u00e0 des tassements importants.<\/p>\n<\/div><\/div><div class=\"w-btn-wrapper align_none\"><a class=\"w-btn us-btn-style_5 icon_atleft\" href=\"http:\/\/www.uretek.ch\/fr\/projet-de-reference\/maison-urbaine-geneve\/\"><i class=\"fas fa-chevron-right\"><\/i><span class=\"w-btn-label\">Rapport complet<\/span><\/a><\/div><\/div><\/div><\/div><\/div><div class=\"w-separator size_medium with_line width_default thick_2 style_solid color_border align_center\"><div class=\"w-separator-h\"><\/div><\/div><div class=\"g-cols wpb_row via_flex valign_top type_default stacking_default\"><div class=\"vc_col-sm-6 wpb_column vc_column_container\"><div class=\"vc_column-inner\"><div class=\"wpb_wrapper\"><div class=\"w-image align_none\"><a ref=\"magnificPopup\" href=\"https:\/\/www.uretek.ch\/wp-content\/uploads\/2016\/01\/IMG_3669.jpg\" aria-label=\"Local commercial Fitnessplus, Saint Gall\" class=\"w-image-h\"><img decoding=\"async\" width=\"600\" height=\"400\" src=\"https:\/\/www.uretek.ch\/wp-content\/uploads\/2016\/01\/IMG_3669-600x400.jpg\" class=\"attachment-us_600_0 size-us_600_0\" alt=\"\" loading=\"lazy\" \/><\/a><\/div><\/div><\/div><\/div><div class=\"vc_col-sm-6 wpb_column vc_column_container\"><div class=\"vc_column-inner\"><div class=\"wpb_wrapper\"><div class=\"wpb_text_column\"><div class=\"wpb_wrapper\"><h3>Saint Gall: immeuble commercial Fitnessplus stabilis\u00e9 apr\u00e8s un s\u00e9isme<\/h3>\n<p>Cet immeuble commercial compos\u00e9 de deux parties de 4 et 5 \u00e9tages, respectivement construites vers 1890 et 1970, repose sur des pieux en bois qui ont partiellement pourri dans le sol tr\u00e8s sensible aux tassements (tourbe, s\u00e9dimentation de mati\u00e8res en suspension et moraines d\u00e9pos\u00e9es par l\u2019eau) suite \u00e0 une baisse du niveau des eaux souterraines.<\/p>\n<\/div><\/div><div class=\"w-btn-wrapper align_none\"><a class=\"w-btn us-btn-style_5 icon_atleft\" href=\"https:\/\/www.uretek.ch\/fr\/projet-de-reference\/local-commercial-fitnessplus-saint-gall\/\"><i class=\"fas fa-chevron-right\"><\/i><span class=\"w-btn-label\">Rapport complet<\/span><\/a><\/div><\/div><\/div><\/div><\/div><div class=\"w-separator size_medium with_line width_default thick_2 style_solid color_border align_center\"><div class=\"w-separator-h\"><\/div><\/div><div class=\"g-cols wpb_row via_flex valign_top type_default stacking_default\"><div class=\"vc_col-sm-6 wpb_column vc_column_container\"><div class=\"vc_column-inner\"><div class=\"wpb_wrapper\"><div class=\"w-image align_none\"><a ref=\"magnificPopup\" href=\"https:\/\/www.uretek.ch\/wp-content\/uploads\/2020\/04\/orsieres_20181105.jpg\" aria-label=\"orsieres_20181105\" class=\"w-image-h\"><img decoding=\"async\" width=\"600\" height=\"338\" src=\"https:\/\/www.uretek.ch\/wp-content\/uploads\/2020\/04\/orsieres_20181105-600x338.jpg\" class=\"attachment-us_600_0 size-us_600_0\" alt=\"\" loading=\"lazy\" srcset=\"https:\/\/www.uretek.ch\/wp-content\/uploads\/2020\/04\/orsieres_20181105-600x338.jpg 600w, https:\/\/www.uretek.ch\/wp-content\/uploads\/2020\/04\/orsieres_20181105-450x253.jpg 450w, https:\/\/www.uretek.ch\/wp-content\/uploads\/2020\/04\/orsieres_20181105-768x432.jpg 768w, https:\/\/www.uretek.ch\/wp-content\/uploads\/2020\/04\/orsieres_20181105.jpg 1024w\" sizes=\"auto, (max-width: 600px) 100vw, 600px\" \/><\/a><\/div><\/div><\/div><\/div><div class=\"vc_col-sm-6 wpb_column vc_column_container\"><div class=\"vc_column-inner\"><div class=\"wpb_wrapper\"><div class=\"wpb_text_column\"><div class=\"wpb_wrapper\"><h3>Orsi\u00e8res: des propri\u00e9taires par \u00e9tage souhaitaient la stabilisation de leur immeuble<\/h3>\n<p>Depuis sa construction, tout le b\u00e2timent s\u2019est continuellement tass\u00e9 de mani\u00e8re diff\u00e9rentielle et des fissures se sont form\u00e9es.<\/p>\n<\/div><\/div><div class=\"w-btn-wrapper align_none\"><a class=\"w-btn us-btn-style_5 icon_atleft\" title=\"L\u2019immeuble locatif, Orsi\u00e8res\" href=\"https:\/\/www.uretek.ch\/fr\/projet-de-reference\/limmeuble-locatif-orsieres\/\"><i class=\"fas fa-chevron-right\"><\/i><span class=\"w-btn-label\">Rapport complet<\/span><\/a><\/div><\/div><\/div><\/div><\/div><div class=\"w-separator size_medium with_line width_default thick_2 style_solid color_border align_center\"><div class=\"w-separator-h\"><\/div><\/div><div class=\"g-cols wpb_row via_flex valign_top type_default stacking_default\"><div class=\"vc_col-sm-6 wpb_column vc_column_container\"><div class=\"vc_column-inner\"><div class=\"wpb_wrapper\"><div class=\"w-image align_none\"><a ref=\"magnificPopup\" href=\"https:\/\/www.uretek.ch\/wp-content\/uploads\/2018\/08\/le-locle-hauptbild.jpg\" aria-label=\"le-locle-hauptbild\" class=\"w-image-h\"><img decoding=\"async\" width=\"600\" height=\"450\" src=\"https:\/\/www.uretek.ch\/wp-content\/uploads\/2018\/08\/le-locle-hauptbild-600x450.jpg\" class=\"attachment-us_600_0 size-us_600_0\" alt=\"\" loading=\"lazy\" srcset=\"https:\/\/www.uretek.ch\/wp-content\/uploads\/2018\/08\/le-locle-hauptbild-600x450.jpg 600w, https:\/\/www.uretek.ch\/wp-content\/uploads\/2018\/08\/le-locle-hauptbild-450x338.jpg 450w, https:\/\/www.uretek.ch\/wp-content\/uploads\/2018\/08\/le-locle-hauptbild.jpg 1024w, https:\/\/www.uretek.ch\/wp-content\/uploads\/2018\/08\/le-locle-hauptbild-768x576.jpg 768w\" sizes=\"auto, (max-width: 600px) 100vw, 600px\" \/><\/a><\/div><\/div><\/div><\/div><div class=\"vc_col-sm-6 wpb_column vc_column_container\"><div class=\"vc_column-inner\"><div class=\"wpb_wrapper\"><div class=\"wpb_text_column\"><div class=\"wpb_wrapper\"><h3>Le Locle: immeuble urbain fond\u00e9 sur pieux de bois stabilis\u00e9<\/h3>\n<p>Le b\u00e2timent repose sur des pieux de bois partiellement pourris \u00e0 cause des variations du niveau de la nappe phr\u00e9atique qui ne remplissent plus leur fonction de soutien. Au cours du temps, des tassements allant jusqu\u2019\u00e0 16 cm se sont produits et des fentes et des fissures se sont apparues.<\/p>\n<\/div><\/div><div class=\"w-btn-wrapper align_none\"><a class=\"w-btn us-btn-style_5 icon_atleft\" href=\"https:\/\/www.uretek.ch\/fr\/projet-de-reference\/immeuble-urbain-le-locle\/\"><i class=\"fas fa-chevron-right\"><\/i><span class=\"w-btn-label\">Rapport complet<\/span><\/a><\/div><\/div><\/div><\/div><\/div><div class=\"w-separator size_medium with_line width_default thick_2 style_solid color_border align_center\"><div class=\"w-separator-h\"><\/div><\/div><div class=\"g-cols wpb_row via_flex valign_top type_default stacking_default\"><div class=\"vc_col-sm-6 wpb_column vc_column_container\"><div class=\"vc_column-inner\"><div class=\"wpb_wrapper\"><div class=\"w-image align_none\"><a ref=\"magnificPopup\" href=\"https:\/\/www.uretek.ch\/wp-content\/uploads\/2016\/09\/Marly_IMG_9073.jpg\" aria-label=\"5 maisons individuelles mitoyennes, Marly\" class=\"w-image-h\"><img decoding=\"async\" width=\"600\" height=\"400\" src=\"https:\/\/www.uretek.ch\/wp-content\/uploads\/2016\/09\/Marly_IMG_9073-600x400.jpg\" class=\"attachment-us_600_0 size-us_600_0\" alt=\"\" loading=\"lazy\" \/><\/a><\/div><\/div><\/div><\/div><div class=\"vc_col-sm-6 wpb_column vc_column_container\"><div class=\"vc_column-inner\"><div class=\"wpb_wrapper\"><div class=\"wpb_text_column\"><div class=\"wpb_wrapper\"><h3>Marly:\u00a05 maisons individuelles mitoyennes stabilis\u00e9es pendant la construction<\/h3>\n<p>D\u00e8s la phase de construction, les parties de ces 5 maisons individuelles mitoyennes qui n\u2019\u00e9taient pas construites sur des caves commen\u00e7aient \u00e0 s\u2019affaisser l\u00e9g\u00e8rement du c\u00f4t\u00e9 du jardin, et plusieurs fissures verticales sont apparues. Les sous-sols sont en b\u00e9ton, le rez-de-chauss\u00e9e et les \u00e9tages sont constitu\u00e9s d\u2019une ma\u00e7onnerie en briques \u00e0 double paroi avec des plafonds de b\u00e9ton.<\/p>\n<\/div><\/div><div class=\"w-btn-wrapper align_none\"><a class=\"w-btn us-btn-style_5 icon_atleft\" href=\"https:\/\/www.uretek.ch\/fr\/projet-de-reference\/5-maisons-individuelles-mitoyennes-marly\/\"><i class=\"fas fa-chevron-right\"><\/i><span class=\"w-btn-label\">Rapport complet<\/span><\/a><\/div><\/div><\/div><\/div><\/div><div class=\"w-separator size_medium with_line width_default thick_2 style_solid color_border align_center\"><div class=\"w-separator-h\"><\/div><\/div><div class=\"g-cols wpb_row via_flex valign_top type_default stacking_default\"><div class=\"vc_col-sm-6 wpb_column vc_column_container\"><div class=\"vc_column-inner\"><div class=\"wpb_wrapper\"><div class=\"w-image align_none\"><a ref=\"magnificPopup\" href=\"https:\/\/www.uretek.ch\/wp-content\/uploads\/2017\/02\/Wimmis_DSCN9210.jpg\" aria-label=\"Wimmis_DSCN9210\" class=\"w-image-h\"><img decoding=\"async\" width=\"600\" height=\"400\" src=\"https:\/\/www.uretek.ch\/wp-content\/uploads\/2017\/02\/Wimmis_DSCN9210-600x400.jpg\" class=\"attachment-us_600_0 size-us_600_0\" alt=\"\" loading=\"lazy\" \/><\/a><\/div><\/div><\/div><\/div><div class=\"vc_col-sm-6 wpb_column vc_column_container\"><div class=\"vc_column-inner\"><div class=\"wpb_wrapper\"><div class=\"wpb_text_column\"><div class=\"wpb_wrapper\"><h3>Wimmis:\u00a0renforcement du sous-sol de fondation pour des charges suppl\u00e9mentaires<\/h3>\n<p>Le sous-sol jusqu\u2019\u00e0 une profondeur de 1 m au-dessous de la dalle de fondation est compos\u00e9 de \u00admat\u00e9riel de recyclage sous lequel se trouvent des graviers fins. C\u2019est pourquoi il a fallu augmenter la portance du sous-sol de fondation \u00e0 l\u2019endroit des \u00adappuis pour des charges suppl\u00e9mentaires de 300\u2006\u2013\u2006500 kN.<\/p>\n<\/div><\/div><div class=\"w-btn-wrapper align_none\"><a class=\"w-btn us-btn-style_5 icon_atleft\" href=\"https:\/\/www.uretek.ch\/fr\/projet-de-reference\/lotissement-bachtele-wimmis\/\"><i class=\"fas fa-chevron-right\"><\/i><span class=\"w-btn-label\">Rapport complet<\/span><\/a><\/div><\/div><\/div><\/div><\/div><div class=\"w-separator size_medium with_line width_default thick_2 style_solid color_border align_center\"><div class=\"w-separator-h\"><\/div><\/div><div class=\"g-cols wpb_row via_flex valign_top type_default stacking_default\"><div class=\"vc_col-sm-6 wpb_column vc_column_container\"><div class=\"vc_column-inner\"><div class=\"wpb_wrapper\"><div class=\"w-image align_none\"><a ref=\"magnificPopup\" href=\"https:\/\/www.uretek.ch\/wp-content\/uploads\/2016\/01\/P1070792.jpg\" aria-label=\"B\u00e2timent industriel, Bienne\" class=\"w-image-h\"><img decoding=\"async\" width=\"600\" height=\"450\" src=\"https:\/\/www.uretek.ch\/wp-content\/uploads\/2016\/01\/P1070792.jpg\" class=\"attachment-us_600_0 size-us_600_0\" alt=\"\" loading=\"lazy\" srcset=\"https:\/\/www.uretek.ch\/wp-content\/uploads\/2016\/01\/P1070792.jpg 2000w, https:\/\/www.uretek.ch\/wp-content\/uploads\/2016\/01\/P1070792-450x338.jpg 450w, https:\/\/www.uretek.ch\/wp-content\/uploads\/2016\/01\/P1070792-1024x768.jpg 1024w, https:\/\/www.uretek.ch\/wp-content\/uploads\/2016\/01\/P1070792-600x450.jpg 600w\" sizes=\"auto, (max-width: 600px) 100vw, 600px\" \/><\/a><\/div><\/div><\/div><\/div><div class=\"vc_col-sm-6 wpb_column vc_column_container\"><div class=\"vc_column-inner\"><div class=\"wpb_wrapper\"><div class=\"wpb_text_column\"><div class=\"wpb_wrapper\"><h3>Bienne:\u00a0consolidation de sous-sol de fondation d\u2019un b\u00e2timent avec lofts (ancien b\u00e2timent industriel)<\/h3>\n<p>La fabrique de montres construite dans les ann\u00e9es 30 a \u00e9t\u00e9 transform\u00e9e, des ann\u00e9es plus tard, en une maison multifamiliale. Au fil du temps, le b\u00e2timent s\u2019est affaiss\u00e9 et de grandes fissures de 1 cm se sont form\u00e9es.<\/p>\n<\/div><\/div><div class=\"w-btn-wrapper align_none\"><a class=\"w-btn us-btn-style_5 icon_atleft\" href=\"http:\/\/www.uretek.ch\/fr\/projet-de-reference\/batiment-industriel-bienne\/\"><i class=\"fas fa-chevron-right\"><\/i><span class=\"w-btn-label\">Rapport complet<\/span><\/a><\/div><\/div><\/div><\/div><\/div><div class=\"w-separator size_medium with_line width_default thick_2 style_solid color_border align_center\"><div class=\"w-separator-h\"><\/div><\/div><div class=\"g-cols wpb_row via_flex valign_top type_default stacking_default\"><div class=\"vc_col-sm-6 wpb_column vc_column_container\"><div class=\"vc_column-inner\"><div class=\"wpb_wrapper\"><div class=\"w-image align_none\"><a ref=\"magnificPopup\" href=\"https:\/\/www.uretek.ch\/wp-content\/uploads\/2016\/01\/Biel_DSCN0153.jpg\" aria-label=\"Maisons jumel\u00e9es de la vieille ville, Bienne\" class=\"w-image-h\"><img decoding=\"async\" width=\"600\" height=\"450\" src=\"https:\/\/www.uretek.ch\/wp-content\/uploads\/2016\/01\/Biel_DSCN0153.jpg\" class=\"attachment-us_600_0 size-us_600_0\" alt=\"\" loading=\"lazy\" srcset=\"https:\/\/www.uretek.ch\/wp-content\/uploads\/2016\/01\/Biel_DSCN0153.jpg 2000w, https:\/\/www.uretek.ch\/wp-content\/uploads\/2016\/01\/Biel_DSCN0153-450x338.jpg 450w, https:\/\/www.uretek.ch\/wp-content\/uploads\/2016\/01\/Biel_DSCN0153-1024x768.jpg 1024w, https:\/\/www.uretek.ch\/wp-content\/uploads\/2016\/01\/Biel_DSCN0153-600x450.jpg 600w\" sizes=\"auto, (max-width: 600px) 100vw, 600px\" \/><\/a><\/div><\/div><\/div><\/div><div class=\"vc_col-sm-6 wpb_column vc_column_container\"><div class=\"vc_column-inner\"><div class=\"wpb_wrapper\"><div class=\"wpb_text_column\"><div class=\"wpb_wrapper\"><h3>Bienne: tassements soudains \u2013 s\u00e9curisation d\u2019un mur coupe-feu de maisons mitoyennes dans la vieille ville<\/h3>\n<p>Sur les murs coupe-feu de 2 maisons mitoyennes datant du 17\u00e8me si\u00e8cle, des tassements allant jusqu\u2019\u00e0 25 cm et de grandes fissures sont soudainement apparus; les murs et les plafonds durent imm\u00e9diatement \u00eatre s\u00e9curis\u00e9s.<\/p>\n<\/div><\/div><div class=\"w-btn-wrapper align_none\"><a class=\"w-btn us-btn-style_5 icon_atleft\" href=\"http:\/\/www.uretek.ch\/fr\/projet-de-reference\/maisons-jumelees-de-la-vieille-ville-bienne\/\"><i class=\"fas fa-chevron-right\"><\/i><span class=\"w-btn-label\">Rapport complet<\/span><\/a><\/div><\/div><\/div><\/div><\/div><div class=\"w-separator size_medium with_line width_default thick_2 style_solid color_border align_center\"><div class=\"w-separator-h\"><\/div><\/div><div class=\"g-cols wpb_row via_flex valign_top type_default stacking_default\"><div class=\"vc_col-sm-6 wpb_column vc_column_container\"><div class=\"vc_column-inner\"><div class=\"wpb_wrapper\"><div class=\"w-image align_none\"><a ref=\"magnificPopup\" href=\"https:\/\/www.uretek.ch\/wp-content\/uploads\/2016\/01\/DSCN5559.jpg\" aria-label=\"Immeuble d\u2019habitation, Ried-Brigue\/VS\" class=\"w-image-h\"><img decoding=\"async\" width=\"600\" height=\"450\" src=\"https:\/\/www.uretek.ch\/wp-content\/uploads\/2016\/01\/DSCN5559.jpg\" class=\"attachment-us_600_0 size-us_600_0\" alt=\"\" loading=\"lazy\" srcset=\"https:\/\/www.uretek.ch\/wp-content\/uploads\/2016\/01\/DSCN5559.jpg 2000w, https:\/\/www.uretek.ch\/wp-content\/uploads\/2016\/01\/DSCN5559-450x338.jpg 450w, https:\/\/www.uretek.ch\/wp-content\/uploads\/2016\/01\/DSCN5559-1024x768.jpg 1024w, https:\/\/www.uretek.ch\/wp-content\/uploads\/2016\/01\/DSCN5559-600x450.jpg 600w\" sizes=\"auto, (max-width: 600px) 100vw, 600px\" \/><\/a><\/div><\/div><\/div><\/div><div class=\"vc_col-sm-6 wpb_column vc_column_container\"><div class=\"vc_column-inner\"><div class=\"wpb_wrapper\"><div class=\"wpb_text_column\"><div class=\"wpb_wrapper\"><h3>Ried-Brig (1880 m d\u2019altitude): maison d\u2019habitation collective stabilis\u00e9e en Valais<\/h3>\n<p>La maison d\u2019habitation \u00e0 plusieurs \u00e9tages a \u00e9t\u00e9 construite il y a environ 80 ans au milieu d\u2019une pente.\u00a0\u00a0Elle se trouve aux abords d\u2019une rue principale sur sol sableux. Le b\u00e2timent et les fondations sont ma\u00e7onn\u00e9s. En raison de lessivages, de fuites de conduites, du r\u00e9servoir situ\u00e9 devant la maison ainsi que du trafic accru de poids lourds, la maison s\u2019est tass\u00e9e dans plusieurs directions et d\u2019importantes fissures sont apparues sur la construction.<\/p>\n<\/div><\/div><div class=\"w-btn-wrapper align_none\"><a class=\"w-btn us-btn-style_5 icon_atleft\" href=\"http:\/\/www.uretek.ch\/fr\/projet-de-reference\/immeuble-d-habitation-ried-brigue-vs\/\"><i class=\"fas fa-chevron-right\"><\/i><span class=\"w-btn-label\">Rapport complet<\/span><\/a><\/div><\/div><\/div><\/div><\/div><div class=\"w-separator size_medium with_line width_default thick_2 style_solid color_border align_center\"><div class=\"w-separator-h\"><\/div><\/div><div class=\"g-cols wpb_row via_flex valign_top type_default stacking_default\"><div class=\"vc_col-sm-6 wpb_column vc_column_container\"><div class=\"vc_column-inner\"><div class=\"wpb_wrapper\"><div class=\"w-image align_none\"><a ref=\"magnificPopup\" href=\"https:\/\/www.uretek.ch\/wp-content\/uploads\/2016\/01\/P1060364.jpg\" aria-label=\"Maison d\u2019habitation, Saint Gall\" class=\"w-image-h\"><img decoding=\"async\" width=\"600\" height=\"450\" src=\"https:\/\/www.uretek.ch\/wp-content\/uploads\/2016\/01\/P1060364.jpg\" class=\"attachment-us_600_0 size-us_600_0\" alt=\"\" loading=\"lazy\" srcset=\"https:\/\/www.uretek.ch\/wp-content\/uploads\/2016\/01\/P1060364.jpg 2000w, https:\/\/www.uretek.ch\/wp-content\/uploads\/2016\/01\/P1060364-450x338.jpg 450w, https:\/\/www.uretek.ch\/wp-content\/uploads\/2016\/01\/P1060364-1024x768.jpg 1024w, https:\/\/www.uretek.ch\/wp-content\/uploads\/2016\/01\/P1060364-600x450.jpg 600w\" sizes=\"auto, (max-width: 600px) 100vw, 600px\" \/><\/a><\/div><\/div><\/div><\/div><div class=\"vc_col-sm-6 wpb_column vc_column_container\"><div class=\"vc_column-inner\"><div class=\"wpb_wrapper\"><div class=\"wpb_text_column\"><div class=\"wpb_wrapper\"><h3>Saint Gall: stabilisation du sous-sol de fondation d\u2019une maison d\u2019habitations<\/h3>\n<p>Cette maison d\u2019habitations de 4 \u00e9tages, construite en 1935 sur un terrain en pente, s\u2019est affaiss\u00e9e, au fil du temps, vers la vall\u00e9e.<\/p>\n<\/div><\/div><div class=\"w-btn-wrapper align_none\"><a class=\"w-btn us-btn-style_5 icon_atleft\" href=\"http:\/\/www.uretek.ch\/fr\/projet-de-reference\/maison-d-habitation-saint-gall\/\"><i class=\"fas fa-chevron-right\"><\/i><span class=\"w-btn-label\">Rapport complet<\/span><\/a><\/div><\/div><\/div><\/div><\/div><div class=\"w-separator size_medium with_line width_default thick_2 style_solid color_border align_center\"><div class=\"w-separator-h\"><\/div><\/div><div class=\"g-cols wpb_row via_flex valign_top type_default stacking_default\"><div class=\"vc_col-sm-6 wpb_column vc_column_container\"><div class=\"vc_column-inner\"><div class=\"wpb_wrapper\"><div class=\"w-image align_none\"><div class=\"w-image-h\"><img decoding=\"async\" width=\"600\" height=\"450\" src=\"https:\/\/www.uretek.ch\/wp-content\/uploads\/2016\/01\/IMG_0895.jpg\" class=\"attachment-us_600_0 size-us_600_0\" alt=\"\" loading=\"lazy\" srcset=\"https:\/\/www.uretek.ch\/wp-content\/uploads\/2016\/01\/IMG_0895.jpg 2000w, https:\/\/www.uretek.ch\/wp-content\/uploads\/2016\/01\/IMG_0895-450x338.jpg 450w, https:\/\/www.uretek.ch\/wp-content\/uploads\/2016\/01\/IMG_0895-1024x768.jpg 1024w, https:\/\/www.uretek.ch\/wp-content\/uploads\/2016\/01\/IMG_0895-600x450.jpg 600w\" sizes=\"auto, (max-width: 600px) 100vw, 600px\" \/><\/div><\/div><\/div><\/div><\/div><div class=\"vc_col-sm-6 wpb_column vc_column_container\"><div class=\"vc_column-inner\"><div class=\"wpb_wrapper\"><div class=\"wpb_text_column\"><div class=\"wpb_wrapper\"><h3>Gen\u00e8ve:\u00a0stabilisation des fondations continues et d\u2019une dalle de fondation d\u2019un garage souterrain<\/h3>\n<p>Le complexe \u00e0 plusieurs \u00e9tages \u00abLa Tour de Rieu\u00bb avec parking souterrain a \u00e9t\u00e9 construit en 1970. Les fondations du parking souterrain se composent de semelles filantes et d\u2019une dalle de fondation d\u2019environ 20 cm avec des joints de Dilatation.<\/p>\n<\/div><\/div><div class=\"w-btn-wrapper align_none\"><a class=\"w-btn us-btn-style_5 icon_atleft\" href=\"http:\/\/www.uretek.ch\/fr\/projet-de-reference\/parking-souterrain-geneve\/\"><i class=\"fas fa-chevron-right\"><\/i><span class=\"w-btn-label\">Rapport complet<\/span><\/a><\/div><\/div><\/div><\/div><\/div><div class=\"w-separator size_medium with_line width_default thick_2 style_solid color_border align_center\"><div class=\"w-separator-h\"><\/div><\/div><div class=\"g-cols wpb_row via_flex valign_top type_default stacking_default\"><div class=\"vc_col-sm-6 wpb_column vc_column_container\"><div class=\"vc_column-inner\"><div class=\"wpb_wrapper\"><div class=\"w-image align_none\"><a ref=\"magnificPopup\" href=\"https:\/\/www.uretek.ch\/wp-content\/uploads\/2016\/01\/IMG_7494.jpg\" aria-label=\"Extension d\u2019un balcon, Arch\" class=\"w-image-h\"><img decoding=\"async\" width=\"600\" height=\"450\" src=\"https:\/\/www.uretek.ch\/wp-content\/uploads\/2016\/01\/IMG_7494.jpg\" class=\"attachment-us_600_0 size-us_600_0\" alt=\"\" loading=\"lazy\" srcset=\"https:\/\/www.uretek.ch\/wp-content\/uploads\/2016\/01\/IMG_7494.jpg 2000w, https:\/\/www.uretek.ch\/wp-content\/uploads\/2016\/01\/IMG_7494-450x338.jpg 450w, https:\/\/www.uretek.ch\/wp-content\/uploads\/2016\/01\/IMG_7494-1024x768.jpg 1024w, https:\/\/www.uretek.ch\/wp-content\/uploads\/2016\/01\/IMG_7494-600x450.jpg 600w\" sizes=\"auto, (max-width: 600px) 100vw, 600px\" \/><\/a><\/div><\/div><\/div><\/div><div class=\"vc_col-sm-6 wpb_column vc_column_container\"><div class=\"vc_column-inner\"><div class=\"wpb_wrapper\"><div class=\"wpb_text_column\"><div class=\"wpb_wrapper\"><h3>Arch: extension d\u2019un balcon d\u2019un immeuble collectif stabilis\u00e9<\/h3>\n<p>Sur un immeuble collectif construit il y a pr\u00e8s de 40 ans a \u00e9t\u00e9 r\u00e9alis\u00e9e quelques ann\u00e9es en arri\u00e8re une extension de balcon \u00e0 partir de respectivement 2 constructions \u00e0 supports m\u00e9talliques avec des dalles de b\u00e9ton.<\/p>\n<\/div><\/div><div class=\"w-btn-wrapper align_none\"><a class=\"w-btn us-btn-style_5 icon_atleft\" href=\"http:\/\/www.uretek.ch\/fr\/projet-de-reference\/extension-d-un-balcon-arch\/\"><i class=\"fas fa-chevron-right\"><\/i><span class=\"w-btn-label\">Rapport complet<\/span><\/a><\/div><\/div><\/div><\/div><\/div><div class=\"w-separator size_medium with_line width_default thick_2 style_solid color_border align_center\"><div class=\"w-separator-h\"><\/div><\/div><div class=\"g-cols wpb_row via_flex valign_top type_default stacking_default\"><div class=\"vc_col-sm-6 wpb_column vc_column_container\"><div class=\"vc_column-inner\"><div class=\"wpb_wrapper\"><div class=\"w-image align_none\"><a ref=\"magnificPopup\" href=\"https:\/\/www.uretek.ch\/wp-content\/uploads\/2016\/01\/IMG_3481.jpg\" aria-label=\"Immeuble d\u2019habitation, Lachen\" class=\"w-image-h\"><img decoding=\"async\" width=\"600\" height=\"450\" src=\"https:\/\/www.uretek.ch\/wp-content\/uploads\/2016\/01\/IMG_3481.jpg\" class=\"attachment-us_600_0 size-us_600_0\" alt=\"\" loading=\"lazy\" srcset=\"https:\/\/www.uretek.ch\/wp-content\/uploads\/2016\/01\/IMG_3481.jpg 2000w, https:\/\/www.uretek.ch\/wp-content\/uploads\/2016\/01\/IMG_3481-450x338.jpg 450w, https:\/\/www.uretek.ch\/wp-content\/uploads\/2016\/01\/IMG_3481-1024x768.jpg 1024w, https:\/\/www.uretek.ch\/wp-content\/uploads\/2016\/01\/IMG_3481-600x450.jpg 600w\" sizes=\"auto, (max-width: 600px) 100vw, 600px\" \/><\/a><\/div><\/div><\/div><\/div><div class=\"vc_col-sm-6 wpb_column vc_column_container\"><div class=\"vc_column-inner\"><div class=\"wpb_wrapper\"><div class=\"wpb_text_column\"><div class=\"wpb_wrapper\"><h3>Lachen: tassements stopp\u00e9s apr\u00e8s des travaux de pose de pieux<\/h3>\n<p>Des tassements pouvant atteindre 8 mm sont apparus subitement sur un b\u00e2timent r\u00e9sidentiel construit il y a 50 \u00e0 80 ans. La cause de ces tassements r\u00e9sidait dans des travaux de pr\u00e9paration d\u2019excavation (mise en place de pieux et palplanches) pour une superstructure relativement grande directement \u00e0 c\u00f4t\u00e9 du b\u00e2timent r\u00e9sidentiel.<\/p>\n<\/div><\/div><div class=\"w-btn-wrapper align_none\"><a class=\"w-btn us-btn-style_5 icon_atleft\" href=\"http:\/\/www.uretek.ch\/fr\/projet-de-reference\/immeuble-d-habitation-lachen\/\"><i class=\"fas fa-chevron-right\"><\/i><span class=\"w-btn-label\">Rapport complet<\/span><\/a><\/div><\/div><\/div><\/div><\/div><div class=\"w-separator size_medium with_line width_default thick_2 style_solid color_border align_center\"><div class=\"w-separator-h\"><\/div><\/div><div class=\"g-cols wpb_row via_flex valign_top type_default stacking_default\"><div class=\"vc_col-sm-6 wpb_column vc_column_container\"><div class=\"vc_column-inner\"><div class=\"wpb_wrapper\"><div class=\"w-image align_none\"><a ref=\"magnificPopup\" href=\"https:\/\/www.uretek.ch\/wp-content\/uploads\/2016\/01\/P1080684.jpg\" aria-label=\"H\u00f4tel de s\u00e9minaires \u00ab Kientalerhof \u00bb, Kiental\" class=\"w-image-h\"><img decoding=\"async\" width=\"600\" height=\"450\" src=\"https:\/\/www.uretek.ch\/wp-content\/uploads\/2016\/01\/P1080684.jpg\" class=\"attachment-us_600_0 size-us_600_0\" alt=\"\" loading=\"lazy\" srcset=\"https:\/\/www.uretek.ch\/wp-content\/uploads\/2016\/01\/P1080684.jpg 2000w, https:\/\/www.uretek.ch\/wp-content\/uploads\/2016\/01\/P1080684-450x338.jpg 450w, https:\/\/www.uretek.ch\/wp-content\/uploads\/2016\/01\/P1080684-1024x768.jpg 1024w, https:\/\/www.uretek.ch\/wp-content\/uploads\/2016\/01\/P1080684-600x450.jpg 600w\" sizes=\"auto, (max-width: 600px) 100vw, 600px\" \/><\/a><\/div><\/div><\/div><\/div><div class=\"vc_col-sm-6 wpb_column vc_column_container\"><div class=\"vc_column-inner\"><div class=\"wpb_wrapper\"><div class=\"wpb_text_column\"><div class=\"wpb_wrapper\"><h3>Kiental: des transferts de charge ont n\u00e9cessit\u00e9 un renforcement du sol sous les fondations<\/h3>\n<p>L\u2019h\u00f4tel \u00abKientalerhof\u00bb a \u00e9t\u00e9 construit en 1870 et l\u2019annexe il y a environ 25 ans. L\u2019h\u00f4tel \u00abKientalerhof\u00bb\u00a0est aujourd\u2019hui un centre de formation et de rencontres, situ\u00e9 dans un paysage montagneux sous la Griesalp.<\/p>\n<\/div><\/div><div class=\"w-btn-wrapper align_none\"><a class=\"w-btn us-btn-style_5 icon_atleft\" href=\"https:\/\/www.uretek.ch\/fr\/projet-de-reference\/hotel-de-seminaires-kientalerhof-kiental\/\"><i class=\"fas fa-chevron-right\"><\/i><span class=\"w-btn-label\">Rapport complet<\/span><\/a><\/div><\/div><\/div><\/div><\/div><div class=\"w-separator size_medium with_line width_default thick_2 style_solid color_border align_center\"><div class=\"w-separator-h\"><\/div><\/div><div class=\"g-cols wpb_row via_flex valign_top type_default stacking_default\"><div class=\"vc_col-sm-6 wpb_column vc_column_container\"><div class=\"vc_column-inner\"><div class=\"wpb_wrapper\"><div class=\"w-image align_none\"><a ref=\"magnificPopup\" href=\"https:\/\/www.uretek.ch\/wp-content\/uploads\/2019\/06\/DSCN8854.jpg\" aria-label=\"DSCN8854\" class=\"w-image-h\"><img decoding=\"async\" width=\"600\" height=\"450\" src=\"https:\/\/www.uretek.ch\/wp-content\/uploads\/2019\/06\/DSCN8854-600x450.jpg\" class=\"attachment-us_600_0 size-us_600_0\" alt=\"\" loading=\"lazy\" srcset=\"https:\/\/www.uretek.ch\/wp-content\/uploads\/2019\/06\/DSCN8854-600x450.jpg 600w, https:\/\/www.uretek.ch\/wp-content\/uploads\/2019\/06\/DSCN8854-450x338.jpg 450w, https:\/\/www.uretek.ch\/wp-content\/uploads\/2019\/06\/DSCN8854.jpg 1024w, https:\/\/www.uretek.ch\/wp-content\/uploads\/2019\/06\/DSCN8854-768x576.jpg 768w\" sizes=\"auto, (max-width: 600px) 100vw, 600px\" \/><\/a><\/div><\/div><\/div><\/div><div class=\"vc_col-sm-6 wpb_column vc_column_container\"><div class=\"vc_column-inner\"><div class=\"wpb_wrapper\"><div class=\"wpb_text_column\"><div class=\"wpb_wrapper\"><h3>Zurich: tassements d\u2019un immeuble locatif stopp\u00e9s<\/h3>\n<p>L\u2019immeuble s\u2019est tass\u00e9 \u00e0 l\u2019endroit de la buanderie et diverses fissures horizontales et verticales sont apparues. Les causes suivantes de ces tassements entrent en ligne de compte: un sol de remblayage, l\u2019entr\u00e9e d\u2019eau souterraine dans la cave, la p\u00e9riode de s\u00e9cheresse de 2015 ainsi que l\u2019influence d\u2019eau de ruissellement et de conduites pr\u00e9sentant des fuites (lessivage de mat\u00e9riel fin).<\/p>\n<\/div><\/div><div class=\"w-btn-wrapper align_none\"><a class=\"w-btn us-btn-style_5 icon_atleft\" href=\"https:\/\/www.uretek.ch\/fr\/projet-de-reference\/limmeuble-locatif-de-6-appartements-zurich\/\"><i class=\"fas fa-chevron-right\"><\/i><span class=\"w-btn-label\">Rapport complet<\/span><\/a><\/div><\/div><\/div><\/div><\/div><div class=\"w-separator size_medium with_line width_default thick_2 style_solid color_border align_center\"><div class=\"w-separator-h\"><\/div><\/div><div class=\"g-cols wpb_row via_flex valign_top type_default stacking_default\"><div class=\"vc_col-sm-6 wpb_column vc_column_container\"><div class=\"vc_column-inner\"><div class=\"wpb_wrapper\"><div class=\"w-image align_none\"><a ref=\"magnificPopup\" href=\"https:\/\/www.uretek.ch\/wp-content\/uploads\/2019\/06\/DSCN9980.jpg\" aria-label=\"DSCN9980\" class=\"w-image-h\"><img decoding=\"async\" width=\"600\" height=\"450\" src=\"https:\/\/www.uretek.ch\/wp-content\/uploads\/2019\/06\/DSCN9980-600x450.jpg\" class=\"attachment-us_600_0 size-us_600_0\" alt=\"\" loading=\"lazy\" srcset=\"https:\/\/www.uretek.ch\/wp-content\/uploads\/2019\/06\/DSCN9980-600x450.jpg 600w, https:\/\/www.uretek.ch\/wp-content\/uploads\/2019\/06\/DSCN9980-450x338.jpg 450w, https:\/\/www.uretek.ch\/wp-content\/uploads\/2019\/06\/DSCN9980.jpg 1024w, https:\/\/www.uretek.ch\/wp-content\/uploads\/2019\/06\/DSCN9980-768x576.jpg 768w\" sizes=\"auto, (max-width: 600px) 100vw, 600px\" \/><\/a><\/div><\/div><\/div><\/div><div class=\"vc_col-sm-6 wpb_column vc_column_container\"><div class=\"vc_column-inner\"><div class=\"wpb_wrapper\"><div class=\"wpb_text_column\"><div class=\"wpb_wrapper\"><h3>Geroldswil: sous-sol de fondation d\u2019un immeuble locatif stabilis\u00e9<\/h3>\n<p>Au cours du temps, des tassements atteignant env. 15\u00a0cm sont apparus (plus fortement vers la fa\u00e7ade sud) et des fentes et des fissures se sont cr\u00e9\u00e9es. Les causes des tassements sont l\u2019ass\u00e9chement et le d\u00e9lavage du sol (graviers de la Sihl recouverts de s\u00e9diments de submersion).<\/p>\n<\/div><\/div><div class=\"w-btn-wrapper align_none\"><a class=\"w-btn us-btn-style_5 icon_atleft\" href=\"https:\/\/www.uretek.ch\/fr\/projet-de-reference\/immeuble-locatif-geroldswil\/\"><i class=\"fas fa-chevron-right\"><\/i><span class=\"w-btn-label\">Rapport complet<\/span><\/a><\/div><\/div><\/div><\/div><\/div><div class=\"w-separator size_medium with_line width_default thick_2 style_solid color_border align_center\"><div class=\"w-separator-h\"><\/div><\/div><section class=\"l-section wpb_row height_auto width_full\"><div class=\"l-section-h i-cf\"><div class=\"g-cols vc_row via_flex valign_top type_default stacking_default\"><div class=\"vc_col-sm-12 wpb_column vc_column_container\"><div class=\"vc_column-inner\"><div class=\"wpb_wrapper\"><div class=\"g-cols wpb_row via_flex valign_top type_default stacking_default\"><div class=\"vc_col-sm-12 wpb_column vc_column_container\"><div class=\"vc_column-inner\"><div class=\"wpb_wrapper\"><div class=\"wpb_text_column\"><div class=\"wpb_wrapper\"><h3>Notre force<\/h3>\n<\/div><\/div><div class=\"w-separator size_small\"><\/div><\/div><\/div><\/div><\/div><div class=\"w-tabs accordion-staerken style_default switch_click accordion type_togglable has_scrolling\" style=\"--sections-title-size:inherit\"><div class=\"w-tabs-sections titles-align_none icon_chevron cpos_right\"><div class=\"w-tabs-section has_text_color\" id=\"kd26\" style=\"background:#ef7d00;color:#ffffff;\"><button class=\"w-tabs-section-header with_icon\" aria-controls=\"content-kd26\" aria-expanded=\"false\"><i class=\"far fa-check-square\"><\/i><h4 class=\"w-tabs-section-title\">RENTABLE<\/h4><div class=\"w-tabs-section-control\"><\/div><\/button><div  class=\"w-tabs-section-content\" id=\"content-kd26\"><div class=\"w-tabs-section-content-h i-cf\"><div class=\"wpb_text_column\"><div class=\"wpb_wrapper\"><p>Dans la mesure o\u00f9 les frais li\u00e9s \u00e0 des installations de chantier de grande taille sont supprim\u00e9s et que la r\u00e9novation des volumes de sol concern\u00e9s a lieu rapidement, les co\u00fbts sont tr\u00e8s comp\u00e9titifs par rapport \u00e0 des technologies traditionnelles.<\/p>\n<p>En raison de la force d\u2019expansion rapide, la mati\u00e8re ne peut pas se dilater loin du point d\u2019injection, permettant ainsi de limiter la quantit\u00e9 de mati\u00e8re utilis\u00e9e et donc les frais aff\u00e9rents.<\/p>\n<\/div><\/div><\/div><\/div><\/div><div class=\"w-tabs-section has_text_color\" id=\"gef2\" style=\"background:#ef8f28;color:#ffffff;\"><button class=\"w-tabs-section-header with_icon\" aria-controls=\"content-gef2\" aria-expanded=\"false\"><i class=\"far fa-check-square\"><\/i><h4 class=\"w-tabs-section-title\">GAIN DE TEMPS<\/h4><div class=\"w-tabs-section-control\"><\/div><\/button><div  class=\"w-tabs-section-content\" id=\"content-gef2\"><div class=\"w-tabs-section-content-h i-cf\"><div class=\"wpb_text_column\"><div class=\"wpb_wrapper\"><p>La technologie URETEK ne n\u00e9cessite pas d\u2019\u00e9quipements encombrants, car le dispositif de chantier se trouve sur le camion.<\/p>\n<p><strong>Effet imm\u00e9diat<\/strong><br \/>\nEn comparaison avec les m\u00e9langes de b\u00e9ton, le durcissement de la mati\u00e8re inject\u00e9e a lieu tr\u00e8s rapidement. La r\u00e9sine atteint tr\u00e8s rapidement ses propri\u00e9t\u00e9s m\u00e9caniques d\u00e9finitives. La zone trait\u00e9e peut ainsi \u00eatre utilis\u00e9e apr\u00e8s les travaux.<\/p>\n<\/div><\/div><\/div><\/div><\/div><div class=\"w-tabs-section has_text_color\" id=\"k080\" style=\"background:#efa351;color:#ffffff;\"><button class=\"w-tabs-section-header with_icon\" aria-controls=\"content-k080\" aria-expanded=\"false\"><i class=\"far fa-check-square\"><\/i><h4 class=\"w-tabs-section-title\">S\u00c9CURIT\u00c9<\/h4><div class=\"w-tabs-section-control\"><\/div><\/button><div  class=\"w-tabs-section-content\" id=\"content-k080\"><div class=\"w-tabs-section-content-h i-cf\"><div class=\"wpb_text_column\"><div class=\"wpb_wrapper\"><p>Gr\u00e2ce \u00e0 l\u2019enregistrement pr\u00e9cis ex\u00e9cut\u00e9 apr\u00e8s les travaux par les techniciens URETEK, il est possible de v\u00e9rifier imm\u00e9diatement l\u2019efficacit\u00e9 de la mesure. Il est en outre possible de r\u00e9aliser des contr\u00f4les indirects avant et apr\u00e8s le traitement par des essais g\u00e9otechniques comparatifs (par ex. essais de p\u00e9n\u00e9tration et\/ou proc\u00e9d\u00e9 avec pressiom\u00e8tre).<\/p>\n<\/div><\/div><\/div><\/div><\/div><\/div><\/div><div class=\"g-cols wpb_row via_flex valign_top type_default stacking_default\"><div class=\"vc_col-sm-12 wpb_column vc_column_container\"><div class=\"vc_column-inner\"><div class=\"wpb_wrapper\"><div class=\"w-separator size_large\"><\/div><div class=\"w-sharing type_solid align_none color_default\"><div class=\"w-sharing-list\" data-content-image=\"true\"><a class=\"w-sharing-item email\" href=\"mailto:?subject=B\u00e2timents commerciaux et d\u2019habitation&amp;body=https:\/\/www.uretek.ch\/fr\/wp-json\/wp\/v2\/pages\/2726\" title=\"Envoyer ceci par courriel\" aria-label=\"Envoyer ceci par courriel\"><i class=\"fas fa-envelope\"><\/i><\/a><a class=\"w-sharing-item facebook\" href=\"https:\/\/www.facebook.com\/sharer\/sharer.php?u=https:\/\/www.uretek.ch\/fr\/wp-json\/wp\/v2\/pages\/2726&amp;quote=B\u00e2timents commerciaux et d\u2019habitation\" title=\"Partager ceci\" aria-label=\"Partager ceci\" onclick=\"window.open(this.href, &quot;facebook&quot;, &quot;toolbar=0,width=900,height=500&quot;); return false;\"><i class=\"fab fa-facebook\"><\/i><\/a><a class=\"w-sharing-item twitter\" href=\"https:\/\/twitter.com\/intent\/tweet?text=B\u00e2timents commerciaux et d\u2019habitation&amp;url=https:\/\/www.uretek.ch\/fr\/wp-json\/wp\/v2\/pages\/2726\" title=\"Twitter ceci\" aria-label=\"Twitter ceci\" onclick=\"window.open(this.href, &quot;twitter&quot;, &quot;toolbar=0,width=650,height=360&quot;); return false;\"><i class=\"fab fa-x-twitter\"><svg style=\"width:1em; margin-bottom:-.1em;\" xmlns=\"http:\/\/www.w3.org\/2000\/svg\" viewBox=\"0 0 512 512\"><path fill=\"currentColor\" d=\"M389.2 48h70.6L305.6 224.2 487 464H345L233.7 318.6 106.5 464H35.8L200.7 275.5 26.8 48H172.4L272.9 180.9 389.2 48zM364.4 421.8h39.1L151.1 88h-42L364.4 421.8z\"\/><\/svg><\/i><\/a><a class=\"w-sharing-item linkedin\" href=\"https:\/\/www.linkedin.com\/shareArticle?mini=true&amp;url=https:\/\/www.uretek.ch\/fr\/wp-json\/wp\/v2\/pages\/2726\" title=\"Partager ceci\" aria-label=\"Partager ceci\" onclick=\"window.open(this.href, &quot;linkedin&quot;, &quot;toolbar=no,width=550,height=550&quot;); return false;\"><i class=\"fab fa-linkedin\"><\/i><\/a><\/div><\/div><\/div><\/div><\/div><\/div><div class=\"g-cols wpb_row via_flex valign_top type_default stacking_default\"><div class=\"vc_col-sm-12 vc_hidden-lg vc_hidden-md wpb_column vc_column_container\"><div class=\"vc_column-inner\"><div class=\"wpb_wrapper\"><div class=\"w-separator size_large\"><\/div><div class=\"w-popup w-btn-wrapper align_center\"><button aria-label=\"Conseil gratuit\" class=\"w-popup-trigger type_btn w-btn us-btn-style_8\"><span class=\"w-btn-label\">Conseil gratuit<\/span><\/button><div class=\"w-popup-overlay\" style=\"background:rgba(239,125,0,0.8);\"><\/div><div class=\"w-popup-wrap layout_default\" style=\"--title-color:var(--color-content-heading);--title-bg-color:#ffffff;--content-color:var(--color-content-text);--content-bg-color:var(--color-content-bg);--popup-width:600px;--popup-padding:5%;\"><div class=\"w-popup-box animation_fadeIn closerpos_outside with_title\"><div class=\"w-popup-box-h\"><div class=\"w-popup-box-title\">Conseil gratuit<\/div><div class=\"w-popup-box-content\"><div class=\"wpcf7 no-js\" id=\"wpcf7-f5838-o1\" lang=\"de-DE\" dir=\"ltr\">\n<div class=\"screen-reader-response\"><p role=\"status\" aria-live=\"polite\" aria-atomic=\"true\"><\/p> <ul><\/ul><\/div>\n<form action=\"\/fr\/wp-json\/wp\/v2\/pages\/2726#wpcf7-f5838-o1\" method=\"post\" class=\"wpcf7-form init\" aria-label=\"Kontaktformular\" enctype=\"multipart\/form-data\" novalidate=\"novalidate\" data-status=\"init\">\n<div style=\"display: none;\">\n<input type=\"hidden\" name=\"_wpcf7\" value=\"5838\" \/>\n<input type=\"hidden\" name=\"_wpcf7_version\" value=\"5.9.6\" \/>\n<input type=\"hidden\" name=\"_wpcf7_locale\" value=\"de_DE\" \/>\n<input type=\"hidden\" name=\"_wpcf7_unit_tag\" value=\"wpcf7-f5838-o1\" \/>\n<input type=\"hidden\" name=\"_wpcf7_container_post\" value=\"0\" \/>\n<input type=\"hidden\" name=\"_wpcf7_posted_data_hash\" value=\"\" \/>\n<\/div>\n<p>Je souhaite:<br \/>\n<span class=\"wpcf7-form-control-wrap\" data-name=\"checkbox-236\"><span class=\"wpcf7-form-control wpcf7-checkbox\"><span class=\"wpcf7-list-item first\"><input type=\"checkbox\" name=\"checkbox-236[]\" value=\"un conseil gratuit sur site\" \/><span class=\"wpcf7-list-item-label\">un conseil gratuit sur site<\/span><\/span><span class=\"wpcf7-list-item\"><input type=\"checkbox\" name=\"checkbox-236[]\" value=\"un renseignement t\u00e9l\u00e9phonique\" \/><span class=\"wpcf7-list-item-label\">un renseignement t\u00e9l\u00e9phonique<\/span><\/span><span class=\"wpcf7-list-item last\"><input type=\"checkbox\" name=\"checkbox-236[]\" value=\"des documentations\" \/><span class=\"wpcf7-list-item-label\">des documentations<\/span><\/span><\/span><\/span>\n<\/p>\n<p>Au cas o\u00f9 vous d\u00e9sirez (apr\u00e8s visite sur site effectu\u00e9e), recevoir avant notre offre une estimation des co\u00fbts rapide et non contraignante, veuillez nous faire parvenir les plans de l'objet en question avec marquage de la zone concern\u00e9e ainsi que quelques mots-cl\u00e9s concernant la situation (y compris la nature du sous-sol, si connue).\n<\/p>\n<div class=\"form_spacer\">\n\t<p><span class=\"wpcf7-form-control-wrap\" data-name=\"file-863\"><input size=\"40\" class=\"wpcf7-form-control wpcf7-file\" accept=\".jpg,.jpeg,.png,.gif,.pdf,.doc,.docx\" aria-invalid=\"false\" type=\"file\" name=\"file-863\" \/><\/span>\n\t<\/p>\n<\/div>\n<p style=\"padding-top:10px;\">\n<\/p>\n<div class=\"form_spacer\">\n\t<p><span class=\"wpcf7-form-control-wrap\" data-name=\"menu-89\"><select class=\"wpcf7-form-control wpcf7-select\" aria-invalid=\"false\" name=\"menu-89\"><option value=\"Monsieur\">Monsieur<\/option><option value=\"Madame\">Madame<\/option><\/select><\/span>\n\t<\/p>\n<\/div>\n<div class=\"form_half\">\n\t<p><span class=\"wpcf7-form-control-wrap\" data-name=\"vorname\"><input size=\"40\" maxlength=\"80\" class=\"wpcf7-form-control wpcf7-text wpcf7-validates-as-required\" aria-required=\"true\" aria-invalid=\"false\" placeholder=\"Pr\u00e9nom*\" value=\"\" type=\"text\" name=\"vorname\" \/><\/span>\n\t<\/p>\n<\/div>\n<div class=\"form_half form_half_last\">\n\t<p><span class=\"wpcf7-form-control-wrap\" data-name=\"nachname\"><input size=\"40\" maxlength=\"80\" class=\"wpcf7-form-control wpcf7-text wpcf7-validates-as-required\" aria-required=\"true\" aria-invalid=\"false\" placeholder=\"Nom*\" value=\"\" type=\"text\" name=\"nachname\" \/><\/span>\n\t<\/p>\n<\/div>\n<div class=\"form_spacer\">\n\t<p><span class=\"wpcf7-form-control-wrap\" data-name=\"firmenname\"><input size=\"40\" maxlength=\"80\" class=\"wpcf7-form-control wpcf7-text\" aria-invalid=\"false\" placeholder=\"Raison sociale\" value=\"\" type=\"text\" name=\"firmenname\" \/><\/span>\n\t<\/p>\n<\/div>\n<div class=\"form_spacer\">\n\t<p><span class=\"wpcf7-form-control-wrap\" data-name=\"strasse\"><input size=\"40\" maxlength=\"80\" class=\"wpcf7-form-control wpcf7-text\" aria-invalid=\"false\" placeholder=\"Rue\/No.\" value=\"\" type=\"text\" name=\"strasse\" \/><\/span>\n\t<\/p>\n<\/div>\n<div class=\"form_third\">\n\t<p><span class=\"wpcf7-form-control-wrap\" data-name=\"plz\"><input size=\"40\" maxlength=\"80\" class=\"wpcf7-form-control wpcf7-text\" aria-invalid=\"false\" placeholder=\"CP\" value=\"\" type=\"text\" name=\"plz\" \/><\/span>\n\t<\/p>\n<\/div>\n<div class=\"form_third_last\">\n\t<p><span class=\"wpcf7-form-control-wrap\" data-name=\"ort\"><input size=\"40\" maxlength=\"80\" class=\"wpcf7-form-control wpcf7-text\" aria-invalid=\"false\" placeholder=\"Lieu\" value=\"\" type=\"text\" name=\"ort\" \/><\/span>\n\t<\/p>\n<\/div>\n<div class=\"form_half\">\n\t<p><span class=\"wpcf7-form-control-wrap\" data-name=\"telefon\"><input size=\"40\" maxlength=\"80\" class=\"wpcf7-form-control wpcf7-tel wpcf7-text wpcf7-validates-as-tel\" aria-invalid=\"false\" placeholder=\"T\u00e9l\u00e9phone\" value=\"\" type=\"tel\" name=\"telefon\" \/><\/span>\n\t<\/p>\n<\/div>\n<div class=\"form_half form_half_last\">\n\t<p><span class=\"wpcf7-form-control-wrap\" data-name=\"email-983\"><input size=\"40\" maxlength=\"80\" class=\"wpcf7-form-control wpcf7-email wpcf7-validates-as-required wpcf7-text wpcf7-validates-as-email\" aria-required=\"true\" aria-invalid=\"false\" placeholder=\"E-mail*\" value=\"\" type=\"email\" name=\"email-983\" \/><\/span>\n\t<\/p>\n<\/div>\n<div class=\"form_spacer\">\n\t<p><span class=\"wpcf7-form-control-wrap\" data-name=\"your-subject\"><input size=\"40\" maxlength=\"80\" class=\"wpcf7-form-control wpcf7-text\" aria-invalid=\"false\" placeholder=\"Objet\" value=\"\" type=\"text\" name=\"your-subject\" \/><\/span>\n\t<\/p>\n<\/div>\n<div class=\"form_spacer\">\n\t<p><span class=\"wpcf7-form-control-wrap\" data-name=\"your-message\"><textarea cols=\"40\" rows=\"10\" maxlength=\"400\" class=\"wpcf7-form-control wpcf7-textarea\" aria-invalid=\"false\" placeholder=\"Votre message\" name=\"your-message\"><\/textarea><\/span>\n\t<\/p>\n<\/div>\n<div class=\"form_spacer\" style=\"font-size:0.9rem;\">\n\t<p>Pour vous prot\u00e9ger contre le spam, veuillez r\u00e9pondre \u00e0 la question suivante\u00a0: <span class=\"wpcf7-form-control-wrap\" data-name=\"quiz-861\"><label><span class=\"wpcf7-quiz-label\">huit + trois = ? (nombre comme mot)<\/span> <input size=\"40\" class=\"wpcf7-form-control wpcf7-quiz\" autocomplete=\"off\" aria-required=\"true\" aria-invalid=\"false\" type=\"text\" name=\"quiz-861\" \/><\/label><input type=\"hidden\" name=\"_wpcf7_quiz_answer_quiz-861\" value=\"d2b7c29487ee5880eb26a733b420b8e8\" \/><\/span>\n\t<\/p>\n<\/div>\n<div id=\"anfrage\">\n\t<p><input class=\"wpcf7-form-control wpcf7-submit has-spinner\" type=\"submit\" value=\"Envoyer\" \/>\n\t<\/p>\n<\/div>\n<div class=\"form_spacer\">\n\t<p><span class=\"wpcf7-form-control-wrap\" data-name=\"acceptance-852\"><span class=\"wpcf7-form-control wpcf7-acceptance\"><span class=\"wpcf7-list-item\"><label><input type=\"checkbox\" name=\"acceptance-852\" value=\"1\" aria-invalid=\"false\" \/><span class=\"wpcf7-list-item-label\">Vous donnez votre accord pour que vos donn\u00e9es soient utilis\u00e9es pour le traitement de votre demande et d\u00e9clarez avoir pris connaissance de notre <a href=\"https:\/\/www.uretek.ch\/fr\/protection-des-donnees\/\" target=\"_blank\">d\u00e9claration de confidentialit\u00e9.<\/a> Vos donn\u00e9es de contact ne seront pas transmises \u00e0 des tiers.<\/span><\/label><\/span><\/span><\/span>\n\t<\/p>\n<\/div><div class=\"wpcf7-response-output\" aria-hidden=\"true\"><\/div>\n<\/form>\n<\/div>\n<\/div><\/div><\/div><div class=\"w-popup-closer\"><\/div><\/div><\/div><\/div><\/div><\/div><\/div><\/div><\/div><\/div><\/div><\/div><\/section>\n<\/div><\/div><\/div><\/div><\/div><\/section>\n","protected":false},"excerpt":{"rendered":"Projets de r\u00e9f\u00e9rence [vc_wp_custommenu nav_menu=\"18\"]Fissures? Tassements? B\u00e2timents bascul\u00e9s? Nos conseillers sont \u00e0 votre disposition T\u00e9l. 041 676 00 80 [vc_raw_js]JTNDc2NyaXB0JTNFJTBBZG9jdW1lbnQuYWRkRXZlbnRMaXN0ZW5lciUyOCUyMCUyN3dwY2Y3bWFpbHNlbnQlMjclMkMlMjBmdW5jdGlvbiUyOCUyMGV2ZW50JTIwJTI5JTIwJTdCJTBBJTIwJTIwJTIwJTIwbG9jYXRpb24lMjAlM0QlMjAlMjdodHRwcyUzQSUyRiUyRnd3dy51cmV0ZWsuY2glMkZmciUyRmNvbnRhY3QlMkZtZXJjaS1wb3VyLXZvdHJlLWRlbWFuZGUlMkYlMjclM0IlMEElN0QlMkMlMjBmYWxzZSUyMCUyOSUzQiUwQSUzQyUyRnNjcmlwdCUzRQ==[\/vc_raw_js]Conseil gratuit Consolidation du sol par injection de r\u00e9sine: B\u00e2timents commerciaux\/d\u2019habitation Lucerne: stabilisation d\u2019une maison de la vielle ville le long de la Reuss La propri\u00e9t\u00e9 se trouve au coeur de la vieille ville de Lucerne,...","protected":false},"author":1,"featured_media":0,"parent":2345,"menu_order":1,"comment_status":"closed","ping_status":"closed","template":"","meta":{"footnotes":""},"class_list":["post-2726","page","type-page","status-publish","hentry"],"yoast_head":"<!-- This site is optimized with the Yoast SEO plugin v23.0 - https:\/\/yoast.com\/wordpress\/plugins\/seo\/ -->\n<title>Consolidation du sous-sol de b\u00e2timents d\u2019habitations et commerciaux<\/title>\n<meta name=\"description\" content=\"Le proc\u00e9d\u00e9 d\u2019injection de r\u00e9sine URETEK convient parfaitement \u00e0 la stabilisation du sous-sol de b\u00e2timents d\u2019habitation et commerciaux.\" \/>\n<meta name=\"robots\" content=\"index, follow, max-snippet:-1, max-image-preview:large, max-video-preview:-1\" \/>\n<link rel=\"canonical\" href=\"https:\/\/www.uretek.ch\/fr\/projets-de-reference\/references-consolidation-du-sous-sol\/batiments-commerciaux-et-d-habitation\/\" \/>\n<meta property=\"og:locale\" content=\"fr_FR\" \/>\n<meta property=\"og:type\" content=\"article\" \/>\n<meta property=\"og:title\" content=\"Consolidation du sous-sol de b\u00e2timents d\u2019habitations et commerciaux\" \/>\n<meta property=\"og:description\" content=\"Le proc\u00e9d\u00e9 d\u2019injection de r\u00e9sine URETEK convient parfaitement \u00e0 la stabilisation du sous-sol de b\u00e2timents d\u2019habitation et commerciaux.\" \/>\n<meta property=\"og:url\" content=\"https:\/\/www.uretek.ch\/fr\/projets-de-reference\/references-consolidation-du-sous-sol\/batiments-commerciaux-et-d-habitation\/\" \/>\n<meta property=\"og:site_name\" content=\"URETEK Schweiz AG\" \/>\n<meta property=\"article:modified_time\" content=\"2024-05-14T14:31:30+00:00\" \/>\n<meta name=\"twitter:card\" content=\"summary_large_image\" \/>\n<meta name=\"twitter:label1\" content=\"Dur\u00e9e de lecture estim\u00e9e\" \/>\n\t<meta name=\"twitter:data1\" content=\"7 minutes\" \/>\n<script type=\"application\/ld+json\" class=\"yoast-schema-graph\">{\"@context\":\"https:\/\/schema.org\",\"@graph\":[{\"@type\":\"WebPage\",\"@id\":\"https:\/\/www.uretek.ch\/fr\/projets-de-reference\/references-consolidation-du-sous-sol\/batiments-commerciaux-et-d-habitation\/\",\"url\":\"https:\/\/www.uretek.ch\/fr\/projets-de-reference\/references-consolidation-du-sous-sol\/batiments-commerciaux-et-d-habitation\/\",\"name\":\"Consolidation du sous-sol de b\u00e2timents d\u2019habitations et commerciaux\",\"isPartOf\":{\"@id\":\"https:\/\/www.uretek.ch\/fr\/#website\"},\"datePublished\":\"2015-11-04T20:55:24+00:00\",\"dateModified\":\"2024-05-14T14:31:30+00:00\",\"description\":\"Le proc\u00e9d\u00e9 d\u2019injection de r\u00e9sine URETEK convient parfaitement \u00e0 la stabilisation du sous-sol de b\u00e2timents d\u2019habitation et commerciaux.\",\"breadcrumb\":{\"@id\":\"https:\/\/www.uretek.ch\/fr\/projets-de-reference\/references-consolidation-du-sous-sol\/batiments-commerciaux-et-d-habitation\/#breadcrumb\"},\"inLanguage\":\"fr-FR\",\"potentialAction\":[{\"@type\":\"ReadAction\",\"target\":[\"https:\/\/www.uretek.ch\/fr\/projets-de-reference\/references-consolidation-du-sous-sol\/batiments-commerciaux-et-d-habitation\/\"]}]},{\"@type\":\"BreadcrumbList\",\"@id\":\"https:\/\/www.uretek.ch\/fr\/projets-de-reference\/references-consolidation-du-sous-sol\/batiments-commerciaux-et-d-habitation\/#breadcrumb\",\"itemListElement\":[{\"@type\":\"ListItem\",\"position\":1,\"name\":\"Home\",\"item\":\"https:\/\/www.uretek.ch\/fr\/\"},{\"@type\":\"ListItem\",\"position\":2,\"name\":\"Projets de r\u00e9f\u00e9rence\",\"item\":\"https:\/\/www.uretek.ch\/fr\/projets-de-reference\/\"},{\"@type\":\"ListItem\",\"position\":3,\"name\":\"Consolidation du sous-sol\",\"item\":\"https:\/\/www.uretek.ch\/fr\/projets-de-reference\/references-consolidation-du-sous-sol\/\"},{\"@type\":\"ListItem\",\"position\":4,\"name\":\"B\u00e2timents commerciaux et d\u2019habitation\"}]},{\"@type\":\"WebSite\",\"@id\":\"https:\/\/www.uretek.ch\/fr\/#website\",\"url\":\"https:\/\/www.uretek.ch\/fr\/\",\"name\":\"URETEK Schweiz AG\",\"description\":\"\",\"potentialAction\":[{\"@type\":\"SearchAction\",\"target\":{\"@type\":\"EntryPoint\",\"urlTemplate\":\"https:\/\/www.uretek.ch\/fr\/?s={search_term_string}\"},\"query-input\":\"required name=search_term_string\"}],\"inLanguage\":\"fr-FR\"}]}<\/script>\n<!-- \/ Yoast SEO plugin. -->","yoast_head_json":{"title":"Consolidation du sous-sol de b\u00e2timents d\u2019habitations et commerciaux","description":"Le proc\u00e9d\u00e9 d\u2019injection de r\u00e9sine URETEK convient parfaitement \u00e0 la stabilisation du sous-sol de b\u00e2timents d\u2019habitation et commerciaux.","robots":{"index":"index","follow":"follow","max-snippet":"max-snippet:-1","max-image-preview":"max-image-preview:large","max-video-preview":"max-video-preview:-1"},"canonical":"https:\/\/www.uretek.ch\/fr\/projets-de-reference\/references-consolidation-du-sous-sol\/batiments-commerciaux-et-d-habitation\/","og_locale":"fr_FR","og_type":"article","og_title":"Consolidation du sous-sol de b\u00e2timents d\u2019habitations et commerciaux","og_description":"Le proc\u00e9d\u00e9 d\u2019injection de r\u00e9sine URETEK convient parfaitement \u00e0 la stabilisation du sous-sol de b\u00e2timents d\u2019habitation et commerciaux.","og_url":"https:\/\/www.uretek.ch\/fr\/projets-de-reference\/references-consolidation-du-sous-sol\/batiments-commerciaux-et-d-habitation\/","og_site_name":"URETEK Schweiz AG","article_modified_time":"2024-05-14T14:31:30+00:00","twitter_card":"summary_large_image","twitter_misc":{"Dur\u00e9e de lecture estim\u00e9e":"7 minutes"},"schema":{"@context":"https:\/\/schema.org","@graph":[{"@type":"WebPage","@id":"https:\/\/www.uretek.ch\/fr\/projets-de-reference\/references-consolidation-du-sous-sol\/batiments-commerciaux-et-d-habitation\/","url":"https:\/\/www.uretek.ch\/fr\/projets-de-reference\/references-consolidation-du-sous-sol\/batiments-commerciaux-et-d-habitation\/","name":"Consolidation du sous-sol de b\u00e2timents d\u2019habitations et commerciaux","isPartOf":{"@id":"https:\/\/www.uretek.ch\/fr\/#website"},"datePublished":"2015-11-04T20:55:24+00:00","dateModified":"2024-05-14T14:31:30+00:00","description":"Le proc\u00e9d\u00e9 d\u2019injection de r\u00e9sine URETEK convient parfaitement \u00e0 la stabilisation du sous-sol de b\u00e2timents d\u2019habitation et commerciaux.","breadcrumb":{"@id":"https:\/\/www.uretek.ch\/fr\/projets-de-reference\/references-consolidation-du-sous-sol\/batiments-commerciaux-et-d-habitation\/#breadcrumb"},"inLanguage":"fr-FR","potentialAction":[{"@type":"ReadAction","target":["https:\/\/www.uretek.ch\/fr\/projets-de-reference\/references-consolidation-du-sous-sol\/batiments-commerciaux-et-d-habitation\/"]}]},{"@type":"BreadcrumbList","@id":"https:\/\/www.uretek.ch\/fr\/projets-de-reference\/references-consolidation-du-sous-sol\/batiments-commerciaux-et-d-habitation\/#breadcrumb","itemListElement":[{"@type":"ListItem","position":1,"name":"Home","item":"https:\/\/www.uretek.ch\/fr\/"},{"@type":"ListItem","position":2,"name":"Projets de r\u00e9f\u00e9rence","item":"https:\/\/www.uretek.ch\/fr\/projets-de-reference\/"},{"@type":"ListItem","position":3,"name":"Consolidation du sous-sol","item":"https:\/\/www.uretek.ch\/fr\/projets-de-reference\/references-consolidation-du-sous-sol\/"},{"@type":"ListItem","position":4,"name":"B\u00e2timents commerciaux et d\u2019habitation"}]},{"@type":"WebSite","@id":"https:\/\/www.uretek.ch\/fr\/#website","url":"https:\/\/www.uretek.ch\/fr\/","name":"URETEK Schweiz AG","description":"","potentialAction":[{"@type":"SearchAction","target":{"@type":"EntryPoint","urlTemplate":"https:\/\/www.uretek.ch\/fr\/?s={search_term_string}"},"query-input":"required name=search_term_string"}],"inLanguage":"fr-FR"}]}},"_links":{"self":[{"href":"https:\/\/www.uretek.ch\/fr\/wp-json\/wp\/v2\/pages\/2726","targetHints":{"allow":["GET"]}}],"collection":[{"href":"https:\/\/www.uretek.ch\/fr\/wp-json\/wp\/v2\/pages"}],"about":[{"href":"https:\/\/www.uretek.ch\/fr\/wp-json\/wp\/v2\/types\/page"}],"author":[{"embeddable":true,"href":"https:\/\/www.uretek.ch\/fr\/wp-json\/wp\/v2\/users\/1"}],"replies":[{"embeddable":true,"href":"https:\/\/www.uretek.ch\/fr\/wp-json\/wp\/v2\/comments?post=2726"}],"version-history":[{"count":42,"href":"https:\/\/www.uretek.ch\/fr\/wp-json\/wp\/v2\/pages\/2726\/revisions"}],"predecessor-version":[{"id":33465,"href":"https:\/\/www.uretek.ch\/fr\/wp-json\/wp\/v2\/pages\/2726\/revisions\/33465"}],"up":[{"embeddable":true,"href":"https:\/\/www.uretek.ch\/fr\/wp-json\/wp\/v2\/pages\/2345"}],"wp:attachment":[{"href":"https:\/\/www.uretek.ch\/fr\/wp-json\/wp\/v2\/media?parent=2726"}],"curies":[{"name":"wp","href":"https:\/\/api.w.org\/{rel}","templated":true}]}}